{"id":264,"date":"2020-07-27T15:00:39","date_gmt":"2020-07-27T14:00:39","guid":{"rendered":"https:\/\/efa51.wordpress.com\/?page_id=264"},"modified":"2020-07-27T15:00:39","modified_gmt":"2020-07-27T14:00:39","slug":"les-livres","status":"publish","type":"page","link":"https:\/\/efa51.org\/index.php\/les-livres\/","title":{"rendered":"Les livres"},"content":{"rendered":"\n<p class=\"has-text-align-center has-background\" style=\"background-color:#98c273;\"><em>Les livres \u00e9dit\u00e9s par la f\u00e9d\u00e9ration Enfance et Familles d&rsquo;Adoption<\/em><\/p>\n\n\n\n<div class=\"wp-block-jetpack-layout-grid alignfull column1-desktop-grid__span-4 column1-desktop-grid__row-1 column2-desktop-grid__span-4 column2-desktop-grid__start-5 column2-desktop-grid__row-1 column3-desktop-grid__span-4 column3-desktop-grid__start-9 column3-desktop-grid__row-1 column1-tablet-grid__span-4 column1-tablet-grid__row-1 column2-tablet-grid__span-4 column2-tablet-grid__start-5 column2-tablet-grid__row-1 column3-tablet-grid__span-8 column3-tablet-grid__row-2 column1-mobile-grid__span-4 column1-mobile-grid__row-1 column2-mobile-grid__span-4 column2-mobile-grid__row-2 column3-mobile-grid__span-4 column3-mobile-grid__row-3 wp-block-jetpack-layout-gutter__nowrap\">\n<div class=\"wp-block-jetpack-layout-grid-column wp-block-jetpack-layout-grid__padding-none\">\n<div class=\"wp-block-image\"><figure class=\"aligncenter size-large is-resized\"><a href=\"https:\/\/www.adoptionefa.org\/boutique\/accueil-n-200-octobre-2021-adoption-et-racisme-parlons-en\/\"><img loading=\"lazy\" decoding=\"async\" src=\"http:\/\/efa51.org\/wp-content\/uploads\/2021\/12\/accueil_200.jpg?w=768\" alt=\"\" class=\"wp-image-967\" width=\"231\" height=\"294\" srcset=\"https:\/\/efa51.org\/wp-content\/uploads\/2021\/12\/accueil_200.jpg 768w, https:\/\/efa51.org\/wp-content\/uploads\/2021\/12\/accueil_200-235x300.jpg 235w\" sizes=\"auto, (max-width: 231px) 100vw, 231px\" \/><\/a><\/figure><\/div>\n<\/div>\n\n\n\n<div class=\"wp-block-jetpack-layout-grid-column wp-block-jetpack-layout-grid__padding-none\">\n<div class=\"wp-block-image\"><figure class=\"aligncenter size-medium\"><a href=\"https:\/\/www.adoptionefa.org\/boutique\/on-regardait-sapprocher-les-nuages-temoignage\/\"><img loading=\"lazy\" decoding=\"async\" width=\"401\" height=\"512\" src=\"https:\/\/efa51.files.wordpress.com\/2020\/07\/nuages-401x512-1-2.jpg?w=235\" alt=\"\" class=\"wp-image-397\" srcset=\"https:\/\/efa51.org\/wp-content\/uploads\/2020\/07\/nuages-401x512-1-2.jpg 401w, https:\/\/efa51.org\/wp-content\/uploads\/2020\/07\/nuages-401x512-1-2-235x300.jpg 235w\" sizes=\"auto, (max-width: 401px) 100vw, 401px\" \/><\/a><\/figure><\/div>\n<\/div>\n\n\n\n<div class=\"wp-block-jetpack-layout-grid-column wp-block-jetpack-layout-grid__padding-none\">\n<figure class=\"wp-block-image size-medium\"><a href=\"https:\/\/www.adoptionefa.org\/boutique\/parents-par-adoption-des-mots-pour-le-quotidien\/\"><img loading=\"lazy\" decoding=\"async\" width=\"401\" height=\"512\" src=\"https:\/\/efa51.files.wordpress.com\/2020\/07\/parentsparadoption_hamon_couv-401x512-1-2.jpg?w=235\" alt=\"\" class=\"wp-image-398\" srcset=\"https:\/\/efa51.org\/wp-content\/uploads\/2020\/07\/parentsparadoption_hamon_couv-401x512-1-2.jpg 401w, https:\/\/efa51.org\/wp-content\/uploads\/2020\/07\/parentsparadoption_hamon_couv-401x512-1-2-235x300.jpg 235w\" sizes=\"auto, (max-width: 401px) 100vw, 401px\" \/><\/a><\/figure>\n<\/div>\n<\/div>\n\n\n\n<hr class=\"wp-block-separator has-text-color has-background has-primary-background-color has-primary-color is-style-wide\" \/>\n\n\n\n<div class=\"wp-block-jetpack-layout-grid alignfull column1-desktop-grid__span-4 column1-desktop-grid__row-1 column2-desktop-grid__span-4 column2-desktop-grid__start-5 column2-desktop-grid__row-1 column3-desktop-grid__span-4 column3-desktop-grid__start-9 column3-desktop-grid__row-1 column1-tablet-grid__span-4 column1-tablet-grid__row-1 column2-tablet-grid__span-4 column2-tablet-grid__start-5 column2-tablet-grid__row-1 column3-tablet-grid__span-8 column3-tablet-grid__row-2 column1-mobile-grid__span-4 column1-mobile-grid__row-1 column2-mobile-grid__span-4 column2-mobile-grid__row-2 column3-mobile-grid__span-4 column3-mobile-grid__row-3 wp-block-jetpack-layout-gutter__nowrap\">\n<div class=\"wp-block-jetpack-layout-grid-column wp-block-jetpack-layout-grid__padding-none\">\n<figure class=\"wp-block-image size-medium\"><a href=\"https:\/\/www.adoptionefa.org\/boutique\/separation-attachement-creation-de-liens-dans-la-famille-adoptive\/\"><img loading=\"lazy\" decoding=\"async\" width=\"401\" height=\"512\" src=\"https:\/\/efa51.files.wordpress.com\/2020\/07\/separation-401x512-1-1.jpg?w=235\" alt=\"\" class=\"wp-image-400\" srcset=\"https:\/\/efa51.org\/wp-content\/uploads\/2020\/07\/separation-401x512-1-1.jpg 401w, https:\/\/efa51.org\/wp-content\/uploads\/2020\/07\/separation-401x512-1-1-235x300.jpg 235w\" sizes=\"auto, (max-width: 401px) 100vw, 401px\" \/><\/a><\/figure>\n<\/div>\n\n\n\n<div class=\"wp-block-jetpack-layout-grid-column wp-block-jetpack-layout-grid__padding-none\">\n<figure class=\"wp-block-image size-medium\"><a href=\"https:\/\/www.adoptionefa.org\/boutique\/evaluer-ladoptabilite-la-question-du-projet-de-vie-de-lenfant\/\"><img loading=\"lazy\" decoding=\"async\" width=\"407\" height=\"550\" src=\"https:\/\/efa51.files.wordpress.com\/2020\/07\/adoptabiliteslaquestionduprojetdelenfant.jpg?w=222\" alt=\"\" class=\"wp-image-402\" srcset=\"https:\/\/efa51.org\/wp-content\/uploads\/2020\/07\/adoptabiliteslaquestionduprojetdelenfant.jpg 407w, https:\/\/efa51.org\/wp-content\/uploads\/2020\/07\/adoptabiliteslaquestionduprojetdelenfant-222x300.jpg 222w\" sizes=\"auto, (max-width: 407px) 100vw, 407px\" \/><\/a><\/figure>\n\n\n\n<p><\/p>\n<\/div>\n\n\n\n<div class=\"wp-block-jetpack-layout-grid-column wp-block-jetpack-layout-grid__padding-none\">\n<figure class=\"wp-block-image size-medium\"><a href=\"https:\/\/www.adoptionefa.org\/boutique\/ton-histoire-tes-origines-et-les-reseaux-sociaux\/\"><img loading=\"lazy\" decoding=\"async\" width=\"407\" height=\"512\" src=\"https:\/\/efa51.files.wordpress.com\/2020\/07\/tonhistoiretesoriginesetlesreseauxsociaux.jpg?w=238\" alt=\"\" class=\"wp-image-403\" srcset=\"https:\/\/efa51.org\/wp-content\/uploads\/2020\/07\/tonhistoiretesoriginesetlesreseauxsociaux.jpg 407w, https:\/\/efa51.org\/wp-content\/uploads\/2020\/07\/tonhistoiretesoriginesetlesreseauxsociaux-238x300.jpg 238w\" sizes=\"auto, (max-width: 407px) 100vw, 407px\" \/><\/a><\/figure>\n<\/div>\n<\/div>\n\n\n\n<hr class=\"wp-block-separator has-text-color has-background has-primary-background-color has-primary-color is-style-wide\" \/>\n\n\n\n<div class=\"wp-block-jetpack-layout-grid alignfull column1-desktop-grid__span-4 column1-desktop-grid__row-1 column2-desktop-grid__span-4 column2-desktop-grid__start-5 column2-desktop-grid__row-1 column3-desktop-grid__span-4 column3-desktop-grid__start-9 column3-desktop-grid__row-1 column1-tablet-grid__span-4 column1-tablet-grid__row-1 column2-tablet-grid__span-4 column2-tablet-grid__start-5 column2-tablet-grid__row-1 column3-tablet-grid__span-8 column3-tablet-grid__row-2 column1-mobile-grid__span-4 column1-mobile-grid__row-1 column2-mobile-grid__span-4 column2-mobile-grid__row-2 column3-mobile-grid__span-4 column3-mobile-grid__row-3 wp-block-jetpack-layout-gutter__nowrap\">\n<div class=\"wp-block-jetpack-layout-grid-column wp-block-jetpack-layout-grid__padding-none\">\n<figure class=\"wp-block-image size-medium\"><a href=\"https:\/\/www.adoptionefa.org\/boutique\/guide-de-la-sante-a-lusage-des-professionnels-de-la-sante\/\"><img loading=\"lazy\" decoding=\"async\" width=\"407\" height=\"570\" src=\"https:\/\/efa51.files.wordpress.com\/2020\/07\/guidesantefamilleprofessionnels.jpg?w=214\" alt=\"\" class=\"wp-image-405\" srcset=\"https:\/\/efa51.org\/wp-content\/uploads\/2020\/07\/guidesantefamilleprofessionnels.jpg 407w, https:\/\/efa51.org\/wp-content\/uploads\/2020\/07\/guidesantefamilleprofessionnels-214x300.jpg 214w\" sizes=\"auto, (max-width: 407px) 100vw, 407px\" \/><\/a><\/figure>\n<\/div>\n\n\n\n<div class=\"wp-block-jetpack-layout-grid-column wp-block-jetpack-layout-grid__padding-none\">\n<figure class=\"wp-block-image size-medium\"><a href=\"https:\/\/www.adoptionefa.org\/boutique\/le-guide-a-lintention-des-enseignants\/\"><img loading=\"lazy\" decoding=\"async\" width=\"1178\" height=\"1682\" src=\"https:\/\/efa51.files.wordpress.com\/2020\/07\/guidescolarite.jpg?w=210\" alt=\"\" class=\"wp-image-406\" srcset=\"https:\/\/efa51.org\/wp-content\/uploads\/2020\/07\/guidescolarite.jpg 1178w, https:\/\/efa51.org\/wp-content\/uploads\/2020\/07\/guidescolarite-210x300.jpg 210w, https:\/\/efa51.org\/wp-content\/uploads\/2020\/07\/guidescolarite-717x1024.jpg 717w, https:\/\/efa51.org\/wp-content\/uploads\/2020\/07\/guidescolarite-768x1097.jpg 768w, https:\/\/efa51.org\/wp-content\/uploads\/2020\/07\/guidescolarite-1076x1536.jpg 1076w\" sizes=\"auto, (max-width: 1178px) 100vw, 1178px\" \/><\/a><\/figure>\n\n\n\n<p><\/p>\n<\/div>\n\n\n\n<div class=\"wp-block-jetpack-layout-grid-column wp-block-jetpack-layout-grid__padding-none\">\n<figure class=\"wp-block-image size-medium\"><a href=\"https:\/\/www.adoptionefa.org\/boutique\/etude-le-devenir-des-jeunes-ayant-grandi-dans-une-famille-adoptive\/\"><img loading=\"lazy\" decoding=\"async\" width=\"407\" height=\"539\" src=\"https:\/\/efa51.files.wordpress.com\/2020\/07\/synthese_enquete_2015.jpg?w=227\" alt=\"\" class=\"wp-image-407\" srcset=\"https:\/\/efa51.org\/wp-content\/uploads\/2020\/07\/synthese_enquete_2015.jpg 407w, https:\/\/efa51.org\/wp-content\/uploads\/2020\/07\/synthese_enquete_2015-227x300.jpg 227w\" sizes=\"auto, (max-width: 407px) 100vw, 407px\" \/><\/a><\/figure>\n<\/div>\n<\/div>\n\n\n\n<hr class=\"wp-block-separator has-text-color has-background has-primary-background-color has-primary-color is-style-wide\" \/>\n\n\n\n<div class=\"wp-block-jetpack-layout-grid alignfull column1-desktop-grid__span-4 column1-desktop-grid__row-1 column2-desktop-grid__span-4 column2-desktop-grid__start-5 column2-desktop-grid__row-1 column3-desktop-grid__span-4 column3-desktop-grid__start-9 column3-desktop-grid__row-1 column1-tablet-grid__span-4 column1-tablet-grid__row-1 column2-tablet-grid__span-4 column2-tablet-grid__start-5 column2-tablet-grid__row-1 column3-tablet-grid__span-8 column3-tablet-grid__row-2 column1-mobile-grid__span-4 column1-mobile-grid__row-1 column2-mobile-grid__span-4 column2-mobile-grid__row-2 column3-mobile-grid__span-4 column3-mobile-grid__row-3 wp-block-jetpack-layout-gutter__nowrap\">\n<div class=\"wp-block-jetpack-layout-grid-column wp-block-jetpack-layout-grid__padding-none\">\n<figure class=\"wp-block-image size-medium\"><a href=\"https:\/\/www.adoptionefa.org\/boutique\/ladoption-denfants-porteurs-de-pathologie-ou-de-handicap\/\"><img loading=\"lazy\" decoding=\"async\" width=\"407\" height=\"558\" src=\"https:\/\/efa51.files.wordpress.com\/2020\/07\/l_enfant_porteur_de_handicap_v2.jpg?w=219\" alt=\"\" class=\"wp-image-409\" srcset=\"https:\/\/efa51.org\/wp-content\/uploads\/2020\/07\/l_enfant_porteur_de_handicap_v2.jpg 407w, https:\/\/efa51.org\/wp-content\/uploads\/2020\/07\/l_enfant_porteur_de_handicap_v2-219x300.jpg 219w\" sizes=\"auto, (max-width: 407px) 100vw, 407px\" \/><\/a><\/figure>\n<\/div>\n\n\n\n<div class=\"wp-block-jetpack-layout-grid-column wp-block-jetpack-layout-grid__padding-none\">\n<p><\/p>\n<\/div>\n\n\n\n<div class=\"wp-block-jetpack-layout-grid-column wp-block-jetpack-layout-grid__padding-none\"><\/div>\n<\/div>\n\n\n\n<p class=\"has-text-align-center has-background\" style=\"background-color:#98c273;\"><em>Les livres t\u00e9moignages documentaires ou romanc\u00e9s<\/em><\/p>\n\n\n\n<div class=\"wp-block-jetpack-layout-grid alignfull column1-desktop-grid__span-3 column1-desktop-grid__row-1 column2-desktop-grid__span-4 column2-desktop-grid__start-5 column2-desktop-grid__row-1 column3-desktop-grid__span-4 column3-desktop-grid__start-9 column3-desktop-grid__row-1 column1-tablet-grid__span-4 column1-tablet-grid__row-1 column2-tablet-grid__span-4 column2-tablet-grid__start-5 column2-tablet-grid__row-1 column3-tablet-grid__span-8 column3-tablet-grid__row-2 column1-mobile-grid__span-4 column1-mobile-grid__row-1 column2-mobile-grid__span-4 column2-mobile-grid__row-2 column3-mobile-grid__span-4 column3-mobile-grid__row-3 wp-block-jetpack-layout-gutter__nowrap\">\n<div class=\"wp-block-jetpack-layout-grid-column wp-block-jetpack-layout-grid__padding-none\">\n<div class=\"wp-block-image\"><figure class=\"aligncenter size-large is-resized\"><a href=\"https:\/\/www.editionsladecouverte.fr\/une_poupee_en_chocolat-9782348055805\"><img loading=\"lazy\" decoding=\"async\" src=\"http:\/\/efa51.org\/wp-content\/uploads\/2021\/11\/unepoupeeenchocolat_amandinegay.jpg?w=699\" alt=\"\" class=\"wp-image-922\" width=\"228\" height=\"335\" srcset=\"https:\/\/efa51.org\/wp-content\/uploads\/2021\/11\/unepoupeeenchocolat_amandinegay.jpg 800w, https:\/\/efa51.org\/wp-content\/uploads\/2021\/11\/unepoupeeenchocolat_amandinegay-205x300.jpg 205w, https:\/\/efa51.org\/wp-content\/uploads\/2021\/11\/unepoupeeenchocolat_amandinegay-699x1024.jpg 699w, https:\/\/efa51.org\/wp-content\/uploads\/2021\/11\/unepoupeeenchocolat_amandinegay-768x1125.jpg 768w\" sizes=\"auto, (max-width: 228px) 100vw, 228px\" \/><\/a><\/figure><\/div>\n<\/div>\n\n\n\n<div class=\"wp-block-jetpack-layout-grid-column wp-block-jetpack-layout-grid__padding-none\">\n<div class=\"wp-block-image\"><figure class=\"aligncenter size-large\"><a href=\"https:\/\/www.leseditionsdunet.com\/autobiographie\/7127-itineraire-d-un-enfant-adopte-cyrille-jacques-9782312076102.html\"><img loading=\"lazy\" decoding=\"async\" width=\"312\" height=\"477\" src=\"http:\/\/efa51.org\/wp-content\/uploads\/2021\/11\/itineraire-d-un-enfant-adopte-cyrille-jacques.jpg?w=312\" alt=\"\" class=\"wp-image-924\" srcset=\"https:\/\/efa51.org\/wp-content\/uploads\/2021\/11\/itineraire-d-un-enfant-adopte-cyrille-jacques.jpg 312w, https:\/\/efa51.org\/wp-content\/uploads\/2021\/11\/itineraire-d-un-enfant-adopte-cyrille-jacques-196x300.jpg 196w\" sizes=\"auto, (max-width: 312px) 100vw, 312px\" \/><\/a><\/figure><\/div>\n\n\n\n<p><\/p>\n<\/div>\n\n\n\n<div class=\"wp-block-jetpack-layout-grid-column wp-block-jetpack-layout-grid__padding-none\">\n<div class=\"wp-block-image\"><figure class=\"aligncenter size-large is-resized\"><a href=\"https:\/\/www.editions-delcourt.fr\/bd\/series\/serie-le-bourdonnement-d-un-moustique\/album-le-bourdonnement-d-un-moustique\"><img loading=\"lazy\" decoding=\"async\" src=\"http:\/\/efa51.org\/wp-content\/uploads\/2021\/11\/lebourdonnementdunmoustique_ferraris.jpeg?w=265\" alt=\"\" class=\"wp-image-928\" width=\"317\" height=\"421\" srcset=\"https:\/\/efa51.org\/wp-content\/uploads\/2021\/11\/lebourdonnementdunmoustique_ferraris.jpeg 265w, https:\/\/efa51.org\/wp-content\/uploads\/2021\/11\/lebourdonnementdunmoustique_ferraris-226x300.jpeg 226w\" sizes=\"auto, (max-width: 317px) 100vw, 317px\" \/><\/a><\/figure><\/div>\n<\/div>\n<\/div>\n\n\n\n<div class=\"wp-block-jetpack-layout-grid alignfull column1-desktop-grid__span-4 column1-desktop-grid__row-1 column2-desktop-grid__span-4 column2-desktop-grid__start-5 column2-desktop-grid__row-1 column3-desktop-grid__span-4 column3-desktop-grid__start-9 column3-desktop-grid__row-1 column1-tablet-grid__span-4 column1-tablet-grid__row-1 column2-tablet-grid__span-4 column2-tablet-grid__start-5 column2-tablet-grid__row-1 column3-tablet-grid__span-8 column3-tablet-grid__row-2 column1-mobile-grid__span-4 column1-mobile-grid__row-1 column2-mobile-grid__span-4 column2-mobile-grid__row-2 column3-mobile-grid__span-4 column3-mobile-grid__row-3 wp-block-jetpack-layout-gutter__nowrap\">\n<div class=\"wp-block-jetpack-layout-grid-column wp-block-jetpack-layout-grid__padding-none\">\n<figure class=\"wp-block-image size-medium\"><a href=\"https:\/\/www.editions-baudelaire.com\/auteur\/julie-foulon\/sara-et-tsega\/\"><img loading=\"lazy\" decoding=\"async\" width=\"400\" height=\"560\" src=\"https:\/\/efa51.files.wordpress.com\/2020\/09\/saraettsega_juliefoulon.jpg?w=214\" alt=\"\" class=\"wp-image-683\" srcset=\"https:\/\/efa51.org\/wp-content\/uploads\/2020\/09\/saraettsega_juliefoulon.jpg 400w, https:\/\/efa51.org\/wp-content\/uploads\/2020\/09\/saraettsega_juliefoulon-214x300.jpg 214w\" sizes=\"auto, (max-width: 400px) 100vw, 400px\" \/><\/a><\/figure>\n<\/div>\n\n\n\n<div class=\"wp-block-jetpack-layout-grid-column wp-block-jetpack-layout-grid__padding-none\">\n<figure class=\"wp-block-image size-medium\"><a href=\"http:\/\/www.editionslesliensquiliberent.fr\/livre-Mauvaise_M%C3%A8re-472-1-1-0-1.html\"><img loading=\"lazy\" decoding=\"async\" width=\"377\" height=\"570\" src=\"https:\/\/efa51.files.wordpress.com\/2020\/09\/mauvaisemere.png?w=198\" alt=\"\" class=\"wp-image-684\" srcset=\"https:\/\/efa51.org\/wp-content\/uploads\/2020\/09\/mauvaisemere.png 377w, https:\/\/efa51.org\/wp-content\/uploads\/2020\/09\/mauvaisemere-198x300.png 198w\" sizes=\"auto, (max-width: 377px) 100vw, 377px\" \/><\/a><\/figure>\n\n\n\n<p><\/p>\n<\/div>\n\n\n\n<div class=\"wp-block-jetpack-layout-grid-column wp-block-jetpack-layout-grid__padding-none\">\n<figure class=\"wp-block-image size-medium\"><a href=\"https:\/\/www.amazon.fr\/Demain-vais-rencontrer-Sandra-Racine\/dp\/B00EJ4IRPS\/ref=sr_1_1?__mk_fr_FR=%C3%85M%C3%85%C5%BD%C3%95%C3%91&amp;dchild=1&amp;keywords=C%C3%A9cile+fevrier&amp;qid=1601245393&amp;sr=8-1\"><img loading=\"lazy\" decoding=\"async\" width=\"351\" height=\"499\" src=\"https:\/\/efa51.files.wordpress.com\/2020\/09\/demainjevaisrencontrermamere.jpg?w=211\" alt=\"\" class=\"wp-image-685\" srcset=\"https:\/\/efa51.org\/wp-content\/uploads\/2020\/09\/demainjevaisrencontrermamere.jpg 351w, https:\/\/efa51.org\/wp-content\/uploads\/2020\/09\/demainjevaisrencontrermamere-211x300.jpg 211w\" sizes=\"auto, (max-width: 351px) 100vw, 351px\" \/><\/a><\/figure>\n<\/div>\n<\/div>\n\n\n\n<div class=\"wp-block-jetpack-layout-grid alignfull column1-desktop-grid__span-4 column1-desktop-grid__row-1 column2-desktop-grid__span-4 column2-desktop-grid__start-5 column2-desktop-grid__row-1 column3-desktop-grid__span-4 column3-desktop-grid__start-9 column3-desktop-grid__row-1 column1-tablet-grid__span-4 column1-tablet-grid__row-1 column2-tablet-grid__span-4 column2-tablet-grid__start-5 column2-tablet-grid__row-1 column3-tablet-grid__span-8 column3-tablet-grid__row-2 column1-mobile-grid__span-4 column1-mobile-grid__row-1 column2-mobile-grid__span-4 column2-mobile-grid__row-2 column3-mobile-grid__span-4 column3-mobile-grid__row-3 wp-block-jetpack-layout-gutter__nowrap\">\n<div class=\"wp-block-jetpack-layout-grid-column wp-block-jetpack-layout-grid__padding-none\">\n<div class=\"wp-block-image\"><figure class=\"aligncenter size-medium\"><a href=\"https:\/\/www.amazon.fr\/Jai-%C3%A9t%C3%A9-vol%C3%A9e-mes-parents\/dp\/2080690833\"><img loading=\"lazy\" decoding=\"async\" width=\"313\" height=\"500\" src=\"https:\/\/efa51.files.wordpress.com\/2020\/09\/jaietevoleeamesparents.jpg?w=188\" alt=\"\" class=\"wp-image-686\" srcset=\"https:\/\/efa51.org\/wp-content\/uploads\/2020\/09\/jaietevoleeamesparents.jpg 313w, https:\/\/efa51.org\/wp-content\/uploads\/2020\/09\/jaietevoleeamesparents-188x300.jpg 188w\" sizes=\"auto, (max-width: 313px) 100vw, 313px\" \/><\/a><\/figure><\/div>\n<\/div>\n\n\n\n<div class=\"wp-block-jetpack-layout-grid-column wp-block-jetpack-layout-grid__padding-none\">\n<div class=\"wp-block-image\"><figure class=\"aligncenter size-large\"><img loading=\"lazy\" decoding=\"async\" width=\"195\" height=\"306\" src=\"https:\/\/efa51.files.wordpress.com\/2021\/02\/bluebird.jpg?w=195\" alt=\"\" class=\"wp-image-761\" srcset=\"https:\/\/efa51.org\/wp-content\/uploads\/2021\/02\/bluebird.jpg 195w, https:\/\/efa51.org\/wp-content\/uploads\/2021\/02\/bluebird-191x300.jpg 191w\" sizes=\"auto, (max-width: 195px) 100vw, 195px\" \/><\/figure><\/div>\n<\/div>\n\n\n\n<div class=\"wp-block-jetpack-layout-grid-column wp-block-jetpack-layout-grid__padding-none\">\n<div class=\"wp-block-image\"><figure class=\"aligncenter size-medium\"><a href=\"https:\/\/www.editionsdelaremanence.fr\/livre\/une-adoption-particuliere\/\"><img loading=\"lazy\" decoding=\"async\" width=\"525\" height=\"879\" src=\"http:\/\/efa51.org\/wp-content\/uploads\/2021\/03\/une-adoptionparticuliere.png?w=179\" alt=\"\" class=\"wp-image-881\" srcset=\"https:\/\/efa51.org\/wp-content\/uploads\/2021\/03\/une-adoptionparticuliere.png 525w, https:\/\/efa51.org\/wp-content\/uploads\/2021\/03\/une-adoptionparticuliere-179x300.png 179w\" sizes=\"auto, (max-width: 525px) 100vw, 525px\" \/><\/a><\/figure><\/div>\n<\/div>\n<\/div>\n\n\n\n<div class=\"wp-block-jetpack-layout-grid alignfull column1-desktop-grid__span-4 column1-desktop-grid__row-1 column2-desktop-grid__span-4 column2-desktop-grid__start-5 column2-desktop-grid__row-1 column3-desktop-grid__span-4 column3-desktop-grid__start-9 column3-desktop-grid__row-1 column1-tablet-grid__span-4 column1-tablet-grid__row-1 column2-tablet-grid__span-4 column2-tablet-grid__start-5 column2-tablet-grid__row-1 column3-tablet-grid__span-8 column3-tablet-grid__row-2 column1-mobile-grid__span-4 column1-mobile-grid__row-1 column2-mobile-grid__span-4 column2-mobile-grid__row-2 column3-mobile-grid__span-4 column3-mobile-grid__row-3 wp-block-jetpack-layout-gutter__nowrap\">\n<div class=\"wp-block-jetpack-layout-grid-column wp-block-jetpack-layout-grid__padding-none\">\n<div class=\"wp-block-image\"><figure class=\"aligncenter size-medium\"><a href=\"https:\/\/www.mollat.com\/livres\/2227650\/manuelle-alix-surprenant-la-couleur-de-l-adoption\"><img loading=\"lazy\" decoding=\"async\" width=\"407\" height=\"522\" src=\"https:\/\/efa51.files.wordpress.com\/2020\/07\/couleur_adoption.jpg?w=234\" alt=\"\" class=\"wp-image-416\" srcset=\"https:\/\/efa51.org\/wp-content\/uploads\/2020\/07\/couleur_adoption.jpg 407w, https:\/\/efa51.org\/wp-content\/uploads\/2020\/07\/couleur_adoption-234x300.jpg 234w\" sizes=\"auto, (max-width: 407px) 100vw, 407px\" \/><\/a><\/figure><\/div>\n<\/div>\n\n\n\n<div class=\"wp-block-jetpack-layout-grid-column wp-block-jetpack-layout-grid__padding-none\">\n<div class=\"wp-block-image\"><figure class=\"aligncenter size-medium\"><a href=\"https:\/\/www.adoptionefa.org\/boutique\/pascale-lemare-etre-a-sa-place-parcours-denfants-places-devenus-grands-lharmattan-2018\/\"><img loading=\"lazy\" decoding=\"async\" width=\"407\" height=\"515\" src=\"https:\/\/efa51.files.wordpress.com\/2020\/07\/place_temoignage.jpg?w=237\" alt=\"\" class=\"wp-image-417\" srcset=\"https:\/\/efa51.org\/wp-content\/uploads\/2020\/07\/place_temoignage.jpg 407w, https:\/\/efa51.org\/wp-content\/uploads\/2020\/07\/place_temoignage-237x300.jpg 237w\" sizes=\"auto, (max-width: 407px) 100vw, 407px\" \/><\/a><\/figure><\/div>\n\n\n\n<p><\/p>\n<\/div>\n\n\n\n<div class=\"wp-block-jetpack-layout-grid-column wp-block-jetpack-layout-grid__padding-none\">\n<div class=\"wp-block-image\"><figure class=\"aligncenter size-medium\"><a href=\"https:\/\/iss-ssi.org\/images\/News\/ISS_GuideOrigins_FRA.pdf\"><img loading=\"lazy\" decoding=\"async\" width=\"407\" height=\"512\" src=\"https:\/\/efa51.files.wordpress.com\/2020\/07\/guide_origines_ssi_filiation.jpg?w=238\" alt=\"\" class=\"wp-image-418\" srcset=\"https:\/\/efa51.org\/wp-content\/uploads\/2020\/07\/guide_origines_ssi_filiation.jpg 407w, https:\/\/efa51.org\/wp-content\/uploads\/2020\/07\/guide_origines_ssi_filiation-238x300.jpg 238w\" sizes=\"auto, (max-width: 407px) 100vw, 407px\" \/><\/a><\/figure><\/div>\n<\/div>\n<\/div>\n\n\n\n<div class=\"wp-block-jetpack-layout-grid alignfull column1-desktop-grid__span-4 column1-desktop-grid__row-1 column2-desktop-grid__span-4 column2-desktop-grid__start-5 column2-desktop-grid__row-1 column3-desktop-grid__span-4 column3-desktop-grid__start-9 column3-desktop-grid__row-1 column1-tablet-grid__span-4 column1-tablet-grid__row-1 column2-tablet-grid__span-4 column2-tablet-grid__start-5 column2-tablet-grid__row-1 column3-tablet-grid__span-8 column3-tablet-grid__row-2 column1-mobile-grid__span-4 column1-mobile-grid__row-1 column2-mobile-grid__span-4 column2-mobile-grid__row-2 column3-mobile-grid__span-4 column3-mobile-grid__row-3 wp-block-jetpack-layout-gutter__nowrap\">\n<div class=\"wp-block-jetpack-layout-grid-column wp-block-jetpack-layout-grid__padding-none\">\n<div class=\"wp-block-image\"><figure class=\"aligncenter size-medium\"><a href=\"https:\/\/www.adoptionefa.org\/boutique\/xavier-de-moulins-les-hautes-lumieres-jc-lattes-2017\/\"><img loading=\"lazy\" decoding=\"async\" width=\"407\" height=\"512\" src=\"https:\/\/efa51.files.wordpress.com\/2020\/08\/hautes_lumieres_roman.pjg_.jpg?w=238\" alt=\"\" class=\"wp-image-422\" srcset=\"https:\/\/efa51.org\/wp-content\/uploads\/2020\/08\/hautes_lumieres_roman.pjg_.jpg 407w, https:\/\/efa51.org\/wp-content\/uploads\/2020\/08\/hautes_lumieres_roman.pjg_-238x300.jpg 238w\" sizes=\"auto, (max-width: 407px) 100vw, 407px\" \/><\/a><\/figure><\/div>\n<\/div>\n\n\n\n<div class=\"wp-block-jetpack-layout-grid-column wp-block-jetpack-layout-grid__padding-none\">\n<div class=\"wp-block-image\"><figure class=\"aligncenter size-medium\"><a href=\"https:\/\/www.adoptionefa.org\/boutique\/helene-delhamende-la-maison-de-lautre-cote-du-lac-edilivre-2017\/\"><img loading=\"lazy\" decoding=\"async\" width=\"407\" height=\"513\" src=\"https:\/\/efa51.files.wordpress.com\/2020\/08\/maison_lac_roman.jpg?w=238\" alt=\"\" class=\"wp-image-424\" srcset=\"https:\/\/efa51.org\/wp-content\/uploads\/2020\/08\/maison_lac_roman.jpg 407w, https:\/\/efa51.org\/wp-content\/uploads\/2020\/08\/maison_lac_roman-238x300.jpg 238w\" sizes=\"auto, (max-width: 407px) 100vw, 407px\" \/><\/a><\/figure><\/div>\n\n\n\n<p><\/p>\n<\/div>\n\n\n\n<div class=\"wp-block-jetpack-layout-grid-column wp-block-jetpack-layout-grid__padding-none\">\n<div class=\"wp-block-image\"><figure class=\"aligncenter size-medium\"><a href=\"https:\/\/www.adoptionefa.org\/boutique\/pourquoi-etre-heureux-quand-on-peut-etre-normal-2012\/\"><img loading=\"lazy\" decoding=\"async\" width=\"407\" height=\"552\" src=\"https:\/\/efa51.files.wordpress.com\/2020\/08\/heureux.jpg?w=221\" alt=\"\" class=\"wp-image-425\" srcset=\"https:\/\/efa51.org\/wp-content\/uploads\/2020\/08\/heureux.jpg 407w, https:\/\/efa51.org\/wp-content\/uploads\/2020\/08\/heureux-221x300.jpg 221w\" sizes=\"auto, (max-width: 407px) 100vw, 407px\" \/><\/a><\/figure><\/div>\n<\/div>\n<\/div>\n\n\n\n<div class=\"wp-block-jetpack-layout-grid alignfull column1-desktop-grid__span-4 column1-desktop-grid__row-1 column2-desktop-grid__span-4 column2-desktop-grid__start-5 column2-desktop-grid__row-1 column3-desktop-grid__span-4 column3-desktop-grid__start-9 column3-desktop-grid__row-1 column1-tablet-grid__span-4 column1-tablet-grid__row-1 column2-tablet-grid__span-4 column2-tablet-grid__start-5 column2-tablet-grid__row-1 column3-tablet-grid__span-8 column3-tablet-grid__row-2 column1-mobile-grid__span-4 column1-mobile-grid__row-1 column2-mobile-grid__span-4 column2-mobile-grid__row-2 column3-mobile-grid__span-4 column3-mobile-grid__row-3 wp-block-jetpack-layout-gutter__nowrap\">\n<div class=\"wp-block-jetpack-layout-grid-column wp-block-jetpack-layout-grid__padding-none\">\n<div class=\"wp-block-image\"><figure class=\"aligncenter size-medium\"><a href=\"https:\/\/www.adoptionefa.org\/boutique\/messages-de-meres-inconnues-2011\/\"><img loading=\"lazy\" decoding=\"async\" width=\"407\" height=\"563\" src=\"https:\/\/efa51.files.wordpress.com\/2020\/08\/inconnues.jpg?w=217\" alt=\"\" class=\"wp-image-426\" srcset=\"https:\/\/efa51.org\/wp-content\/uploads\/2020\/08\/inconnues.jpg 407w, https:\/\/efa51.org\/wp-content\/uploads\/2020\/08\/inconnues-217x300.jpg 217w\" sizes=\"auto, (max-width: 407px) 100vw, 407px\" \/><\/a><\/figure><\/div>\n<\/div>\n\n\n\n<div class=\"wp-block-jetpack-layout-grid-column wp-block-jetpack-layout-grid__padding-none\">\n<div class=\"wp-block-image\"><figure class=\"aligncenter size-medium\"><a href=\"https:\/\/www.adoptionefa.org\/boutique\/une-question-dage-2005\/\"><img loading=\"lazy\" decoding=\"async\" width=\"407\" height=\"570\" src=\"https:\/\/efa51.files.wordpress.com\/2020\/08\/age.jpg?w=214\" alt=\"\" class=\"wp-image-428\" srcset=\"https:\/\/efa51.org\/wp-content\/uploads\/2020\/08\/age.jpg 407w, https:\/\/efa51.org\/wp-content\/uploads\/2020\/08\/age-214x300.jpg 214w\" sizes=\"auto, (max-width: 407px) 100vw, 407px\" \/><\/a><\/figure><\/div>\n\n\n\n<p><\/p>\n<\/div>\n\n\n\n<div class=\"wp-block-jetpack-layout-grid-column wp-block-jetpack-layout-grid__padding-none\">\n<div class=\"wp-block-image\"><figure class=\"aligncenter size-medium\"><a href=\"https:\/\/www.adoptionefa.org\/boutique\/mudwoman-2013\/\"><img loading=\"lazy\" decoding=\"async\" width=\"407\" height=\"569\" src=\"https:\/\/efa51.files.wordpress.com\/2020\/08\/mudwoman-1.jpg?w=215\" alt=\"\" class=\"wp-image-429\" srcset=\"https:\/\/efa51.org\/wp-content\/uploads\/2020\/08\/mudwoman-1.jpg 407w, https:\/\/efa51.org\/wp-content\/uploads\/2020\/08\/mudwoman-1-215x300.jpg 215w\" sizes=\"auto, (max-width: 407px) 100vw, 407px\" \/><\/a><\/figure><\/div>\n\n\n\n<p><\/p>\n<\/div>\n<\/div>\n\n\n\n<div class=\"wp-block-jetpack-layout-grid alignfull column1-desktop-grid__span-4 column1-desktop-grid__row-1 column2-desktop-grid__span-4 column2-desktop-grid__start-5 column2-desktop-grid__row-1 column3-desktop-grid__span-4 column3-desktop-grid__start-9 column3-desktop-grid__row-1 column1-tablet-grid__span-4 column1-tablet-grid__row-1 column2-tablet-grid__span-4 column2-tablet-grid__start-5 column2-tablet-grid__row-1 column3-tablet-grid__span-8 column3-tablet-grid__row-2 column1-mobile-grid__span-4 column1-mobile-grid__row-1 column2-mobile-grid__span-4 column2-mobile-grid__row-2 column3-mobile-grid__span-4 column3-mobile-grid__row-3 wp-block-jetpack-layout-gutter__nowrap\">\n<div class=\"wp-block-jetpack-layout-grid-column wp-block-jetpack-layout-grid__padding-none\">\n<div class=\"wp-block-image\"><figure class=\"aligncenter size-medium\"><a href=\"https:\/\/www.adoptionefa.org\/boutique\/berceau-2014\/\"><img loading=\"lazy\" decoding=\"async\" width=\"407\" height=\"558\" src=\"https:\/\/efa51.files.wordpress.com\/2020\/08\/berceau-1.jpg?w=219\" alt=\"\" class=\"wp-image-430\" srcset=\"https:\/\/efa51.org\/wp-content\/uploads\/2020\/08\/berceau-1.jpg 407w, https:\/\/efa51.org\/wp-content\/uploads\/2020\/08\/berceau-1-219x300.jpg 219w\" sizes=\"auto, (max-width: 407px) 100vw, 407px\" \/><\/a><\/figure><\/div>\n<\/div>\n\n\n\n<div class=\"wp-block-jetpack-layout-grid-column wp-block-jetpack-layout-grid__padding-none\">\n<div class=\"wp-block-image\"><figure class=\"aligncenter size-medium\"><a href=\"https:\/\/www.adoptionefa.org\/boutique\/shab-ou-la-nuit-2013\/\"><img loading=\"lazy\" decoding=\"async\" width=\"407\" height=\"572\" src=\"https:\/\/efa51.files.wordpress.com\/2020\/08\/shab.jpg?w=213\" alt=\"\" class=\"wp-image-432\" srcset=\"https:\/\/efa51.org\/wp-content\/uploads\/2020\/08\/shab.jpg 407w, https:\/\/efa51.org\/wp-content\/uploads\/2020\/08\/shab-213x300.jpg 213w\" sizes=\"auto, (max-width: 407px) 100vw, 407px\" \/><\/a><\/figure><\/div>\n\n\n\n<p><\/p>\n<\/div>\n\n\n\n<div class=\"wp-block-jetpack-layout-grid-column wp-block-jetpack-layout-grid__padding-none\">\n<div class=\"wp-block-image\"><figure class=\"aligncenter size-medium\"><a href=\"https:\/\/www.adoptionefa.org\/boutique\/esprit-dhiver2013\/\"><img loading=\"lazy\" decoding=\"async\" width=\"407\" height=\"525\" src=\"https:\/\/efa51.files.wordpress.com\/2020\/08\/hiver.jpg?w=233\" alt=\"\" class=\"wp-image-433\" srcset=\"https:\/\/efa51.org\/wp-content\/uploads\/2020\/08\/hiver.jpg 407w, https:\/\/efa51.org\/wp-content\/uploads\/2020\/08\/hiver-233x300.jpg 233w\" sizes=\"auto, (max-width: 407px) 100vw, 407px\" \/><\/a><\/figure><\/div>\n\n\n\n<p><\/p>\n<\/div>\n<\/div>\n\n\n\n<div class=\"wp-block-jetpack-layout-grid alignfull column1-desktop-grid__span-4 column1-desktop-grid__row-1 column2-desktop-grid__span-4 column2-desktop-grid__start-5 column2-desktop-grid__row-1 column3-desktop-grid__span-4 column3-desktop-grid__start-9 column3-desktop-grid__row-1 column1-tablet-grid__span-4 column1-tablet-grid__row-1 column2-tablet-grid__span-4 column2-tablet-grid__start-5 column2-tablet-grid__row-1 column3-tablet-grid__span-8 column3-tablet-grid__row-2 column1-mobile-grid__span-4 column1-mobile-grid__row-1 column2-mobile-grid__span-4 column2-mobile-grid__row-2 column3-mobile-grid__span-4 column3-mobile-grid__row-3 wp-block-jetpack-layout-gutter__nowrap\">\n<div class=\"wp-block-jetpack-layout-grid-column wp-block-jetpack-layout-grid__padding-none\">\n<div class=\"wp-block-image\"><figure class=\"aligncenter size-medium\"><a href=\"https:\/\/www.adoptionefa.org\/boutique\/le-sens-de-la-famille-2009\/\"><img loading=\"lazy\" decoding=\"async\" width=\"407\" height=\"649\" src=\"https:\/\/efa51.files.wordpress.com\/2020\/08\/homes.jpg?w=188\" alt=\"\" class=\"wp-image-435\" srcset=\"https:\/\/efa51.org\/wp-content\/uploads\/2020\/08\/homes.jpg 407w, https:\/\/efa51.org\/wp-content\/uploads\/2020\/08\/homes-188x300.jpg 188w\" sizes=\"auto, (max-width: 407px) 100vw, 407px\" \/><\/a><\/figure><\/div>\n<\/div>\n\n\n\n<div class=\"wp-block-jetpack-layout-grid-column wp-block-jetpack-layout-grid__padding-none\">\n<div class=\"wp-block-image\"><figure class=\"aligncenter size-medium\"><a href=\"https:\/\/www.adoptionefa.org\/boutique\/chemin-de-la-belle-etoile-2011\/\"><img loading=\"lazy\" decoding=\"async\" width=\"407\" height=\"554\" src=\"https:\/\/efa51.files.wordpress.com\/2020\/08\/etoile.jpg?w=220\" alt=\"\" class=\"wp-image-436\" srcset=\"https:\/\/efa51.org\/wp-content\/uploads\/2020\/08\/etoile.jpg 407w, https:\/\/efa51.org\/wp-content\/uploads\/2020\/08\/etoile-220x300.jpg 220w\" sizes=\"auto, (max-width: 407px) 100vw, 407px\" \/><\/a><\/figure><\/div>\n\n\n\n<p><\/p>\n<\/div>\n\n\n\n<div class=\"wp-block-jetpack-layout-grid-column wp-block-jetpack-layout-grid__padding-none\">\n<div class=\"wp-block-image\"><figure class=\"aligncenter size-medium\"><a href=\"https:\/\/www.adoptionefa.org\/boutique\/tes-pas-ma-mere-2002\/\"><img loading=\"lazy\" decoding=\"async\" width=\"407\" height=\"578\" src=\"https:\/\/efa51.files.wordpress.com\/2020\/08\/prune.jpg?w=211\" alt=\"\" class=\"wp-image-437\" srcset=\"https:\/\/efa51.org\/wp-content\/uploads\/2020\/08\/prune.jpg 407w, https:\/\/efa51.org\/wp-content\/uploads\/2020\/08\/prune-211x300.jpg 211w\" sizes=\"auto, (max-width: 407px) 100vw, 407px\" \/><\/a><\/figure><\/div>\n\n\n\n<p><\/p>\n<\/div>\n<\/div>\n\n\n\n<div class=\"wp-block-jetpack-layout-grid alignfull column1-desktop-grid__span-4 column1-desktop-grid__row-1 column2-desktop-grid__span-4 column2-desktop-grid__start-5 column2-desktop-grid__row-1 column3-desktop-grid__span-4 column3-desktop-grid__start-9 column3-desktop-grid__row-1 column1-tablet-grid__span-4 column1-tablet-grid__row-1 column2-tablet-grid__span-4 column2-tablet-grid__start-5 column2-tablet-grid__row-1 column3-tablet-grid__span-8 column3-tablet-grid__row-2 column1-mobile-grid__span-4 column1-mobile-grid__row-1 column2-mobile-grid__span-4 column2-mobile-grid__row-2 column3-mobile-grid__span-4 column3-mobile-grid__row-3 wp-block-jetpack-layout-gutter__nowrap\">\n<div class=\"wp-block-jetpack-layout-grid-column wp-block-jetpack-layout-grid__padding-none\">\n<div class=\"wp-block-image\"><figure class=\"aligncenter size-medium\"><a href=\"https:\/\/www.adoptionefa.org\/boutique\/adoption-21-damien-nicolas-notre-tresor-2005\/\"><img loading=\"lazy\" decoding=\"async\" width=\"407\" height=\"574\" src=\"https:\/\/efa51.files.wordpress.com\/2020\/08\/adoption21.jpg?w=213\" alt=\"\" class=\"wp-image-506\" srcset=\"https:\/\/efa51.org\/wp-content\/uploads\/2020\/08\/adoption21.jpg 407w, https:\/\/efa51.org\/wp-content\/uploads\/2020\/08\/adoption21-213x300.jpg 213w\" sizes=\"auto, (max-width: 407px) 100vw, 407px\" \/><\/a><\/figure><\/div>\n<\/div>\n\n\n\n<div class=\"wp-block-jetpack-layout-grid-column wp-block-jetpack-layout-grid__padding-none\">\n<div class=\"wp-block-image\"><figure class=\"aligncenter size-medium\"><a href=\"https:\/\/www.adoptionefa.org\/boutique\/tout-enfant-est-une-histoire-sacree-ladoption-differente-2002\/\"><img loading=\"lazy\" decoding=\"async\" width=\"407\" height=\"556\" src=\"https:\/\/efa51.files.wordpress.com\/2020\/08\/sacrc3a9e.jpg?w=220\" alt=\"\" class=\"wp-image-514\" srcset=\"https:\/\/efa51.org\/wp-content\/uploads\/2020\/08\/sacrc3a9e.jpg 407w, https:\/\/efa51.org\/wp-content\/uploads\/2020\/08\/sacrc3a9e-220x300.jpg 220w\" sizes=\"auto, (max-width: 407px) 100vw, 407px\" \/><\/a><\/figure><\/div>\n\n\n\n<p><\/p>\n<\/div>\n\n\n\n<div class=\"wp-block-jetpack-layout-grid-column wp-block-jetpack-layout-grid__padding-none\">\n<div class=\"wp-block-image\"><figure class=\"aligncenter size-large is-resized\"><a href=\"https:\/\/www.michalon.fr\/index.asp?navig=catalogue&amp;obj=livre&amp;no=69806\"><img loading=\"lazy\" decoding=\"async\" src=\"http:\/\/efa51.org\/wp-content\/uploads\/2021\/12\/celienjusquatoi.jpg?w=150\" alt=\"\" class=\"wp-image-958\" width=\"194\" height=\"298\" \/><\/a><\/figure><\/div>\n<\/div>\n<\/div>\n\n\n\n<hr class=\"wp-block-separator has-text-color has-background has-primary-background-color has-primary-color is-style-wide\" \/>\n\n\n\n<p class=\"has-text-align-center has-background\" style=\"background-color:#98c273;\"><em>Les bandes dessin\u00e9es<\/em><\/p>\n\n\n\n<div class=\"wp-block-jetpack-layout-grid alignfull column1-desktop-grid__span-4 column1-desktop-grid__row-1 column2-desktop-grid__span-4 column2-desktop-grid__start-5 column2-desktop-grid__row-1 column3-desktop-grid__span-4 column3-desktop-grid__start-9 column3-desktop-grid__row-1 column1-tablet-grid__span-4 column1-tablet-grid__row-1 column2-tablet-grid__span-4 column2-tablet-grid__start-5 column2-tablet-grid__row-1 column3-tablet-grid__span-8 column3-tablet-grid__row-2 column1-mobile-grid__span-4 column1-mobile-grid__row-1 column2-mobile-grid__span-4 column2-mobile-grid__row-2 column3-mobile-grid__span-4 column3-mobile-grid__row-3 wp-block-jetpack-layout-gutter__nowrap\">\n<div class=\"wp-block-jetpack-layout-grid-column wp-block-jetpack-layout-grid__padding-none\">\n<div class=\"wp-block-image\"><figure class=\"aligncenter size-large\"><a href=\"http:\/\/www.fil-ariane.be\/livre.html\"><img loading=\"lazy\" decoding=\"async\" width=\"385\" height=\"383\" src=\"http:\/\/efa51.org\/wp-content\/uploads\/2021\/11\/maisdouviennentcesetrangesvibrations_clerx-1.jpg?w=385\" alt=\"\" class=\"wp-image-927\" srcset=\"https:\/\/efa51.org\/wp-content\/uploads\/2021\/11\/maisdouviennentcesetrangesvibrations_clerx-1.jpg 385w, https:\/\/efa51.org\/wp-content\/uploads\/2021\/11\/maisdouviennentcesetrangesvibrations_clerx-1-300x298.jpg 300w, https:\/\/efa51.org\/wp-content\/uploads\/2021\/11\/maisdouviennentcesetrangesvibrations_clerx-1-150x150.jpg 150w\" sizes=\"auto, (max-width: 385px) 100vw, 385px\" \/><\/a><\/figure><\/div>\n<\/div>\n\n\n\n<div class=\"wp-block-jetpack-layout-grid-column wp-block-jetpack-layout-grid__padding-none\">\n<figure class=\"wp-block-image size-medium\"><a href=\"https:\/\/www.adoptionefa.org\/boutique\/dou-je-viens-moi-2004\/\"><img loading=\"lazy\" decoding=\"async\" width=\"407\" height=\"480\" src=\"https:\/\/efa51.files.wordpress.com\/2020\/08\/moi.jpg?w=254\" alt=\"\" class=\"wp-image-489\" srcset=\"https:\/\/efa51.org\/wp-content\/uploads\/2020\/08\/moi.jpg 407w, https:\/\/efa51.org\/wp-content\/uploads\/2020\/08\/moi-254x300.jpg 254w\" sizes=\"auto, (max-width: 407px) 100vw, 407px\" \/><\/a><\/figure>\n\n\n\n<p><\/p>\n<\/div>\n\n\n\n<div class=\"wp-block-jetpack-layout-grid-column wp-block-jetpack-layout-grid__padding-none\">\n<figure class=\"wp-block-image size-medium\"><a href=\"https:\/\/www.adoptionefa.org\/boutique\/mijo-beccaria-colette-camil-le-petit-prince-qui-ne-saimait-pas-les-arenes-2016\/\"><img loading=\"lazy\" decoding=\"async\" width=\"300\" height=\"350\" src=\"https:\/\/efa51.files.wordpress.com\/2020\/08\/prince.jpg?w=257\" alt=\"\" class=\"wp-image-528\" srcset=\"https:\/\/efa51.org\/wp-content\/uploads\/2020\/08\/prince.jpg 300w, https:\/\/efa51.org\/wp-content\/uploads\/2020\/08\/prince-257x300.jpg 257w\" sizes=\"auto, (max-width: 300px) 100vw, 300px\" \/><\/a><\/figure>\n<\/div>\n<\/div>\n\n\n\n<div class=\"wp-block-jetpack-layout-grid alignfull column1-desktop-grid__span-4 column1-desktop-grid__row-1 column2-desktop-grid__span-4 column2-desktop-grid__start-5 column2-desktop-grid__row-1 column3-desktop-grid__span-4 column3-desktop-grid__start-9 column3-desktop-grid__row-1 column1-tablet-grid__span-4 column1-tablet-grid__row-1 column2-tablet-grid__span-4 column2-tablet-grid__start-5 column2-tablet-grid__row-1 column3-tablet-grid__span-8 column3-tablet-grid__row-2 column1-mobile-grid__span-4 column1-mobile-grid__row-1 column2-mobile-grid__span-4 column2-mobile-grid__row-2 column3-mobile-grid__span-4 column3-mobile-grid__row-3 wp-block-jetpack-layout-gutter__nowrap\">\n<div class=\"wp-block-jetpack-layout-grid-column wp-block-jetpack-layout-grid__padding-none\">\n<figure class=\"wp-block-image size-medium\"><a href=\"https:\/\/www.adoptionefa.org\/boutique\/isabelle-wlodarczyk-emmanuelle-figueras-et-xaviere-devos-rororiro-circonflexe-coll-albums-2017\/\"><img loading=\"lazy\" decoding=\"async\" width=\"401\" height=\"512\" src=\"https:\/\/efa51.files.wordpress.com\/2020\/08\/rororiro_jeunesse-401x512-1.jpg?w=235\" alt=\"\" class=\"wp-image-420\" srcset=\"https:\/\/efa51.org\/wp-content\/uploads\/2020\/08\/rororiro_jeunesse-401x512-1.jpg 401w, https:\/\/efa51.org\/wp-content\/uploads\/2020\/08\/rororiro_jeunesse-401x512-1-235x300.jpg 235w\" sizes=\"auto, (max-width: 401px) 100vw, 401px\" \/><\/a><\/figure>\n<\/div>\n\n\n\n<div class=\"wp-block-jetpack-layout-grid-column wp-block-jetpack-layout-grid__padding-none\">\n<figure class=\"wp-block-image size-medium\"><a href=\"https:\/\/www.adoptionefa.org\/boutique\/dou-je-viens-moi-2004\/\"><img loading=\"lazy\" decoding=\"async\" width=\"407\" height=\"480\" src=\"https:\/\/efa51.files.wordpress.com\/2020\/08\/moi.jpg?w=254\" alt=\"\" class=\"wp-image-489\" srcset=\"https:\/\/efa51.org\/wp-content\/uploads\/2020\/08\/moi.jpg 407w, https:\/\/efa51.org\/wp-content\/uploads\/2020\/08\/moi-254x300.jpg 254w\" sizes=\"auto, (max-width: 407px) 100vw, 407px\" \/><\/a><\/figure>\n\n\n\n<p><\/p>\n<\/div>\n\n\n\n<div class=\"wp-block-jetpack-layout-grid-column wp-block-jetpack-layout-grid__padding-none\">\n<figure class=\"wp-block-image size-medium\"><a href=\"https:\/\/www.adoptionefa.org\/boutique\/mijo-beccaria-colette-camil-le-petit-prince-qui-ne-saimait-pas-les-arenes-2016\/\"><img loading=\"lazy\" decoding=\"async\" width=\"300\" height=\"350\" src=\"https:\/\/efa51.files.wordpress.com\/2020\/08\/prince.jpg?w=257\" alt=\"\" class=\"wp-image-528\" srcset=\"https:\/\/efa51.org\/wp-content\/uploads\/2020\/08\/prince.jpg 300w, https:\/\/efa51.org\/wp-content\/uploads\/2020\/08\/prince-257x300.jpg 257w\" sizes=\"auto, (max-width: 300px) 100vw, 300px\" \/><\/a><\/figure>\n<\/div>\n<\/div>\n\n\n\n<div class=\"wp-block-jetpack-layout-grid alignfull column1-desktop-grid__span-4 column1-desktop-grid__row-1 column2-desktop-grid__span-4 column2-desktop-grid__start-5 column2-desktop-grid__row-1 column3-desktop-grid__span-4 column3-desktop-grid__start-9 column3-desktop-grid__row-1 column1-tablet-grid__span-4 column1-tablet-grid__row-1 column2-tablet-grid__span-4 column2-tablet-grid__start-5 column2-tablet-grid__row-1 column3-tablet-grid__span-8 column3-tablet-grid__row-2 column1-mobile-grid__span-4 column1-mobile-grid__row-1 column2-mobile-grid__span-4 column2-mobile-grid__row-2 column3-mobile-grid__span-4 column3-mobile-grid__row-3 wp-block-jetpack-layout-gutter__nowrap\">\n<div class=\"wp-block-jetpack-layout-grid-column wp-block-jetpack-layout-grid__padding-none\">\n<figure class=\"wp-block-image size-medium\"><a href=\"https:\/\/www.adoptionefa.org\/boutique\/laurence-peroueme-et-hel-swinghedauw-ill-enfant-dici-enfant-dailleurs-editions-reve-denfant-2016\/\"><img loading=\"lazy\" decoding=\"async\" width=\"407\" height=\"520\" src=\"https:\/\/efa51.files.wordpress.com\/2020\/08\/enfant_ici.jpg?w=235\" alt=\"\" class=\"wp-image-531\" srcset=\"https:\/\/efa51.org\/wp-content\/uploads\/2020\/08\/enfant_ici.jpg 407w, https:\/\/efa51.org\/wp-content\/uploads\/2020\/08\/enfant_ici-235x300.jpg 235w\" sizes=\"auto, (max-width: 407px) 100vw, 407px\" \/><\/a><\/figure>\n<\/div>\n\n\n\n<div class=\"wp-block-jetpack-layout-grid-column wp-block-jetpack-layout-grid__padding-none\">\n<figure class=\"wp-block-image size-medium\"><a href=\"https:\/\/www.adoptionefa.org\/boutique\/kit-de-waal-je-mappelle-leon-kero-2016\/\"><img loading=\"lazy\" decoding=\"async\" width=\"407\" height=\"512\" src=\"https:\/\/efa51.files.wordpress.com\/2020\/08\/leon_jeunesse.jpg?w=238\" alt=\"\" class=\"wp-image-532\" srcset=\"https:\/\/efa51.org\/wp-content\/uploads\/2020\/08\/leon_jeunesse.jpg 407w, https:\/\/efa51.org\/wp-content\/uploads\/2020\/08\/leon_jeunesse-238x300.jpg 238w\" sizes=\"auto, (max-width: 407px) 100vw, 407px\" \/><\/a><\/figure>\n\n\n\n<p><\/p>\n<\/div>\n\n\n\n<div class=\"wp-block-jetpack-layout-grid-column wp-block-jetpack-layout-grid__padding-none\">\n<figure class=\"wp-block-image size-medium\"><a href=\"https:\/\/www.adoptionefa.org\/boutique\/valerie-lacroix-ne-sous-x-le-verger-des-hesperides-2017\/\"><img loading=\"lazy\" decoding=\"async\" width=\"407\" height=\"511\" src=\"https:\/\/efa51.files.wordpress.com\/2020\/08\/sousx_jeunesse.jpg?w=239\" alt=\"\" class=\"wp-image-533\" srcset=\"https:\/\/efa51.org\/wp-content\/uploads\/2020\/08\/sousx_jeunesse.jpg 407w, https:\/\/efa51.org\/wp-content\/uploads\/2020\/08\/sousx_jeunesse-239x300.jpg 239w\" sizes=\"auto, (max-width: 407px) 100vw, 407px\" \/><\/a><\/figure>\n<\/div>\n<\/div>\n\n\n\n<div class=\"wp-block-jetpack-layout-grid alignfull column1-desktop-grid__span-4 column1-desktop-grid__row-1 column2-desktop-grid__span-4 column2-desktop-grid__start-5 column2-desktop-grid__row-1 column3-desktop-grid__span-4 column3-desktop-grid__start-9 column3-desktop-grid__row-1 column1-tablet-grid__span-4 column1-tablet-grid__row-1 column2-tablet-grid__span-4 column2-tablet-grid__start-5 column2-tablet-grid__row-1 column3-tablet-grid__span-8 column3-tablet-grid__row-2 column1-mobile-grid__span-4 column1-mobile-grid__row-1 column2-mobile-grid__span-4 column2-mobile-grid__row-2 column3-mobile-grid__span-4 column3-mobile-grid__row-3 wp-block-jetpack-layout-gutter__nowrap\">\n<div class=\"wp-block-jetpack-layout-grid-column wp-block-jetpack-layout-grid__padding-none\">\n<figure class=\"wp-block-image size-medium\"><a href=\"https:\/\/www.adoptionefa.org\/boutique\/thomas-lavachery-ma-famille-verte-pastel-lecole-des-loisirs-2017\/\"><img loading=\"lazy\" decoding=\"async\" width=\"407\" height=\"511\" src=\"https:\/\/efa51.files.wordpress.com\/2020\/08\/famille_verte_jeunesse.jpg?w=239\" alt=\"\" class=\"wp-image-534\" srcset=\"https:\/\/efa51.org\/wp-content\/uploads\/2020\/08\/famille_verte_jeunesse.jpg 407w, https:\/\/efa51.org\/wp-content\/uploads\/2020\/08\/famille_verte_jeunesse-239x300.jpg 239w\" sizes=\"auto, (max-width: 407px) 100vw, 407px\" \/><\/a><\/figure>\n<\/div>\n\n\n\n<div class=\"wp-block-jetpack-layout-grid-column wp-block-jetpack-layout-grid__padding-none\">\n<figure class=\"wp-block-image size-medium\"><a href=\"https:\/\/www.adoptionefa.org\/boutique\/3705\/\"><img loading=\"lazy\" decoding=\"async\" width=\"407\" height=\"512\" src=\"https:\/\/efa51.files.wordpress.com\/2020\/08\/guara.jpg?w=238\" alt=\"\" class=\"wp-image-542\" srcset=\"https:\/\/efa51.org\/wp-content\/uploads\/2020\/08\/guara.jpg 407w, https:\/\/efa51.org\/wp-content\/uploads\/2020\/08\/guara-238x300.jpg 238w\" sizes=\"auto, (max-width: 407px) 100vw, 407px\" \/><\/a><\/figure>\n\n\n\n<p><\/p>\n<\/div>\n\n\n\n<div class=\"wp-block-jetpack-layout-grid-column wp-block-jetpack-layout-grid__padding-none\">\n<figure class=\"wp-block-image size-medium\"><a href=\"https:\/\/www.adoptionefa.org\/boutique\/marianne-dubuc-je-ne-suis-pas-ta-maman-la-martiniere-jeunesse-2017\/\"><img loading=\"lazy\" decoding=\"async\" width=\"407\" height=\"514\" src=\"https:\/\/efa51.files.wordpress.com\/2020\/08\/pas_ta_maman_jeunesse.jpg?w=238\" alt=\"\" class=\"wp-image-536\" srcset=\"https:\/\/efa51.org\/wp-content\/uploads\/2020\/08\/pas_ta_maman_jeunesse.jpg 407w, https:\/\/efa51.org\/wp-content\/uploads\/2020\/08\/pas_ta_maman_jeunesse-238x300.jpg 238w\" sizes=\"auto, (max-width: 407px) 100vw, 407px\" \/><\/a><\/figure>\n<\/div>\n<\/div>\n\n\n\n<div class=\"wp-block-jetpack-layout-grid alignfull column1-desktop-grid__span-4 column1-desktop-grid__row-1 column2-desktop-grid__span-4 column2-desktop-grid__start-5 column2-desktop-grid__row-1 column3-desktop-grid__span-4 column3-desktop-grid__start-9 column3-desktop-grid__row-1 column1-tablet-grid__span-4 column1-tablet-grid__row-1 column2-tablet-grid__span-4 column2-tablet-grid__start-5 column2-tablet-grid__row-1 column3-tablet-grid__span-8 column3-tablet-grid__row-2 column1-mobile-grid__span-4 column1-mobile-grid__row-1 column2-mobile-grid__span-4 column2-mobile-grid__row-2 column3-mobile-grid__span-4 column3-mobile-grid__row-3 wp-block-jetpack-layout-gutter__nowrap\">\n<div class=\"wp-block-jetpack-layout-grid-column wp-block-jetpack-layout-grid__padding-none\">\n<figure class=\"wp-block-image size-medium\"><a href=\"Ce livre a \u00e9t\u00e9 con\u00e7u pour aider enfants et parents \u00e0 communiquer ensemble sur leurs \u00e9motions, ce qui n\u2019est pas chose ais\u00e9e. Rapidement submerg\u00e9 par ce qu\u2019il ressent, le comportement de l\u2019enfant est aussi sous l\u2019emprise de l\u2019\u00e9motion qu\u2019il vit, et c\u2019est l\u00e0 que l\u2019adulte doit pouvoir l\u2019aider \u00e0 comprendre ce qui lui arrive, et donc le rassurer. Chaque \u00e9motion \u2013 joie, col\u00e8re, honte, tristesse, etc. \u2013 est illustr\u00e9e avec humour et r\u00e9alisme, de sorte que, gr\u00e2ce au dessin, l\u2019enfant peut se reconna\u00eetre et s\u2019identifier dans les diff\u00e9rentes situations.\"><img loading=\"lazy\" decoding=\"async\" width=\"407\" height=\"512\" src=\"https:\/\/efa51.files.wordpress.com\/2020\/08\/emotions.jpg?w=238\" alt=\"\" class=\"wp-image-538\" srcset=\"https:\/\/efa51.org\/wp-content\/uploads\/2020\/08\/emotions.jpg 407w, https:\/\/efa51.org\/wp-content\/uploads\/2020\/08\/emotions-238x300.jpg 238w\" sizes=\"auto, (max-width: 407px) 100vw, 407px\" \/><\/a><\/figure>\n<\/div>\n\n\n\n<div class=\"wp-block-jetpack-layout-grid-column wp-block-jetpack-layout-grid__padding-none\">\n<figure class=\"wp-block-image size-medium\"><a href=\"https:\/\/www.adoptionefa.org\/boutique\/dentre-les-ogres-seuil-jeunesse-2017\/\"><img loading=\"lazy\" decoding=\"async\" width=\"407\" height=\"579\" src=\"https:\/\/efa51.files.wordpress.com\/2020\/08\/ogres.jpg?w=211\" alt=\"\" class=\"wp-image-540\" srcset=\"https:\/\/efa51.org\/wp-content\/uploads\/2020\/08\/ogres.jpg 407w, https:\/\/efa51.org\/wp-content\/uploads\/2020\/08\/ogres-211x300.jpg 211w\" sizes=\"auto, (max-width: 407px) 100vw, 407px\" \/><\/a><\/figure>\n\n\n\n<p><\/p>\n<\/div>\n\n\n\n<div class=\"wp-block-jetpack-layout-grid-column wp-block-jetpack-layout-grid__padding-none\">\n<figure class=\"wp-block-image size-medium\"><a href=\"https:\/\/www.adoptionefa.org\/boutique\/adoptions-2\/\"><img loading=\"lazy\" decoding=\"async\" width=\"407\" height=\"512\" src=\"https:\/\/efa51.files.wordpress.com\/2020\/08\/adoptions3.jpg?w=238\" alt=\"\" class=\"wp-image-541\" srcset=\"https:\/\/efa51.org\/wp-content\/uploads\/2020\/08\/adoptions3.jpg 407w, https:\/\/efa51.org\/wp-content\/uploads\/2020\/08\/adoptions3-238x300.jpg 238w\" sizes=\"auto, (max-width: 407px) 100vw, 407px\" \/><\/a><\/figure>\n<\/div>\n<\/div>\n\n\n\n<div class=\"wp-block-jetpack-layout-grid alignfull column1-desktop-grid__span-4 column1-desktop-grid__row-1 column2-desktop-grid__span-4 column2-desktop-grid__start-5 column2-desktop-grid__row-1 column3-desktop-grid__span-4 column3-desktop-grid__start-9 column3-desktop-grid__row-1 column1-tablet-grid__span-4 column1-tablet-grid__row-1 column2-tablet-grid__span-4 column2-tablet-grid__start-5 column2-tablet-grid__row-1 column3-tablet-grid__span-8 column3-tablet-grid__row-2 column1-mobile-grid__span-4 column1-mobile-grid__row-1 column2-mobile-grid__span-4 column2-mobile-grid__row-2 column3-mobile-grid__span-4 column3-mobile-grid__row-3 wp-block-jetpack-layout-gutter__nowrap\">\n<div class=\"wp-block-jetpack-layout-grid-column wp-block-jetpack-layout-grid__padding-none\">\n<figure class=\"wp-block-image size-medium\"><a href=\"https:\/\/www.adoptionefa.org\/boutique\/lenfant-du-seisme-2014\/\"><img loading=\"lazy\" decoding=\"async\" width=\"407\" height=\"515\" src=\"https:\/\/efa51.files.wordpress.com\/2020\/08\/seisme.jpg?w=237\" alt=\"\" class=\"wp-image-543\" srcset=\"https:\/\/efa51.org\/wp-content\/uploads\/2020\/08\/seisme.jpg 407w, https:\/\/efa51.org\/wp-content\/uploads\/2020\/08\/seisme-237x300.jpg 237w\" sizes=\"auto, (max-width: 407px) 100vw, 407px\" \/><\/a><\/figure>\n<\/div>\n\n\n\n<div class=\"wp-block-jetpack-layout-grid-column wp-block-jetpack-layout-grid__padding-none\">\n<figure class=\"wp-block-image size-medium\"><a href=\"https:\/\/www.adoptionefa.org\/boutique\/tous-les-enfants-du-monde-ont-les-memes-droits\/\"><img loading=\"lazy\" decoding=\"async\" width=\"409\" height=\"520\" src=\"https:\/\/efa51.files.wordpress.com\/2020\/08\/tous-les-enfants.jpg?w=236\" alt=\"\" class=\"wp-image-545\" srcset=\"https:\/\/efa51.org\/wp-content\/uploads\/2020\/08\/tous-les-enfants.jpg 409w, https:\/\/efa51.org\/wp-content\/uploads\/2020\/08\/tous-les-enfants-236x300.jpg 236w\" sizes=\"auto, (max-width: 409px) 100vw, 409px\" \/><\/a><\/figure>\n\n\n\n<p><\/p>\n<\/div>\n\n\n\n<div class=\"wp-block-jetpack-layout-grid-column wp-block-jetpack-layout-grid__padding-none\">\n<figure class=\"wp-block-image size-medium\"><a href=\"https:\/\/www.adoptionefa.org\/boutique\/le-grand-livre-des-droits-de-lenfant\/\"><img loading=\"lazy\" decoding=\"async\" width=\"407\" height=\"565\" src=\"https:\/\/efa51.files.wordpress.com\/2020\/08\/droits-enfant.jpg?w=216\" alt=\"\" class=\"wp-image-546\" srcset=\"https:\/\/efa51.org\/wp-content\/uploads\/2020\/08\/droits-enfant.jpg 407w, https:\/\/efa51.org\/wp-content\/uploads\/2020\/08\/droits-enfant-216x300.jpg 216w\" sizes=\"auto, (max-width: 407px) 100vw, 407px\" \/><\/a><\/figure>\n<\/div>\n<\/div>\n\n\n\n<div class=\"wp-block-jetpack-layout-grid alignfull column1-desktop-grid__span-4 column1-desktop-grid__row-1 column2-desktop-grid__span-4 column2-desktop-grid__start-5 column2-desktop-grid__row-1 column3-desktop-grid__span-4 column3-desktop-grid__start-9 column3-desktop-grid__row-1 column1-tablet-grid__span-4 column1-tablet-grid__row-1 column2-tablet-grid__span-4 column2-tablet-grid__start-5 column2-tablet-grid__row-1 column3-tablet-grid__span-8 column3-tablet-grid__row-2 column1-mobile-grid__span-4 column1-mobile-grid__row-1 column2-mobile-grid__span-4 column2-mobile-grid__row-2 column3-mobile-grid__span-4 column3-mobile-grid__row-3 wp-block-jetpack-layout-gutter__nowrap\">\n<div class=\"wp-block-jetpack-layout-grid-column wp-block-jetpack-layout-grid__padding-none\">\n<figure class=\"wp-block-image size-medium\"><a href=\"https:\/\/www.adoptionefa.org\/boutique\/les-droits-de-lenfant\/\"><img loading=\"lazy\" decoding=\"async\" width=\"406\" height=\"520\" src=\"https:\/\/efa51.files.wordpress.com\/2020\/08\/les-droits-de-lenfant.jpg?w=234\" alt=\"\" class=\"wp-image-548\" srcset=\"https:\/\/efa51.org\/wp-content\/uploads\/2020\/08\/les-droits-de-lenfant.jpg 406w, https:\/\/efa51.org\/wp-content\/uploads\/2020\/08\/les-droits-de-lenfant-234x300.jpg 234w\" sizes=\"auto, (max-width: 406px) 100vw, 406px\" \/><\/a><\/figure>\n<\/div>\n\n\n\n<div class=\"wp-block-jetpack-layout-grid-column wp-block-jetpack-layout-grid__padding-none\">\n<figure class=\"wp-block-image size-medium\"><a href=\"https:\/\/www.adoptionefa.org\/boutique\/les-droits-des-enfants\/\"><img loading=\"lazy\" decoding=\"async\" width=\"361\" height=\"474\" src=\"https:\/\/efa51.files.wordpress.com\/2020\/08\/droitsenfant_lanchon.jpg?w=228\" alt=\"\" class=\"wp-image-549\" srcset=\"https:\/\/efa51.org\/wp-content\/uploads\/2020\/08\/droitsenfant_lanchon.jpg 361w, https:\/\/efa51.org\/wp-content\/uploads\/2020\/08\/droitsenfant_lanchon-228x300.jpg 228w\" sizes=\"auto, (max-width: 361px) 100vw, 361px\" \/><\/a><\/figure>\n\n\n\n<p><\/p>\n<\/div>\n\n\n\n<div class=\"wp-block-jetpack-layout-grid-column wp-block-jetpack-layout-grid__padding-none\">\n<figure class=\"wp-block-image size-medium\"><a href=\"https:\/\/www.adoptionefa.org\/boutique\/six-milliards-de-visages\/\"><img loading=\"lazy\" decoding=\"async\" width=\"407\" height=\"539\" src=\"https:\/\/efa51.files.wordpress.com\/2020\/08\/six-milliards.jpg?w=227\" alt=\"\" class=\"wp-image-550\" srcset=\"https:\/\/efa51.org\/wp-content\/uploads\/2020\/08\/six-milliards.jpg 407w, https:\/\/efa51.org\/wp-content\/uploads\/2020\/08\/six-milliards-227x300.jpg 227w\" sizes=\"auto, (max-width: 407px) 100vw, 407px\" \/><\/a><\/figure>\n<\/div>\n<\/div>\n\n\n\n<div class=\"wp-block-jetpack-layout-grid alignfull column1-desktop-grid__span-4 column1-desktop-grid__row-1 column2-desktop-grid__span-4 column2-desktop-grid__start-5 column2-desktop-grid__row-1 column3-desktop-grid__span-4 column3-desktop-grid__start-9 column3-desktop-grid__row-1 column1-tablet-grid__span-4 column1-tablet-grid__row-1 column2-tablet-grid__span-4 column2-tablet-grid__start-5 column2-tablet-grid__row-1 column3-tablet-grid__span-8 column3-tablet-grid__row-2 column1-mobile-grid__span-4 column1-mobile-grid__row-1 column2-mobile-grid__span-4 column2-mobile-grid__row-2 column3-mobile-grid__span-4 column3-mobile-grid__row-3 wp-block-jetpack-layout-gutter__nowrap\">\n<div class=\"wp-block-jetpack-layout-grid-column wp-block-jetpack-layout-grid__padding-none\">\n<figure class=\"wp-block-image size-medium\"><a href=\"https:\/\/www.adoptionefa.org\/boutique\/max-et-koffi-sont-copains\/\"><img loading=\"lazy\" decoding=\"async\" width=\"407\" height=\"540\" src=\"https:\/\/efa51.files.wordpress.com\/2020\/08\/max-et-koffi.jpg?w=226\" alt=\"\" class=\"wp-image-552\" srcset=\"https:\/\/efa51.org\/wp-content\/uploads\/2020\/08\/max-et-koffi.jpg 407w, https:\/\/efa51.org\/wp-content\/uploads\/2020\/08\/max-et-koffi-226x300.jpg 226w\" sizes=\"auto, (max-width: 407px) 100vw, 407px\" \/><\/a><\/figure>\n<\/div>\n\n\n\n<div class=\"wp-block-jetpack-layout-grid-column wp-block-jetpack-layout-grid__padding-none\">\n<figure class=\"wp-block-image size-medium\"><a href=\"https:\/\/www.adoptionefa.org\/boutique\/noire-comme-le-cafe\/\"><img loading=\"lazy\" decoding=\"async\" width=\"406\" height=\"512\" src=\"https:\/\/efa51.files.wordpress.com\/2020\/08\/noire_cafe.jpg?w=238\" alt=\"\" class=\"wp-image-553\" srcset=\"https:\/\/efa51.org\/wp-content\/uploads\/2020\/08\/noire_cafe.jpg 406w, https:\/\/efa51.org\/wp-content\/uploads\/2020\/08\/noire_cafe-238x300.jpg 238w\" sizes=\"auto, (max-width: 406px) 100vw, 406px\" \/><\/a><\/figure>\n\n\n\n<p><\/p>\n<\/div>\n\n\n\n<div class=\"wp-block-jetpack-layout-grid-column wp-block-jetpack-layout-grid__padding-none\">\n<figure class=\"wp-block-image size-medium\"><a href=\"https:\/\/www.adoptionefa.org\/boutique\/kaleidoscope\/\"><img loading=\"lazy\" decoding=\"async\" width=\"400\" height=\"512\" src=\"https:\/\/efa51.files.wordpress.com\/2020\/08\/elmer.jpg?w=234\" alt=\"\" class=\"wp-image-555\" srcset=\"https:\/\/efa51.org\/wp-content\/uploads\/2020\/08\/elmer.jpg 400w, https:\/\/efa51.org\/wp-content\/uploads\/2020\/08\/elmer-234x300.jpg 234w\" sizes=\"auto, (max-width: 400px) 100vw, 400px\" \/><\/a><\/figure>\n<\/div>\n<\/div>\n\n\n\n<div class=\"wp-block-jetpack-layout-grid alignfull column1-desktop-grid__span-4 column1-desktop-grid__row-1 column2-desktop-grid__span-4 column2-desktop-grid__start-5 column2-desktop-grid__row-1 column3-desktop-grid__span-4 column3-desktop-grid__start-9 column3-desktop-grid__row-1 column1-tablet-grid__span-4 column1-tablet-grid__row-1 column2-tablet-grid__span-4 column2-tablet-grid__start-5 column2-tablet-grid__row-1 column3-tablet-grid__span-8 column3-tablet-grid__row-2 column1-mobile-grid__span-4 column1-mobile-grid__row-1 column2-mobile-grid__span-4 column2-mobile-grid__row-2 column3-mobile-grid__span-4 column3-mobile-grid__row-3 wp-block-jetpack-layout-gutter__nowrap\">\n<div class=\"wp-block-jetpack-layout-grid-column wp-block-jetpack-layout-grid__padding-none\">\n<figure class=\"wp-block-image size-medium\"><a href=\"https:\/\/www.adoptionefa.org\/boutique\/petit-bleu-et-petit-jaune\/\"><img loading=\"lazy\" decoding=\"async\" width=\"407\" height=\"512\" src=\"https:\/\/efa51.files.wordpress.com\/2020\/08\/petitbleu_petitjaun_bis.jpg?w=238\" alt=\"\" class=\"wp-image-557\" srcset=\"https:\/\/efa51.org\/wp-content\/uploads\/2020\/08\/petitbleu_petitjaun_bis.jpg 407w, https:\/\/efa51.org\/wp-content\/uploads\/2020\/08\/petitbleu_petitjaun_bis-238x300.jpg 238w\" sizes=\"auto, (max-width: 407px) 100vw, 407px\" \/><\/a><\/figure>\n<\/div>\n\n\n\n<div class=\"wp-block-jetpack-layout-grid-column wp-block-jetpack-layout-grid__padding-none\">\n<figure class=\"wp-block-image size-medium\"><a href=\"https:\/\/www.adoptionefa.org\/boutique\/mon-drole-de-petit-frere\/\"><img loading=\"lazy\" decoding=\"async\" width=\"407\" height=\"548\" src=\"https:\/\/efa51.files.wordpress.com\/2020\/08\/drole_frere.jpg?w=223\" alt=\"\" class=\"wp-image-558\" srcset=\"https:\/\/efa51.org\/wp-content\/uploads\/2020\/08\/drole_frere.jpg 407w, https:\/\/efa51.org\/wp-content\/uploads\/2020\/08\/drole_frere-223x300.jpg 223w\" sizes=\"auto, (max-width: 407px) 100vw, 407px\" \/><\/a><\/figure>\n\n\n\n<p><\/p>\n<\/div>\n\n\n\n<div class=\"wp-block-jetpack-layout-grid-column wp-block-jetpack-layout-grid__padding-none\">\n<figure class=\"wp-block-image size-medium\"><a href=\"https:\/\/www.adoptionefa.org\/boutique\/la-cour-couleurs\/\"><img loading=\"lazy\" decoding=\"async\" width=\"401\" height=\"507\" src=\"https:\/\/efa51.files.wordpress.com\/2020\/08\/cour_couleur.jpg?w=237\" alt=\"\" class=\"wp-image-559\" srcset=\"https:\/\/efa51.org\/wp-content\/uploads\/2020\/08\/cour_couleur.jpg 401w, https:\/\/efa51.org\/wp-content\/uploads\/2020\/08\/cour_couleur-237x300.jpg 237w\" sizes=\"auto, (max-width: 401px) 100vw, 401px\" \/><\/a><\/figure>\n<\/div>\n<\/div>\n\n\n\n<div class=\"wp-block-jetpack-layout-grid alignfull column1-desktop-grid__span-4 column1-desktop-grid__row-1 column2-desktop-grid__span-4 column2-desktop-grid__start-5 column2-desktop-grid__row-1 column3-desktop-grid__span-4 column3-desktop-grid__start-9 column3-desktop-grid__row-1 column1-tablet-grid__span-4 column1-tablet-grid__row-1 column2-tablet-grid__span-4 column2-tablet-grid__start-5 column2-tablet-grid__row-1 column3-tablet-grid__span-8 column3-tablet-grid__row-2 column1-mobile-grid__span-4 column1-mobile-grid__row-1 column2-mobile-grid__span-4 column2-mobile-grid__row-2 column3-mobile-grid__span-4 column3-mobile-grid__row-3 wp-block-jetpack-layout-gutter__nowrap\">\n<div class=\"wp-block-jetpack-layout-grid-column wp-block-jetpack-layout-grid__padding-none\">\n<figure class=\"wp-block-image size-medium\"><a href=\"https:\/\/www.adoptionefa.org\/boutique\/une-petite-soeur-particuliere\/\"><img loading=\"lazy\" decoding=\"async\" width=\"407\" height=\"579\" src=\"https:\/\/efa51.files.wordpress.com\/2020\/08\/soeur-particuliere.jpg?w=211\" alt=\"\" class=\"wp-image-561\" srcset=\"https:\/\/efa51.org\/wp-content\/uploads\/2020\/08\/soeur-particuliere.jpg 407w, https:\/\/efa51.org\/wp-content\/uploads\/2020\/08\/soeur-particuliere-211x300.jpg 211w\" sizes=\"auto, (max-width: 407px) 100vw, 407px\" \/><\/a><\/figure>\n<\/div>\n\n\n\n<div class=\"wp-block-jetpack-layout-grid-column wp-block-jetpack-layout-grid__padding-none\">\n<figure class=\"wp-block-image size-medium\"><a href=\"https:\/\/www.adoptionefa.org\/boutique\/des-amis-de-toutes-les-couleurs\/\"><img loading=\"lazy\" decoding=\"async\" width=\"407\" height=\"512\" src=\"https:\/\/efa51.files.wordpress.com\/2020\/08\/amis_couleurs.jpg?w=238\" alt=\"\" class=\"wp-image-563\" srcset=\"https:\/\/efa51.org\/wp-content\/uploads\/2020\/08\/amis_couleurs.jpg 407w, https:\/\/efa51.org\/wp-content\/uploads\/2020\/08\/amis_couleurs-238x300.jpg 238w\" sizes=\"auto, (max-width: 407px) 100vw, 407px\" \/><\/a><\/figure>\n\n\n\n<p><\/p>\n<\/div>\n\n\n\n<div class=\"wp-block-jetpack-layout-grid-column wp-block-jetpack-layout-grid__padding-none\">\n<figure class=\"wp-block-image size-medium\"><a href=\"https:\/\/www.adoptionefa.org\/boutique\/un-petit-frere-pas-comme-les-autres\/\"><img loading=\"lazy\" decoding=\"async\" width=\"407\" height=\"551\" src=\"https:\/\/efa51.files.wordpress.com\/2020\/08\/frere_auttes.jpg?w=222\" alt=\"\" class=\"wp-image-565\" srcset=\"https:\/\/efa51.org\/wp-content\/uploads\/2020\/08\/frere_auttes.jpg 407w, https:\/\/efa51.org\/wp-content\/uploads\/2020\/08\/frere_auttes-222x300.jpg 222w\" sizes=\"auto, (max-width: 407px) 100vw, 407px\" \/><\/a><\/figure>\n<\/div>\n<\/div>\n\n\n\n<div class=\"wp-block-jetpack-layout-grid alignfull column1-desktop-grid__span-4 column1-desktop-grid__row-1 column2-desktop-grid__span-4 column2-desktop-grid__start-5 column2-desktop-grid__row-1 column3-desktop-grid__span-4 column3-desktop-grid__start-9 column3-desktop-grid__row-1 column1-tablet-grid__span-4 column1-tablet-grid__row-1 column2-tablet-grid__span-4 column2-tablet-grid__start-5 column2-tablet-grid__row-1 column3-tablet-grid__span-8 column3-tablet-grid__row-2 column1-mobile-grid__span-4 column1-mobile-grid__row-1 column2-mobile-grid__span-4 column2-mobile-grid__row-2 column3-mobile-grid__span-4 column3-mobile-grid__row-3 wp-block-jetpack-layout-gutter__nowrap\">\n<div class=\"wp-block-jetpack-layout-grid-column wp-block-jetpack-layout-grid__padding-none\">\n<figure class=\"wp-block-image size-medium\"><a href=\"https:\/\/www.adoptionefa.org\/boutique\/tous-differents\/\"><img loading=\"lazy\" decoding=\"async\" width=\"407\" height=\"559\" src=\"https:\/\/efa51.files.wordpress.com\/2020\/08\/tous_differnets.jpg?w=218\" alt=\"\" class=\"wp-image-566\" srcset=\"https:\/\/efa51.org\/wp-content\/uploads\/2020\/08\/tous_differnets.jpg 407w, https:\/\/efa51.org\/wp-content\/uploads\/2020\/08\/tous_differnets-218x300.jpg 218w\" sizes=\"auto, (max-width: 407px) 100vw, 407px\" \/><\/a><\/figure>\n<\/div>\n\n\n\n<div class=\"wp-block-jetpack-layout-grid-column wp-block-jetpack-layout-grid__padding-none\">\n<figure class=\"wp-block-image size-medium\"><a href=\"https:\/\/www.adoptionefa.org\/boutique\/le-grand-livre-contre-le-racisme\/\"><img loading=\"lazy\" decoding=\"async\" width=\"407\" height=\"562\" src=\"https:\/\/efa51.files.wordpress.com\/2020\/08\/grand_livre.jpg?w=217\" alt=\"\" class=\"wp-image-568\" srcset=\"https:\/\/efa51.org\/wp-content\/uploads\/2020\/08\/grand_livre.jpg 407w, https:\/\/efa51.org\/wp-content\/uploads\/2020\/08\/grand_livre-217x300.jpg 217w\" sizes=\"auto, (max-width: 407px) 100vw, 407px\" \/><\/a><\/figure>\n\n\n\n<p><\/p>\n<\/div>\n\n\n\n<div class=\"wp-block-jetpack-layout-grid-column wp-block-jetpack-layout-grid__padding-none\">\n<figure class=\"wp-block-image size-medium\"><a href=\"https:\/\/www.adoptionefa.org\/boutique\/vive-la-maternelle-nani-na-pas-damis\/\"><img loading=\"lazy\" decoding=\"async\" width=\"408\" height=\"512\" src=\"https:\/\/efa51.files.wordpress.com\/2020\/08\/nani-1.jpg?w=239\" alt=\"\" class=\"wp-image-569\" srcset=\"https:\/\/efa51.org\/wp-content\/uploads\/2020\/08\/nani-1.jpg 408w, https:\/\/efa51.org\/wp-content\/uploads\/2020\/08\/nani-1-239x300.jpg 239w\" sizes=\"auto, (max-width: 408px) 100vw, 408px\" \/><\/a><\/figure>\n<\/div>\n<\/div>\n\n\n\n<div class=\"wp-block-jetpack-layout-grid alignfull column1-desktop-grid__span-4 column1-desktop-grid__row-1 column2-desktop-grid__span-4 column2-desktop-grid__start-5 column2-desktop-grid__row-1 column3-desktop-grid__span-4 column3-desktop-grid__start-9 column3-desktop-grid__row-1 column1-tablet-grid__span-4 column1-tablet-grid__row-1 column2-tablet-grid__span-4 column2-tablet-grid__start-5 column2-tablet-grid__row-1 column3-tablet-grid__span-8 column3-tablet-grid__row-2 column1-mobile-grid__span-4 column1-mobile-grid__row-1 column2-mobile-grid__span-4 column2-mobile-grid__row-2 column3-mobile-grid__span-4 column3-mobile-grid__row-3 wp-block-jetpack-layout-gutter__nowrap\">\n<div class=\"wp-block-jetpack-layout-grid-column wp-block-jetpack-layout-grid__padding-none\">\n<figure class=\"wp-block-image size-medium\"><a href=\"https:\/\/www.adoptionefa.org\/boutique\/le-racisme-explique-a-ma-fille-suivi-de-la-montee-des-haines\/\"><img loading=\"lazy\" decoding=\"async\" width=\"407\" height=\"520\" src=\"https:\/\/efa51.files.wordpress.com\/2020\/08\/racisme.jpg?w=235\" alt=\"\" class=\"wp-image-571\" srcset=\"https:\/\/efa51.org\/wp-content\/uploads\/2020\/08\/racisme.jpg 407w, https:\/\/efa51.org\/wp-content\/uploads\/2020\/08\/racisme-235x300.jpg 235w\" sizes=\"auto, (max-width: 407px) 100vw, 407px\" \/><\/a><\/figure>\n<\/div>\n\n\n\n<div class=\"wp-block-jetpack-layout-grid-column wp-block-jetpack-layout-grid__padding-none\">\n<figure class=\"wp-block-image size-medium\"><a href=\"https:\/\/www.adoptionefa.org\/boutique\/la-fabuleuse-histoire-de-jenny-b-un-role-en-or-pour-jenny-b-un-nouveau-defi-pour-jenny-b\/\"><img loading=\"lazy\" decoding=\"async\" width=\"407\" height=\"585\" src=\"https:\/\/efa51.files.wordpress.com\/2020\/08\/jenny.jpg?w=209\" alt=\"\" class=\"wp-image-572\" srcset=\"https:\/\/efa51.org\/wp-content\/uploads\/2020\/08\/jenny.jpg 407w, https:\/\/efa51.org\/wp-content\/uploads\/2020\/08\/jenny-209x300.jpg 209w\" sizes=\"auto, (max-width: 407px) 100vw, 407px\" \/><\/a><\/figure>\n\n\n\n<p><\/p>\n<\/div>\n\n\n\n<div class=\"wp-block-jetpack-layout-grid-column wp-block-jetpack-layout-grid__padding-none\">\n<figure class=\"wp-block-image size-medium\"><a href=\"https:\/\/www.adoptionefa.org\/boutique\/jujube-1999\/\"><img loading=\"lazy\" decoding=\"async\" width=\"407\" height=\"570\" src=\"https:\/\/efa51.files.wordpress.com\/2020\/08\/jujube.jpg?w=214\" alt=\"\" class=\"wp-image-574\" srcset=\"https:\/\/efa51.org\/wp-content\/uploads\/2020\/08\/jujube.jpg 407w, https:\/\/efa51.org\/wp-content\/uploads\/2020\/08\/jujube-214x300.jpg 214w\" sizes=\"auto, (max-width: 407px) 100vw, 407px\" \/><\/a><\/figure>\n\n\n\n<p><\/p>\n<\/div>\n<\/div>\n\n\n\n<div class=\"wp-block-jetpack-layout-grid alignfull column1-desktop-grid__span-4 column1-desktop-grid__row-1 column2-desktop-grid__span-4 column2-desktop-grid__start-5 column2-desktop-grid__row-1 column3-desktop-grid__span-4 column3-desktop-grid__start-9 column3-desktop-grid__row-1 column1-tablet-grid__span-4 column1-tablet-grid__row-1 column2-tablet-grid__span-4 column2-tablet-grid__start-5 column2-tablet-grid__row-1 column3-tablet-grid__span-8 column3-tablet-grid__row-2 column1-mobile-grid__span-4 column1-mobile-grid__row-1 column2-mobile-grid__span-4 column2-mobile-grid__row-2 column3-mobile-grid__span-4 column3-mobile-grid__row-3 wp-block-jetpack-layout-gutter__nowrap\">\n<div class=\"wp-block-jetpack-layout-grid-column wp-block-jetpack-layout-grid__padding-none\">\n<figure class=\"wp-block-image size-medium\"><a href=\"https:\/\/www.adoptionefa.org\/boutique\/un-enfant-est-un-enfant-2012\/\"><img loading=\"lazy\" decoding=\"async\" width=\"407\" height=\"558\" src=\"https:\/\/efa51.files.wordpress.com\/2020\/08\/enfant_enfant.jpg?w=219\" alt=\"\" class=\"wp-image-576\" srcset=\"https:\/\/efa51.org\/wp-content\/uploads\/2020\/08\/enfant_enfant.jpg 407w, https:\/\/efa51.org\/wp-content\/uploads\/2020\/08\/enfant_enfant-219x300.jpg 219w\" sizes=\"auto, (max-width: 407px) 100vw, 407px\" \/><\/a><\/figure>\n<\/div>\n\n\n\n<div class=\"wp-block-jetpack-layout-grid-column wp-block-jetpack-layout-grid__padding-none\">\n<figure class=\"wp-block-image size-medium\"><a href=\"https:\/\/www.adoptionefa.org\/boutique\/ernest-et-celestine-les-questions-de-celestine\/\"><img loading=\"lazy\" decoding=\"async\" width=\"407\" height=\"585\" src=\"https:\/\/efa51.files.wordpress.com\/2020\/08\/celestine.jpg?w=209\" alt=\"\" class=\"wp-image-577\" srcset=\"https:\/\/efa51.org\/wp-content\/uploads\/2020\/08\/celestine.jpg 407w, https:\/\/efa51.org\/wp-content\/uploads\/2020\/08\/celestine-209x300.jpg 209w\" sizes=\"auto, (max-width: 407px) 100vw, 407px\" \/><\/a><\/figure>\n\n\n\n<p><\/p>\n<\/div>\n\n\n\n<div class=\"wp-block-jetpack-layout-grid-column wp-block-jetpack-layout-grid__padding-none\">\n<figure class=\"wp-block-image size-medium\"><a href=\"https:\/\/www.adoptionefa.org\/boutique\/tu-veux-ma-photo-2001\/\"><img loading=\"lazy\" decoding=\"async\" width=\"407\" height=\"515\" src=\"https:\/\/efa51.files.wordpress.com\/2020\/08\/photo.jpg?w=237\" alt=\"\" class=\"wp-image-578\" srcset=\"https:\/\/efa51.org\/wp-content\/uploads\/2020\/08\/photo.jpg 407w, https:\/\/efa51.org\/wp-content\/uploads\/2020\/08\/photo-237x300.jpg 237w\" sizes=\"auto, (max-width: 407px) 100vw, 407px\" \/><\/a><\/figure>\n\n\n\n<p><\/p>\n<\/div>\n<\/div>\n\n\n\n<div class=\"wp-block-jetpack-layout-grid alignfull column1-desktop-grid__span-4 column1-desktop-grid__row-1 column2-desktop-grid__span-4 column2-desktop-grid__start-5 column2-desktop-grid__row-1 column3-desktop-grid__span-4 column3-desktop-grid__start-9 column3-desktop-grid__row-1 column1-tablet-grid__span-4 column1-tablet-grid__row-1 column2-tablet-grid__span-4 column2-tablet-grid__start-5 column2-tablet-grid__row-1 column3-tablet-grid__span-8 column3-tablet-grid__row-2 column1-mobile-grid__span-4 column1-mobile-grid__row-1 column2-mobile-grid__span-4 column2-mobile-grid__row-2 column3-mobile-grid__span-4 column3-mobile-grid__row-3 wp-block-jetpack-layout-gutter__nowrap\">\n<div class=\"wp-block-jetpack-layout-grid-column wp-block-jetpack-layout-grid__padding-none\">\n<figure class=\"wp-block-image size-medium\"><a href=\"https:\/\/www.adoptionefa.org\/boutique\/mon-carnet-vietnamien-2005\/\"><img loading=\"lazy\" decoding=\"async\" width=\"407\" height=\"565\" src=\"https:\/\/efa51.files.wordpress.com\/2020\/08\/vietnam.jpg?w=216\" alt=\"\" class=\"wp-image-580\" srcset=\"https:\/\/efa51.org\/wp-content\/uploads\/2020\/08\/vietnam.jpg 407w, https:\/\/efa51.org\/wp-content\/uploads\/2020\/08\/vietnam-216x300.jpg 216w\" sizes=\"auto, (max-width: 407px) 100vw, 407px\" \/><\/a><\/figure>\n<\/div>\n\n\n\n<div class=\"wp-block-jetpack-layout-grid-column wp-block-jetpack-layout-grid__padding-none\">\n<figure class=\"wp-block-image size-medium\"><a href=\"https:\/\/www.adoptionefa.org\/boutique\/ma-petite-soeur-doccasion-2016\/\"><img loading=\"lazy\" decoding=\"async\" width=\"407\" height=\"558\" src=\"https:\/\/efa51.files.wordpress.com\/2020\/08\/occasion.jpg?w=219\" alt=\"\" class=\"wp-image-581\" srcset=\"https:\/\/efa51.org\/wp-content\/uploads\/2020\/08\/occasion.jpg 407w, https:\/\/efa51.org\/wp-content\/uploads\/2020\/08\/occasion-219x300.jpg 219w\" sizes=\"auto, (max-width: 407px) 100vw, 407px\" \/><\/a><\/figure>\n\n\n\n<p><\/p>\n<\/div>\n\n\n\n<div class=\"wp-block-jetpack-layout-grid-column wp-block-jetpack-layout-grid__padding-none\">\n<figure class=\"wp-block-image size-medium\"><a href=\"https:\/\/www.adoptionefa.org\/boutique\/nina-a-ete-adoptee-1996\/\"><img loading=\"lazy\" decoding=\"async\" width=\"407\" height=\"535\" src=\"https:\/\/efa51.files.wordpress.com\/2020\/08\/nina_adoptee.jpg?w=228\" alt=\"\" class=\"wp-image-582\" srcset=\"https:\/\/efa51.org\/wp-content\/uploads\/2020\/08\/nina_adoptee.jpg 407w, https:\/\/efa51.org\/wp-content\/uploads\/2020\/08\/nina_adoptee-228x300.jpg 228w\" sizes=\"auto, (max-width: 407px) 100vw, 407px\" \/><\/a><\/figure>\n\n\n\n<p><\/p>\n<\/div>\n<\/div>\n\n\n\n<div class=\"wp-block-jetpack-layout-grid alignfull column1-desktop-grid__span-4 column1-desktop-grid__row-1 column2-desktop-grid__span-4 column2-desktop-grid__start-5 column2-desktop-grid__row-1 column3-desktop-grid__span-4 column3-desktop-grid__start-9 column3-desktop-grid__row-1 column1-tablet-grid__span-4 column1-tablet-grid__row-1 column2-tablet-grid__span-4 column2-tablet-grid__start-5 column2-tablet-grid__row-1 column3-tablet-grid__span-8 column3-tablet-grid__row-2 column1-mobile-grid__span-4 column1-mobile-grid__row-1 column2-mobile-grid__span-4 column2-mobile-grid__row-2 column3-mobile-grid__span-4 column3-mobile-grid__row-3 wp-block-jetpack-layout-gutter__nowrap\">\n<div class=\"wp-block-jetpack-layout-grid-column wp-block-jetpack-layout-grid__padding-none\">\n<figure class=\"wp-block-image size-medium\"><a href=\"https:\/\/www.adoptionefa.org\/boutique\/un-hippocampe-dans-mon-coeur-2011\/\"><img loading=\"lazy\" decoding=\"async\" width=\"407\" height=\"570\" src=\"https:\/\/efa51.files.wordpress.com\/2020\/08\/hippocampe.jpg?w=214\" alt=\"\" class=\"wp-image-584\" srcset=\"https:\/\/efa51.org\/wp-content\/uploads\/2020\/08\/hippocampe.jpg 407w, https:\/\/efa51.org\/wp-content\/uploads\/2020\/08\/hippocampe-214x300.jpg 214w\" sizes=\"auto, (max-width: 407px) 100vw, 407px\" \/><\/a><\/figure>\n<\/div>\n\n\n\n<div class=\"wp-block-jetpack-layout-grid-column wp-block-jetpack-layout-grid__padding-none\">\n<figure class=\"wp-block-image size-medium\"><a href=\"https:\/\/www.adoptionefa.org\/boutique\/le-ciel-nous-appartient-2014\/\"><img loading=\"lazy\" decoding=\"async\" width=\"407\" height=\"526\" src=\"https:\/\/efa51.files.wordpress.com\/2020\/08\/ciel_appartient.jpg?w=232\" alt=\"\" class=\"wp-image-585\" srcset=\"https:\/\/efa51.org\/wp-content\/uploads\/2020\/08\/ciel_appartient.jpg 407w, https:\/\/efa51.org\/wp-content\/uploads\/2020\/08\/ciel_appartient-232x300.jpg 232w\" sizes=\"auto, (max-width: 407px) 100vw, 407px\" \/><\/a><\/figure>\n\n\n\n<p><\/p>\n<\/div>\n\n\n\n<div class=\"wp-block-jetpack-layout-grid-column wp-block-jetpack-layout-grid__padding-none\">\n<figure class=\"wp-block-image size-medium\"><a href=\"https:\/\/www.adoptionefa.org\/boutique\/la-cigogne-de-fer-qui-deposa-mon-frere-2014\/\"><img loading=\"lazy\" decoding=\"async\" width=\"407\" height=\"586\" src=\"https:\/\/efa51.files.wordpress.com\/2020\/08\/cigogne.jpg?w=208\" alt=\"\" class=\"wp-image-587\" srcset=\"https:\/\/efa51.org\/wp-content\/uploads\/2020\/08\/cigogne.jpg 407w, https:\/\/efa51.org\/wp-content\/uploads\/2020\/08\/cigogne-208x300.jpg 208w\" sizes=\"auto, (max-width: 407px) 100vw, 407px\" \/><\/a><\/figure>\n\n\n\n<p><\/p>\n<\/div>\n<\/div>\n\n\n\n<div class=\"wp-block-jetpack-layout-grid alignfull column1-desktop-grid__span-4 column1-desktop-grid__row-1 column2-desktop-grid__span-4 column2-desktop-grid__start-5 column2-desktop-grid__row-1 column3-desktop-grid__span-4 column3-desktop-grid__start-9 column3-desktop-grid__row-1 column1-tablet-grid__span-4 column1-tablet-grid__row-1 column2-tablet-grid__span-4 column2-tablet-grid__start-5 column2-tablet-grid__row-1 column3-tablet-grid__span-8 column3-tablet-grid__row-2 column1-mobile-grid__span-4 column1-mobile-grid__row-1 column2-mobile-grid__span-4 column2-mobile-grid__row-2 column3-mobile-grid__span-4 column3-mobile-grid__row-3 wp-block-jetpack-layout-gutter__nowrap\">\n<div class=\"wp-block-jetpack-layout-grid-column wp-block-jetpack-layout-grid__padding-none\">\n<figure class=\"wp-block-image size-medium\"><a href=\"https:\/\/www.adoptionefa.org\/boutique\/dis-maman-raconte-moi-ton-histoire-2015\/\"><img loading=\"lazy\" decoding=\"async\" width=\"407\" height=\"342\" src=\"https:\/\/efa51.files.wordpress.com\/2020\/08\/maman_raconte.jpg?w=300\" alt=\"\" class=\"wp-image-588\" srcset=\"https:\/\/efa51.org\/wp-content\/uploads\/2020\/08\/maman_raconte.jpg 407w, https:\/\/efa51.org\/wp-content\/uploads\/2020\/08\/maman_raconte-300x252.jpg 300w\" sizes=\"auto, (max-width: 407px) 100vw, 407px\" \/><\/a><\/figure>\n<\/div>\n\n\n\n<div class=\"wp-block-jetpack-layout-grid-column wp-block-jetpack-layout-grid__padding-none\">\n<figure class=\"wp-block-image size-medium\"><a href=\"https:\/\/www.adoptionefa.org\/boutique\/mon-nouveau-frere-2004\/\"><img loading=\"lazy\" decoding=\"async\" width=\"407\" height=\"572\" src=\"https:\/\/efa51.files.wordpress.com\/2020\/08\/nouveau_frere.jpg?w=213\" alt=\"\" class=\"wp-image-590\" srcset=\"https:\/\/efa51.org\/wp-content\/uploads\/2020\/08\/nouveau_frere.jpg 407w, https:\/\/efa51.org\/wp-content\/uploads\/2020\/08\/nouveau_frere-213x300.jpg 213w\" sizes=\"auto, (max-width: 407px) 100vw, 407px\" \/><\/a><\/figure>\n\n\n\n<p><\/p>\n<\/div>\n\n\n\n<div class=\"wp-block-jetpack-layout-grid-column wp-block-jetpack-layout-grid__padding-none\">\n<figure class=\"wp-block-image size-medium\"><a href=\"https:\/\/www.adoptionefa.org\/boutique\/ralph-le-geant-2002\/\"><img loading=\"lazy\" decoding=\"async\" width=\"407\" height=\"560\" src=\"https:\/\/efa51.files.wordpress.com\/2020\/08\/ralph.jpg?w=218\" alt=\"\" class=\"wp-image-591\" srcset=\"https:\/\/efa51.org\/wp-content\/uploads\/2020\/08\/ralph.jpg 407w, https:\/\/efa51.org\/wp-content\/uploads\/2020\/08\/ralph-218x300.jpg 218w\" sizes=\"auto, (max-width: 407px) 100vw, 407px\" \/><\/a><\/figure>\n\n\n\n<p><\/p>\n<\/div>\n<\/div>\n\n\n\n<div class=\"wp-block-jetpack-layout-grid alignfull column1-desktop-grid__span-4 column1-desktop-grid__row-1 column2-desktop-grid__span-4 column2-desktop-grid__start-5 column2-desktop-grid__row-1 column3-desktop-grid__span-4 column3-desktop-grid__start-9 column3-desktop-grid__row-1 column1-tablet-grid__span-4 column1-tablet-grid__row-1 column2-tablet-grid__span-4 column2-tablet-grid__start-5 column2-tablet-grid__row-1 column3-tablet-grid__span-8 column3-tablet-grid__row-2 column1-mobile-grid__span-4 column1-mobile-grid__row-1 column2-mobile-grid__span-4 column2-mobile-grid__row-2 column3-mobile-grid__span-4 column3-mobile-grid__row-3 wp-block-jetpack-layout-gutter__nowrap\">\n<div class=\"wp-block-jetpack-layout-grid-column wp-block-jetpack-layout-grid__padding-none\">\n<figure class=\"wp-block-image size-medium\"><a href=\"https:\/\/www.adoptionefa.org\/boutique\/les-mots-de-feng-2013\/\"><img loading=\"lazy\" decoding=\"async\" width=\"401\" height=\"512\" src=\"https:\/\/efa51.files.wordpress.com\/2020\/08\/les_mots_de_feng.jpg?w=235\" alt=\"\" class=\"wp-image-592\" srcset=\"https:\/\/efa51.org\/wp-content\/uploads\/2020\/08\/les_mots_de_feng.jpg 401w, https:\/\/efa51.org\/wp-content\/uploads\/2020\/08\/les_mots_de_feng-235x300.jpg 235w\" sizes=\"auto, (max-width: 401px) 100vw, 401px\" \/><\/a><\/figure>\n<\/div>\n\n\n\n<div class=\"wp-block-jetpack-layout-grid-column wp-block-jetpack-layout-grid__padding-none\">\n<figure class=\"wp-block-image size-medium\"><a href=\"https:\/\/www.adoptionefa.org\/boutique\/les-dents-du-bonheur2008\/\"><img loading=\"lazy\" decoding=\"async\" width=\"407\" height=\"554\" src=\"https:\/\/efa51.files.wordpress.com\/2020\/08\/dent.jpg?w=220\" alt=\"\" class=\"wp-image-594\" srcset=\"https:\/\/efa51.org\/wp-content\/uploads\/2020\/08\/dent.jpg 407w, https:\/\/efa51.org\/wp-content\/uploads\/2020\/08\/dent-220x300.jpg 220w\" sizes=\"auto, (max-width: 407px) 100vw, 407px\" \/><\/a><\/figure>\n\n\n\n<p><\/p>\n<\/div>\n\n\n\n<div class=\"wp-block-jetpack-layout-grid-column wp-block-jetpack-layout-grid__padding-none\">\n<figure class=\"wp-block-image size-medium\"><a href=\"https:\/\/www.adoptionefa.org\/boutique\/les-jumeaux-de-lile-rouge-2014\/\"><img loading=\"lazy\" decoding=\"async\" width=\"407\" height=\"530\" src=\"https:\/\/efa51.files.wordpress.com\/2020\/08\/jumeaux.jpg?w=230\" alt=\"\" class=\"wp-image-596\" srcset=\"https:\/\/efa51.org\/wp-content\/uploads\/2020\/08\/jumeaux.jpg 407w, https:\/\/efa51.org\/wp-content\/uploads\/2020\/08\/jumeaux-230x300.jpg 230w\" sizes=\"auto, (max-width: 407px) 100vw, 407px\" \/><\/a><\/figure>\n\n\n\n<p><\/p>\n<\/div>\n<\/div>\n\n\n\n<div class=\"wp-block-jetpack-layout-grid alignfull column1-desktop-grid__span-4 column1-desktop-grid__row-1 column2-desktop-grid__span-4 column2-desktop-grid__start-5 column2-desktop-grid__row-1 column3-desktop-grid__span-4 column3-desktop-grid__start-9 column3-desktop-grid__row-1 column1-tablet-grid__span-4 column1-tablet-grid__row-1 column2-tablet-grid__span-4 column2-tablet-grid__start-5 column2-tablet-grid__row-1 column3-tablet-grid__span-8 column3-tablet-grid__row-2 column1-mobile-grid__span-4 column1-mobile-grid__row-1 column2-mobile-grid__span-4 column2-mobile-grid__row-2 column3-mobile-grid__span-4 column3-mobile-grid__row-3 wp-block-jetpack-layout-gutter__nowrap\">\n<div class=\"wp-block-jetpack-layout-grid-column wp-block-jetpack-layout-grid__padding-none\">\n<figure class=\"wp-block-image size-medium\"><a href=\"https:\/\/www.adoptionefa.org\/boutique\/une-famille-pour-de-bon-2006\/\"><img loading=\"lazy\" decoding=\"async\" width=\"407\" height=\"558\" src=\"https:\/\/efa51.files.wordpress.com\/2020\/08\/famille_bon.jpg?w=219\" alt=\"\" class=\"wp-image-597\" srcset=\"https:\/\/efa51.org\/wp-content\/uploads\/2020\/08\/famille_bon.jpg 407w, https:\/\/efa51.org\/wp-content\/uploads\/2020\/08\/famille_bon-219x300.jpg 219w\" sizes=\"auto, (max-width: 407px) 100vw, 407px\" \/><\/a><\/figure>\n<\/div>\n\n\n\n<div class=\"wp-block-jetpack-layout-grid-column wp-block-jetpack-layout-grid__padding-none\">\n<figure class=\"wp-block-image size-medium\"><a href=\"https:\/\/www.adoptionefa.org\/boutique\/lenfant-du-seisme-2015\/\"><img loading=\"lazy\" decoding=\"async\" width=\"407\" height=\"569\" src=\"https:\/\/efa51.files.wordpress.com\/2020\/08\/seisme_noel.jpg?w=215\" alt=\"\" class=\"wp-image-598\" srcset=\"https:\/\/efa51.org\/wp-content\/uploads\/2020\/08\/seisme_noel.jpg 407w, https:\/\/efa51.org\/wp-content\/uploads\/2020\/08\/seisme_noel-215x300.jpg 215w\" sizes=\"auto, (max-width: 407px) 100vw, 407px\" \/><\/a><\/figure>\n\n\n\n<p><\/p>\n<\/div>\n\n\n\n<div class=\"wp-block-jetpack-layout-grid-column wp-block-jetpack-layout-grid__padding-none\">\n<figure class=\"wp-block-image size-medium\"><a href=\"https:\/\/www.adoptionefa.org\/boutique\/ma-petite-soeur-du-seisme-2015\/\"><img loading=\"lazy\" decoding=\"async\" width=\"407\" height=\"547\" src=\"https:\/\/efa51.files.wordpress.com\/2020\/08\/soeur_seisme.jpg?w=223\" alt=\"\" class=\"wp-image-599\" srcset=\"https:\/\/efa51.org\/wp-content\/uploads\/2020\/08\/soeur_seisme.jpg 407w, https:\/\/efa51.org\/wp-content\/uploads\/2020\/08\/soeur_seisme-223x300.jpg 223w\" sizes=\"auto, (max-width: 407px) 100vw, 407px\" \/><\/a><\/figure>\n\n\n\n<p><\/p>\n<\/div>\n<\/div>\n\n\n\n<div class=\"wp-block-jetpack-layout-grid alignfull column1-desktop-grid__span-4 column1-desktop-grid__row-1 column2-desktop-grid__span-4 column2-desktop-grid__start-5 column2-desktop-grid__row-1 column3-desktop-grid__span-4 column3-desktop-grid__start-9 column3-desktop-grid__row-1 column1-tablet-grid__span-4 column1-tablet-grid__row-1 column2-tablet-grid__span-4 column2-tablet-grid__start-5 column2-tablet-grid__row-1 column3-tablet-grid__span-8 column3-tablet-grid__row-2 column1-mobile-grid__span-4 column1-mobile-grid__row-1 column2-mobile-grid__span-4 column2-mobile-grid__row-2 column3-mobile-grid__span-4 column3-mobile-grid__row-3 wp-block-jetpack-layout-gutter__nowrap\">\n<div class=\"wp-block-jetpack-layout-grid-column wp-block-jetpack-layout-grid__padding-none\">\n<figure class=\"wp-block-image size-medium\"><a href=\"https:\/\/www.adoptionefa.org\/boutique\/sauveur-fils-saison-1-2016\/\"><img loading=\"lazy\" decoding=\"async\" width=\"407\" height=\"543\" src=\"https:\/\/efa51.files.wordpress.com\/2020\/08\/sauveur.jpg?w=225\" alt=\"\" class=\"wp-image-600\" srcset=\"https:\/\/efa51.org\/wp-content\/uploads\/2020\/08\/sauveur.jpg 407w, https:\/\/efa51.org\/wp-content\/uploads\/2020\/08\/sauveur-225x300.jpg 225w\" sizes=\"auto, (max-width: 407px) 100vw, 407px\" \/><\/a><\/figure>\n<\/div>\n\n\n\n<div class=\"wp-block-jetpack-layout-grid-column wp-block-jetpack-layout-grid__padding-none\">\n<figure class=\"wp-block-image size-medium\"><a href=\"https:\/\/www.adoptionefa.org\/boutique\/les-deux-mamans-de-petirou-2001\/\"><img loading=\"lazy\" decoding=\"async\" width=\"407\" height=\"594\" src=\"https:\/\/efa51.files.wordpress.com\/2020\/08\/petitrou.jpg?w=206\" alt=\"\" class=\"wp-image-601\" srcset=\"https:\/\/efa51.org\/wp-content\/uploads\/2020\/08\/petitrou.jpg 407w, https:\/\/efa51.org\/wp-content\/uploads\/2020\/08\/petitrou-206x300.jpg 206w\" sizes=\"auto, (max-width: 407px) 100vw, 407px\" \/><\/a><\/figure>\n\n\n\n<p><\/p>\n<\/div>\n\n\n\n<div class=\"wp-block-jetpack-layout-grid-column wp-block-jetpack-layout-grid__padding-none\">\n<figure class=\"wp-block-image size-medium\"><a href=\"https:\/\/www.adoptionefa.org\/boutique\/emilio-mon-frere-1996\/\"><img loading=\"lazy\" decoding=\"async\" width=\"407\" height=\"569\" src=\"https:\/\/efa51.files.wordpress.com\/2020\/08\/emilio.jpg?w=215\" alt=\"\" class=\"wp-image-602\" srcset=\"https:\/\/efa51.org\/wp-content\/uploads\/2020\/08\/emilio.jpg 407w, https:\/\/efa51.org\/wp-content\/uploads\/2020\/08\/emilio-215x300.jpg 215w\" sizes=\"auto, (max-width: 407px) 100vw, 407px\" \/><\/a><\/figure>\n\n\n\n<p><\/p>\n<\/div>\n<\/div>\n\n\n\n<div class=\"wp-block-jetpack-layout-grid alignfull column1-desktop-grid__span-4 column1-desktop-grid__row-1 column2-desktop-grid__span-4 column2-desktop-grid__start-5 column2-desktop-grid__row-1 column3-desktop-grid__span-4 column3-desktop-grid__start-9 column3-desktop-grid__row-1 column1-tablet-grid__span-4 column1-tablet-grid__row-1 column2-tablet-grid__span-4 column2-tablet-grid__start-5 column2-tablet-grid__row-1 column3-tablet-grid__span-8 column3-tablet-grid__row-2 column1-mobile-grid__span-4 column1-mobile-grid__row-1 column2-mobile-grid__span-4 column2-mobile-grid__row-2 column3-mobile-grid__span-4 column3-mobile-grid__row-3 wp-block-jetpack-layout-gutter__nowrap\">\n<div class=\"wp-block-jetpack-layout-grid-column wp-block-jetpack-layout-grid__padding-none\">\n<figure class=\"wp-block-image size-medium\"><a href=\"https:\/\/www.adoptionefa.org\/boutique\/maman-de-ventre-maman-de-coeur-2015\/\"><img loading=\"lazy\" decoding=\"async\" width=\"407\" height=\"524\" src=\"https:\/\/efa51.files.wordpress.com\/2020\/08\/ventre.jpg?w=233\" alt=\"\" class=\"wp-image-603\" srcset=\"https:\/\/efa51.org\/wp-content\/uploads\/2020\/08\/ventre.jpg 407w, https:\/\/efa51.org\/wp-content\/uploads\/2020\/08\/ventre-233x300.jpg 233w\" sizes=\"auto, (max-width: 407px) 100vw, 407px\" \/><\/a><\/figure>\n<\/div>\n\n\n\n<div class=\"wp-block-jetpack-layout-grid-column wp-block-jetpack-layout-grid__padding-none\">\n<figure class=\"wp-block-image size-medium\"><a href=\"https:\/\/www.adoptionefa.org\/boutique\/dun-monde-a-lautre-2008\/\"><img loading=\"lazy\" decoding=\"async\" width=\"407\" height=\"554\" src=\"https:\/\/efa51.files.wordpress.com\/2020\/08\/monde_autre.jpg?w=220\" alt=\"\" class=\"wp-image-604\" srcset=\"https:\/\/efa51.org\/wp-content\/uploads\/2020\/08\/monde_autre.jpg 407w, https:\/\/efa51.org\/wp-content\/uploads\/2020\/08\/monde_autre-220x300.jpg 220w\" sizes=\"auto, (max-width: 407px) 100vw, 407px\" \/><\/a><\/figure>\n\n\n\n<p><\/p>\n<\/div>\n\n\n\n<div class=\"wp-block-jetpack-layout-grid-column wp-block-jetpack-layout-grid__padding-none\">\n<figure class=\"wp-block-image size-medium\"><a href=\"https:\/\/www.adoptionefa.org\/boutique\/la-grande-vague\/\"><img loading=\"lazy\" decoding=\"async\" width=\"407\" height=\"536\" src=\"https:\/\/efa51.files.wordpress.com\/2020\/08\/grande_vague.jpg?w=228\" alt=\"\" class=\"wp-image-605\" srcset=\"https:\/\/efa51.org\/wp-content\/uploads\/2020\/08\/grande_vague.jpg 407w, https:\/\/efa51.org\/wp-content\/uploads\/2020\/08\/grande_vague-228x300.jpg 228w\" sizes=\"auto, (max-width: 407px) 100vw, 407px\" \/><\/a><\/figure>\n\n\n\n<p><\/p>\n<\/div>\n<\/div>\n\n\n\n<div class=\"wp-block-jetpack-layout-grid alignfull column1-desktop-grid__span-4 column1-desktop-grid__row-1 column2-desktop-grid__span-4 column2-desktop-grid__start-5 column2-desktop-grid__row-1 column3-desktop-grid__span-4 column3-desktop-grid__start-9 column3-desktop-grid__row-1 column1-tablet-grid__span-4 column1-tablet-grid__row-1 column2-tablet-grid__span-4 column2-tablet-grid__start-5 column2-tablet-grid__row-1 column3-tablet-grid__span-8 column3-tablet-grid__row-2 column1-mobile-grid__span-4 column1-mobile-grid__row-1 column2-mobile-grid__span-4 column2-mobile-grid__row-2 column3-mobile-grid__span-4 column3-mobile-grid__row-3 wp-block-jetpack-layout-gutter__nowrap\">\n<div class=\"wp-block-jetpack-layout-grid-column wp-block-jetpack-layout-grid__padding-none\">\n<figure class=\"wp-block-image size-medium\"><a href=\"https:\/\/www.adoptionefa.org\/boutique\/trois-fois-rien-qui-font-tout-2015\/\"><img loading=\"lazy\" decoding=\"async\" width=\"407\" height=\"563\" src=\"https:\/\/efa51.files.wordpress.com\/2020\/08\/trois_fois_rien.jpg?w=217\" alt=\"\" class=\"wp-image-606\" srcset=\"https:\/\/efa51.org\/wp-content\/uploads\/2020\/08\/trois_fois_rien.jpg 407w, https:\/\/efa51.org\/wp-content\/uploads\/2020\/08\/trois_fois_rien-217x300.jpg 217w\" sizes=\"auto, (max-width: 407px) 100vw, 407px\" \/><\/a><\/figure>\n<\/div>\n\n\n\n<div class=\"wp-block-jetpack-layout-grid-column wp-block-jetpack-layout-grid__padding-none\">\n<figure class=\"wp-block-image size-medium\"><a href=\"https:\/\/www.adoptionefa.org\/boutique\/tu-es-trop-grand-georges-2011\/\"><img loading=\"lazy\" decoding=\"async\" width=\"407\" height=\"564\" src=\"https:\/\/efa51.files.wordpress.com\/2020\/08\/georges.jpg?w=216\" alt=\"\" class=\"wp-image-607\" srcset=\"https:\/\/efa51.org\/wp-content\/uploads\/2020\/08\/georges.jpg 407w, https:\/\/efa51.org\/wp-content\/uploads\/2020\/08\/georges-216x300.jpg 216w\" sizes=\"auto, (max-width: 407px) 100vw, 407px\" \/><\/a><\/figure>\n\n\n\n<p><\/p>\n<\/div>\n\n\n\n<div class=\"wp-block-jetpack-layout-grid-column wp-block-jetpack-layout-grid__padding-none\">\n<figure class=\"wp-block-image size-medium\"><a href=\"https:\/\/www.adoptionefa.org\/boutique\/leopoldine-a-des-parents-de-coeur-2001\/\"><img loading=\"lazy\" decoding=\"async\" width=\"407\" height=\"524\" src=\"https:\/\/efa51.files.wordpress.com\/2020\/08\/leopoldine.jpg?w=233\" alt=\"\" class=\"wp-image-608\" srcset=\"https:\/\/efa51.org\/wp-content\/uploads\/2020\/08\/leopoldine.jpg 407w, https:\/\/efa51.org\/wp-content\/uploads\/2020\/08\/leopoldine-233x300.jpg 233w\" sizes=\"auto, (max-width: 407px) 100vw, 407px\" \/><\/a><\/figure>\n\n\n\n<p><\/p>\n<\/div>\n<\/div>\n\n\n\n<div class=\"wp-block-jetpack-layout-grid alignfull column1-desktop-grid__span-4 column1-desktop-grid__row-1 column2-desktop-grid__span-4 column2-desktop-grid__start-5 column2-desktop-grid__row-1 column3-desktop-grid__span-4 column3-desktop-grid__start-9 column3-desktop-grid__row-1 column1-tablet-grid__span-4 column1-tablet-grid__row-1 column2-tablet-grid__span-4 column2-tablet-grid__start-5 column2-tablet-grid__row-1 column3-tablet-grid__span-8 column3-tablet-grid__row-2 column1-mobile-grid__span-4 column1-mobile-grid__row-1 column2-mobile-grid__span-4 column2-mobile-grid__row-2 column3-mobile-grid__span-4 column3-mobile-grid__row-3 wp-block-jetpack-layout-gutter__nowrap\">\n<div class=\"wp-block-jetpack-layout-grid-column wp-block-jetpack-layout-grid__padding-none\">\n<figure class=\"wp-block-image size-medium\"><a href=\"https:\/\/www.adoptionefa.org\/boutique\/embardee-2015\/\"><img loading=\"lazy\" decoding=\"async\" width=\"407\" height=\"556\" src=\"https:\/\/efa51.files.wordpress.com\/2020\/08\/embardee.jpg?w=220\" alt=\"\" class=\"wp-image-609\" srcset=\"https:\/\/efa51.org\/wp-content\/uploads\/2020\/08\/embardee.jpg 407w, https:\/\/efa51.org\/wp-content\/uploads\/2020\/08\/embardee-220x300.jpg 220w\" sizes=\"auto, (max-width: 407px) 100vw, 407px\" \/><\/a><\/figure>\n<\/div>\n\n\n\n<div class=\"wp-block-jetpack-layout-grid-column wp-block-jetpack-layout-grid__padding-none\">\n<figure class=\"wp-block-image size-medium\"><a href=\"https:\/\/www.adoptionefa.org\/boutique\/ladoption-des-ados-en-parlent-2015\/\"><img loading=\"lazy\" decoding=\"async\" width=\"407\" height=\"558\" src=\"https:\/\/efa51.files.wordpress.com\/2020\/08\/racontent.jpg?w=219\" alt=\"\" class=\"wp-image-610\" srcset=\"https:\/\/efa51.org\/wp-content\/uploads\/2020\/08\/racontent.jpg 407w, https:\/\/efa51.org\/wp-content\/uploads\/2020\/08\/racontent-219x300.jpg 219w\" sizes=\"auto, (max-width: 407px) 100vw, 407px\" \/><\/a><\/figure>\n\n\n\n<p><\/p>\n<\/div>\n\n\n\n<div class=\"wp-block-jetpack-layout-grid-column wp-block-jetpack-layout-grid__padding-none\">\n<figure class=\"wp-block-image size-medium\"><a href=\"https:\/\/www.adoptionefa.org\/boutique\/noir-grand-2012\/\"><img loading=\"lazy\" decoding=\"async\" width=\"407\" height=\"536\" src=\"https:\/\/efa51.files.wordpress.com\/2020\/08\/noir_grand.jpg?w=228\" alt=\"\" class=\"wp-image-612\" srcset=\"https:\/\/efa51.org\/wp-content\/uploads\/2020\/08\/noir_grand.jpg 407w, https:\/\/efa51.org\/wp-content\/uploads\/2020\/08\/noir_grand-228x300.jpg 228w\" sizes=\"auto, (max-width: 407px) 100vw, 407px\" \/><\/a><\/figure>\n\n\n\n<p><\/p>\n<\/div>\n<\/div>\n\n\n\n<div class=\"wp-block-jetpack-layout-grid alignfull column1-desktop-grid__span-4 column1-desktop-grid__row-1 column2-desktop-grid__span-4 column2-desktop-grid__start-5 column2-desktop-grid__row-1 column3-desktop-grid__span-4 column3-desktop-grid__start-9 column3-desktop-grid__row-1 column1-tablet-grid__span-4 column1-tablet-grid__row-1 column2-tablet-grid__span-4 column2-tablet-grid__start-5 column2-tablet-grid__row-1 column3-tablet-grid__span-8 column3-tablet-grid__row-2 column1-mobile-grid__span-4 column1-mobile-grid__row-1 column2-mobile-grid__span-4 column2-mobile-grid__row-2 column3-mobile-grid__span-4 column3-mobile-grid__row-3 wp-block-jetpack-layout-gutter__nowrap\">\n<div class=\"wp-block-jetpack-layout-grid-column wp-block-jetpack-layout-grid__padding-none\">\n<figure class=\"wp-block-image size-medium\"><a href=\"https:\/\/www.adoptionefa.org\/boutique\/toute-petite-souris-2000\/\"><img loading=\"lazy\" decoding=\"async\" width=\"407\" height=\"567\" src=\"https:\/\/efa51.files.wordpress.com\/2020\/08\/petite_souris.jpg?w=215\" alt=\"\" class=\"wp-image-613\" srcset=\"https:\/\/efa51.org\/wp-content\/uploads\/2020\/08\/petite_souris.jpg 407w, https:\/\/efa51.org\/wp-content\/uploads\/2020\/08\/petite_souris-215x300.jpg 215w\" sizes=\"auto, (max-width: 407px) 100vw, 407px\" \/><\/a><\/figure>\n<\/div>\n\n\n\n<div class=\"wp-block-jetpack-layout-grid-column wp-block-jetpack-layout-grid__padding-none\">\n<figure class=\"wp-block-image size-medium\"><a href=\"https:\/\/www.adoptionefa.org\/boutique\/les-2-anniversaires-dariane-2009\/\"><img loading=\"lazy\" decoding=\"async\" width=\"407\" height=\"547\" src=\"https:\/\/efa51.files.wordpress.com\/2020\/08\/ariane.jpg?w=223\" alt=\"\" class=\"wp-image-614\" srcset=\"https:\/\/efa51.org\/wp-content\/uploads\/2020\/08\/ariane.jpg 407w, https:\/\/efa51.org\/wp-content\/uploads\/2020\/08\/ariane-223x300.jpg 223w\" sizes=\"auto, (max-width: 407px) 100vw, 407px\" \/><\/a><\/figure>\n\n\n\n<p><\/p>\n<\/div>\n\n\n\n<div class=\"wp-block-jetpack-layout-grid-column wp-block-jetpack-layout-grid__padding-none\">\n<figure class=\"wp-block-image size-medium\"><a href=\"https:\/\/www.adoptionefa.org\/boutique\/ma-mere-zero-2010\/\"><img loading=\"lazy\" decoding=\"async\" width=\"407\" height=\"547\" src=\"https:\/\/efa51.files.wordpress.com\/2020\/08\/zeron.jpg?w=223\" alt=\"\" class=\"wp-image-615\" srcset=\"https:\/\/efa51.org\/wp-content\/uploads\/2020\/08\/zeron.jpg 407w, https:\/\/efa51.org\/wp-content\/uploads\/2020\/08\/zeron-223x300.jpg 223w\" sizes=\"auto, (max-width: 407px) 100vw, 407px\" \/><\/a><\/figure>\n\n\n\n<p><\/p>\n<\/div>\n<\/div>\n\n\n\n<div class=\"wp-block-jetpack-layout-grid alignfull column1-desktop-grid__span-4 column1-desktop-grid__row-1 column2-desktop-grid__span-4 column2-desktop-grid__start-5 column2-desktop-grid__row-1 column3-desktop-grid__span-4 column3-desktop-grid__start-9 column3-desktop-grid__row-1 column1-tablet-grid__span-4 column1-tablet-grid__row-1 column2-tablet-grid__span-4 column2-tablet-grid__start-5 column2-tablet-grid__row-1 column3-tablet-grid__span-8 column3-tablet-grid__row-2 column1-mobile-grid__span-4 column1-mobile-grid__row-1 column2-mobile-grid__span-4 column2-mobile-grid__row-2 column3-mobile-grid__span-4 column3-mobile-grid__row-3 wp-block-jetpack-layout-gutter__nowrap\">\n<div class=\"wp-block-jetpack-layout-grid-column wp-block-jetpack-layout-grid__padding-none\">\n<figure class=\"wp-block-image size-medium\"><a href=\"https:\/\/www.adoptionefa.org\/boutique\/lete-ou-je-suis-ne-2011\/\"><img loading=\"lazy\" decoding=\"async\" width=\"407\" height=\"525\" src=\"https:\/\/efa51.files.wordpress.com\/2020\/08\/ete_ou_je_suis_ne.jpg?w=233\" alt=\"\" class=\"wp-image-616\" srcset=\"https:\/\/efa51.org\/wp-content\/uploads\/2020\/08\/ete_ou_je_suis_ne.jpg 407w, https:\/\/efa51.org\/wp-content\/uploads\/2020\/08\/ete_ou_je_suis_ne-233x300.jpg 233w\" sizes=\"auto, (max-width: 407px) 100vw, 407px\" \/><\/a><\/figure>\n<\/div>\n\n\n\n<div class=\"wp-block-jetpack-layout-grid-column wp-block-jetpack-layout-grid__padding-none\">\n<figure class=\"wp-block-image size-medium\"><a href=\"https:\/\/www.adoptionefa.org\/boutique\/blood-family-2015\/\"><img loading=\"lazy\" decoding=\"async\" width=\"407\" height=\"550\" src=\"https:\/\/efa51.files.wordpress.com\/2020\/08\/blood.jpg?w=222\" alt=\"\" class=\"wp-image-617\" srcset=\"https:\/\/efa51.org\/wp-content\/uploads\/2020\/08\/blood.jpg 407w, https:\/\/efa51.org\/wp-content\/uploads\/2020\/08\/blood-222x300.jpg 222w\" sizes=\"auto, (max-width: 407px) 100vw, 407px\" \/><\/a><\/figure>\n\n\n\n<p><\/p>\n<\/div>\n\n\n\n<div class=\"wp-block-jetpack-layout-grid-column wp-block-jetpack-layout-grid__padding-none\">\n<figure class=\"wp-block-image size-medium\"><a href=\"https:\/\/www.adoptionefa.org\/boutique\/mille-et-une-familles-2014\/\"><img loading=\"lazy\" decoding=\"async\" width=\"407\" height=\"534\" src=\"https:\/\/efa51.files.wordpress.com\/2020\/08\/mille_une_famille.jpg?w=229\" alt=\"\" class=\"wp-image-618\" srcset=\"https:\/\/efa51.org\/wp-content\/uploads\/2020\/08\/mille_une_famille.jpg 407w, https:\/\/efa51.org\/wp-content\/uploads\/2020\/08\/mille_une_famille-229x300.jpg 229w\" sizes=\"auto, (max-width: 407px) 100vw, 407px\" \/><\/a><\/figure>\n\n\n\n<p><\/p>\n<\/div>\n<\/div>\n\n\n\n<div class=\"wp-block-jetpack-layout-grid alignfull column1-desktop-grid__span-4 column1-desktop-grid__row-1 column2-desktop-grid__span-4 column2-desktop-grid__start-5 column2-desktop-grid__row-1 column3-desktop-grid__span-4 column3-desktop-grid__start-9 column3-desktop-grid__row-1 column1-tablet-grid__span-4 column1-tablet-grid__row-1 column2-tablet-grid__span-4 column2-tablet-grid__start-5 column2-tablet-grid__row-1 column3-tablet-grid__span-8 column3-tablet-grid__row-2 column1-mobile-grid__span-4 column1-mobile-grid__row-1 column2-mobile-grid__span-4 column2-mobile-grid__row-2 column3-mobile-grid__span-4 column3-mobile-grid__row-3 wp-block-jetpack-layout-gutter__nowrap\">\n<div class=\"wp-block-jetpack-layout-grid-column wp-block-jetpack-layout-grid__padding-none\">\n<figure class=\"wp-block-image size-medium\"><a href=\"https:\/\/www.adoptionefa.org\/boutique\/ne-sur-x\/\"><img loading=\"lazy\" decoding=\"async\" width=\"407\" height=\"568\" src=\"https:\/\/efa51.files.wordpress.com\/2020\/08\/ne_sur_x.jpg?w=215\" alt=\"\" class=\"wp-image-619\" srcset=\"https:\/\/efa51.org\/wp-content\/uploads\/2020\/08\/ne_sur_x.jpg 407w, https:\/\/efa51.org\/wp-content\/uploads\/2020\/08\/ne_sur_x-215x300.jpg 215w\" sizes=\"auto, (max-width: 407px) 100vw, 407px\" \/><\/a><\/figure>\n<\/div>\n\n\n\n<div class=\"wp-block-jetpack-layout-grid-column wp-block-jetpack-layout-grid__padding-none\">\n<figure class=\"wp-block-image size-medium\"><a href=\"https:\/\/www.adoptionefa.org\/boutique\/brille-petite-ourse-2010\/\"><img loading=\"lazy\" decoding=\"async\" width=\"407\" height=\"512\" src=\"https:\/\/efa51.files.wordpress.com\/2020\/08\/brille_ours.jpg?w=238\" alt=\"\" class=\"wp-image-620\" srcset=\"https:\/\/efa51.org\/wp-content\/uploads\/2020\/08\/brille_ours.jpg 407w, https:\/\/efa51.org\/wp-content\/uploads\/2020\/08\/brille_ours-238x300.jpg 238w\" sizes=\"auto, (max-width: 407px) 100vw, 407px\" \/><\/a><\/figure>\n\n\n\n<p><\/p>\n<\/div>\n\n\n\n<div class=\"wp-block-jetpack-layout-grid-column wp-block-jetpack-layout-grid__padding-none\">\n<figure class=\"wp-block-image size-medium\"><a href=\"https:\/\/www.adoptionefa.org\/boutique\/marine-1998\/\"><img loading=\"lazy\" decoding=\"async\" width=\"407\" height=\"569\" src=\"https:\/\/efa51.files.wordpress.com\/2020\/08\/marine.jpg?w=215\" alt=\"\" class=\"wp-image-621\" srcset=\"https:\/\/efa51.org\/wp-content\/uploads\/2020\/08\/marine.jpg 407w, https:\/\/efa51.org\/wp-content\/uploads\/2020\/08\/marine-215x300.jpg 215w\" sizes=\"auto, (max-width: 407px) 100vw, 407px\" \/><\/a><\/figure>\n\n\n\n<p><\/p>\n<\/div>\n<\/div>\n\n\n\n<div class=\"wp-block-jetpack-layout-grid alignfull column1-desktop-grid__span-4 column1-desktop-grid__row-1 column2-desktop-grid__span-4 column2-desktop-grid__start-5 column2-desktop-grid__row-1 column3-desktop-grid__span-4 column3-desktop-grid__start-9 column3-desktop-grid__row-1 column1-tablet-grid__span-4 column1-tablet-grid__row-1 column2-tablet-grid__span-4 column2-tablet-grid__start-5 column2-tablet-grid__row-1 column3-tablet-grid__span-8 column3-tablet-grid__row-2 column1-mobile-grid__span-4 column1-mobile-grid__row-1 column2-mobile-grid__span-4 column2-mobile-grid__row-2 column3-mobile-grid__span-4 column3-mobile-grid__row-3 wp-block-jetpack-layout-gutter__nowrap\">\n<div class=\"wp-block-jetpack-layout-grid-column wp-block-jetpack-layout-grid__padding-none\">\n<figure class=\"wp-block-image size-medium\"><a href=\"https:\/\/www.adoptionefa.org\/boutique\/maki-catta-2010\/\"><img loading=\"lazy\" decoding=\"async\" width=\"407\" height=\"513\" src=\"https:\/\/efa51.files.wordpress.com\/2020\/08\/maki_catta.jpg?w=238\" alt=\"\" class=\"wp-image-622\" srcset=\"https:\/\/efa51.org\/wp-content\/uploads\/2020\/08\/maki_catta.jpg 407w, https:\/\/efa51.org\/wp-content\/uploads\/2020\/08\/maki_catta-238x300.jpg 238w\" sizes=\"auto, (max-width: 407px) 100vw, 407px\" \/><\/a><\/figure>\n<\/div>\n\n\n\n<div class=\"wp-block-jetpack-layout-grid-column wp-block-jetpack-layout-grid__padding-none\">\n<figure class=\"wp-block-image size-medium\"><a href=\"https:\/\/www.adoptionefa.org\/boutique\/anika-le-jour-ou-la-famille-sest-agrandie-2006\/\"><img loading=\"lazy\" decoding=\"async\" width=\"407\" height=\"545\" src=\"https:\/\/efa51.files.wordpress.com\/2020\/08\/anika.jpg?w=224\" alt=\"\" class=\"wp-image-623\" srcset=\"https:\/\/efa51.org\/wp-content\/uploads\/2020\/08\/anika.jpg 407w, https:\/\/efa51.org\/wp-content\/uploads\/2020\/08\/anika-224x300.jpg 224w\" sizes=\"auto, (max-width: 407px) 100vw, 407px\" \/><\/a><\/figure>\n\n\n\n<p><\/p>\n<\/div>\n\n\n\n<div class=\"wp-block-jetpack-layout-grid-column wp-block-jetpack-layout-grid__padding-none\">\n<figure class=\"wp-block-image size-medium\"><a href=\"https:\/\/www.adoptionefa.org\/boutique\/mee-petite-fille-du-matin-calme-2011\/\"><img loading=\"lazy\" decoding=\"async\" width=\"407\" height=\"574\" src=\"https:\/\/efa51.files.wordpress.com\/2020\/08\/mee.jpg?w=213\" alt=\"\" class=\"wp-image-624\" srcset=\"https:\/\/efa51.org\/wp-content\/uploads\/2020\/08\/mee.jpg 407w, https:\/\/efa51.org\/wp-content\/uploads\/2020\/08\/mee-213x300.jpg 213w\" sizes=\"auto, (max-width: 407px) 100vw, 407px\" \/><\/a><\/figure>\n\n\n\n<p><\/p>\n<\/div>\n<\/div>\n\n\n\n<div class=\"wp-block-jetpack-layout-grid alignfull column1-desktop-grid__span-4 column1-desktop-grid__row-1 column2-desktop-grid__span-4 column2-desktop-grid__start-5 column2-desktop-grid__row-1 column3-desktop-grid__span-4 column3-desktop-grid__start-9 column3-desktop-grid__row-1 column1-tablet-grid__span-4 column1-tablet-grid__row-1 column2-tablet-grid__span-4 column2-tablet-grid__start-5 column2-tablet-grid__row-1 column3-tablet-grid__span-8 column3-tablet-grid__row-2 column1-mobile-grid__span-4 column1-mobile-grid__row-1 column2-mobile-grid__span-4 column2-mobile-grid__row-2 column3-mobile-grid__span-4 column3-mobile-grid__row-3 wp-block-jetpack-layout-gutter__nowrap\">\n<div class=\"wp-block-jetpack-layout-grid-column wp-block-jetpack-layout-grid__padding-none\">\n<figure class=\"wp-block-image size-medium\"><a href=\"https:\/\/www.adoptionefa.org\/boutique\/un-jour-mes-parents-viendront-2013\/\"><img loading=\"lazy\" decoding=\"async\" width=\"401\" height=\"512\" src=\"https:\/\/efa51.files.wordpress.com\/2020\/08\/un_jour_mes_parents.jpg?w=235\" alt=\"\" class=\"wp-image-625\" srcset=\"https:\/\/efa51.org\/wp-content\/uploads\/2020\/08\/un_jour_mes_parents.jpg 401w, https:\/\/efa51.org\/wp-content\/uploads\/2020\/08\/un_jour_mes_parents-235x300.jpg 235w\" sizes=\"auto, (max-width: 401px) 100vw, 401px\" \/><\/a><\/figure>\n<\/div>\n\n\n\n<div class=\"wp-block-jetpack-layout-grid-column wp-block-jetpack-layout-grid__padding-none\">\n<figure class=\"wp-block-image size-medium\"><a href=\"https:\/\/www.adoptionefa.org\/boutique\/une-famille-pour-duvet-2015\/\"><img loading=\"lazy\" decoding=\"async\" width=\"407\" height=\"548\" src=\"https:\/\/efa51.files.wordpress.com\/2020\/08\/duvet.jpg?w=223\" alt=\"\" class=\"wp-image-626\" srcset=\"https:\/\/efa51.org\/wp-content\/uploads\/2020\/08\/duvet.jpg 407w, https:\/\/efa51.org\/wp-content\/uploads\/2020\/08\/duvet-223x300.jpg 223w\" sizes=\"auto, (max-width: 407px) 100vw, 407px\" \/><\/a><\/figure>\n\n\n\n<p><\/p>\n<\/div>\n\n\n\n<div class=\"wp-block-jetpack-layout-grid-column wp-block-jetpack-layout-grid__padding-none\">\n<figure class=\"wp-block-image size-medium\"><a href=\"https:\/\/www.adoptionefa.org\/boutique\/en-attendant-timoun\/\"><img loading=\"lazy\" decoding=\"async\" width=\"407\" height=\"512\" src=\"https:\/\/efa51.files.wordpress.com\/2020\/08\/timoun.jpg?w=238\" alt=\"\" class=\"wp-image-627\" srcset=\"https:\/\/efa51.org\/wp-content\/uploads\/2020\/08\/timoun.jpg 407w, https:\/\/efa51.org\/wp-content\/uploads\/2020\/08\/timoun-238x300.jpg 238w\" sizes=\"auto, (max-width: 407px) 100vw, 407px\" \/><\/a><\/figure>\n\n\n\n<p><\/p>\n<\/div>\n<\/div>\n\n\n\n<div class=\"wp-block-jetpack-layout-grid alignfull column1-desktop-grid__span-4 column1-desktop-grid__row-1 column2-desktop-grid__span-4 column2-desktop-grid__start-5 column2-desktop-grid__row-1 column3-desktop-grid__span-4 column3-desktop-grid__start-9 column3-desktop-grid__row-1 column1-tablet-grid__span-4 column1-tablet-grid__row-1 column2-tablet-grid__span-4 column2-tablet-grid__start-5 column2-tablet-grid__row-1 column3-tablet-grid__span-8 column3-tablet-grid__row-2 column1-mobile-grid__span-4 column1-mobile-grid__row-1 column2-mobile-grid__span-4 column2-mobile-grid__row-2 column3-mobile-grid__span-4 column3-mobile-grid__row-3 wp-block-jetpack-layout-gutter__nowrap\">\n<div class=\"wp-block-jetpack-layout-grid-column wp-block-jetpack-layout-grid__padding-none\">\n<figure class=\"wp-block-image size-medium\"><a href=\"https:\/\/www.adoptionefa.org\/boutique\/une-mere-et-une-maman-une-histoire-franco-indienne-2010\/\"><img loading=\"lazy\" decoding=\"async\" width=\"407\" height=\"566\" src=\"https:\/\/efa51.files.wordpress.com\/2020\/08\/mere_maman.jpg?w=216\" alt=\"\" class=\"wp-image-629\" srcset=\"https:\/\/efa51.org\/wp-content\/uploads\/2020\/08\/mere_maman.jpg 407w, https:\/\/efa51.org\/wp-content\/uploads\/2020\/08\/mere_maman-216x300.jpg 216w\" sizes=\"auto, (max-width: 407px) 100vw, 407px\" \/><\/a><\/figure>\n<\/div>\n\n\n\n<div class=\"wp-block-jetpack-layout-grid-column wp-block-jetpack-layout-grid__padding-none\">\n<figure class=\"wp-block-image size-medium\"><a href=\"https:\/\/www.adoptionefa.org\/boutique\/anibal-1998\/\"><img loading=\"lazy\" decoding=\"async\" width=\"407\" height=\"512\" src=\"https:\/\/efa51.files.wordpress.com\/2020\/08\/anibal.jpg?w=238\" alt=\"\" class=\"wp-image-630\" srcset=\"https:\/\/efa51.org\/wp-content\/uploads\/2020\/08\/anibal.jpg 407w, https:\/\/efa51.org\/wp-content\/uploads\/2020\/08\/anibal-238x300.jpg 238w\" sizes=\"auto, (max-width: 407px) 100vw, 407px\" \/><\/a><\/figure>\n\n\n\n<p><\/p>\n<\/div>\n\n\n\n<div class=\"wp-block-jetpack-layout-grid-column wp-block-jetpack-layout-grid__padding-none\">\n<figure class=\"wp-block-image size-medium\"><a href=\"https:\/\/www.adoptionefa.org\/boutique\/badesiredudou\/\"><img loading=\"lazy\" decoding=\"async\" width=\"407\" height=\"543\" src=\"https:\/\/efa51.files.wordpress.com\/2020\/08\/basideradou.jpg?w=225\" alt=\"\" class=\"wp-image-631\" srcset=\"https:\/\/efa51.org\/wp-content\/uploads\/2020\/08\/basideradou.jpg 407w, https:\/\/efa51.org\/wp-content\/uploads\/2020\/08\/basideradou-225x300.jpg 225w\" sizes=\"auto, (max-width: 407px) 100vw, 407px\" \/><\/a><\/figure>\n\n\n\n<p><\/p>\n<\/div>\n<\/div>\n\n\n\n<div class=\"wp-block-jetpack-layout-grid alignfull column1-desktop-grid__span-4 column1-desktop-grid__row-1 column2-desktop-grid__span-4 column2-desktop-grid__start-5 column2-desktop-grid__row-1 column3-desktop-grid__span-4 column3-desktop-grid__start-9 column3-desktop-grid__row-1 column1-tablet-grid__span-4 column1-tablet-grid__row-1 column2-tablet-grid__span-4 column2-tablet-grid__start-5 column2-tablet-grid__row-1 column3-tablet-grid__span-8 column3-tablet-grid__row-2 column1-mobile-grid__span-4 column1-mobile-grid__row-1 column2-mobile-grid__span-4 column2-mobile-grid__row-2 column3-mobile-grid__span-4 column3-mobile-grid__row-3 wp-block-jetpack-layout-gutter__nowrap\">\n<div class=\"wp-block-jetpack-layout-grid-column wp-block-jetpack-layout-grid__padding-none\">\n<figure class=\"wp-block-image size-medium\"><a href=\"https:\/\/www.adoptionefa.org\/boutique\/ma-famille-cest-maman-et-moi-histoire-dune-adoption-monoparentale-2013\/\"><img loading=\"lazy\" decoding=\"async\" width=\"407\" height=\"512\" src=\"https:\/\/efa51.files.wordpress.com\/2020\/08\/monoparentale.jpg?w=238\" alt=\"\" class=\"wp-image-632\" srcset=\"https:\/\/efa51.org\/wp-content\/uploads\/2020\/08\/monoparentale.jpg 407w, https:\/\/efa51.org\/wp-content\/uploads\/2020\/08\/monoparentale-238x300.jpg 238w\" sizes=\"auto, (max-width: 407px) 100vw, 407px\" \/><\/a><\/figure>\n<\/div>\n\n\n\n<div class=\"wp-block-jetpack-layout-grid-column wp-block-jetpack-layout-grid__padding-none\">\n<figure class=\"wp-block-image size-medium\"><a href=\"https:\/\/www.adoptionefa.org\/boutique\/ladoption-2016\/\"><img loading=\"lazy\" decoding=\"async\" width=\"401\" height=\"512\" src=\"https:\/\/efa51.files.wordpress.com\/2020\/08\/adoption_monin.jpg?w=235\" alt=\"\" class=\"wp-image-633\" srcset=\"https:\/\/efa51.org\/wp-content\/uploads\/2020\/08\/adoption_monin.jpg 401w, https:\/\/efa51.org\/wp-content\/uploads\/2020\/08\/adoption_monin-235x300.jpg 235w\" sizes=\"auto, (max-width: 401px) 100vw, 401px\" \/><\/a><\/figure>\n\n\n\n<p><\/p>\n<\/div>\n\n\n\n<div class=\"wp-block-jetpack-layout-grid-column wp-block-jetpack-layout-grid__padding-none\">\n<figure class=\"wp-block-image size-medium\"><a href=\"https:\/\/www.adoptionefa.org\/boutique\/la-signature-1993\/\"><img loading=\"lazy\" decoding=\"async\" width=\"401\" height=\"538\" src=\"https:\/\/efa51.files.wordpress.com\/2020\/08\/signature.jpg?w=224\" alt=\"\" class=\"wp-image-634\" srcset=\"https:\/\/efa51.org\/wp-content\/uploads\/2020\/08\/signature.jpg 401w, https:\/\/efa51.org\/wp-content\/uploads\/2020\/08\/signature-224x300.jpg 224w\" sizes=\"auto, (max-width: 401px) 100vw, 401px\" \/><\/a><\/figure>\n\n\n\n<p><\/p>\n<\/div>\n<\/div>\n\n\n\n<div class=\"wp-block-jetpack-layout-grid alignfull column1-desktop-grid__span-4 column1-desktop-grid__row-1 column2-desktop-grid__span-4 column2-desktop-grid__start-5 column2-desktop-grid__row-1 column3-desktop-grid__span-4 column3-desktop-grid__start-9 column3-desktop-grid__row-1 column1-tablet-grid__span-4 column1-tablet-grid__row-1 column2-tablet-grid__span-4 column2-tablet-grid__start-5 column2-tablet-grid__row-1 column3-tablet-grid__span-8 column3-tablet-grid__row-2 column1-mobile-grid__span-4 column1-mobile-grid__row-1 column2-mobile-grid__span-4 column2-mobile-grid__row-2 column3-mobile-grid__span-4 column3-mobile-grid__row-3 wp-block-jetpack-layout-gutter__nowrap\">\n<div class=\"wp-block-jetpack-layout-grid-column wp-block-jetpack-layout-grid__padding-none\">\n<figure class=\"wp-block-image size-medium\"><a href=\"https:\/\/www.adoptionefa.org\/boutique\/le-voyage-de-phoenix-2015\/\"><img loading=\"lazy\" decoding=\"async\" width=\"401\" height=\"547\" src=\"https:\/\/efa51.files.wordpress.com\/2020\/08\/phoenix.jpg?w=220\" alt=\"\" class=\"wp-image-636\" srcset=\"https:\/\/efa51.org\/wp-content\/uploads\/2020\/08\/phoenix.jpg 401w, https:\/\/efa51.org\/wp-content\/uploads\/2020\/08\/phoenix-220x300.jpg 220w\" sizes=\"auto, (max-width: 401px) 100vw, 401px\" \/><\/a><\/figure>\n<\/div>\n\n\n\n<div class=\"wp-block-jetpack-layout-grid-column wp-block-jetpack-layout-grid__padding-none\">\n<figure class=\"wp-block-image size-medium\"><a href=\"https:\/\/www.adoptionefa.org\/boutique\/couleur-de-peau-tome-3-2013\/\"><img loading=\"lazy\" decoding=\"async\" width=\"401\" height=\"552\" src=\"https:\/\/efa51.files.wordpress.com\/2020\/08\/miel3.jpg?w=218\" alt=\"\" class=\"wp-image-637\" srcset=\"https:\/\/efa51.org\/wp-content\/uploads\/2020\/08\/miel3.jpg 401w, https:\/\/efa51.org\/wp-content\/uploads\/2020\/08\/miel3-218x300.jpg 218w\" sizes=\"auto, (max-width: 401px) 100vw, 401px\" \/><\/a><\/figure>\n\n\n\n<p><\/p>\n<\/div>\n\n\n\n<div class=\"wp-block-jetpack-layout-grid-column wp-block-jetpack-layout-grid__padding-none\">\n<figure class=\"wp-block-image size-medium\"><a href=\"https:\/\/www.adoptionefa.org\/boutique\/couleur-de-peau-tome-2-2008\/\"><img loading=\"lazy\" decoding=\"async\" width=\"401\" height=\"544\" src=\"https:\/\/efa51.files.wordpress.com\/2020\/08\/miel2.jpg?w=221\" alt=\"\" class=\"wp-image-638\" srcset=\"https:\/\/efa51.org\/wp-content\/uploads\/2020\/08\/miel2.jpg 401w, https:\/\/efa51.org\/wp-content\/uploads\/2020\/08\/miel2-221x300.jpg 221w\" sizes=\"auto, (max-width: 401px) 100vw, 401px\" \/><\/a><\/figure>\n\n\n\n<p><\/p>\n<\/div>\n<\/div>\n\n\n\n<div class=\"wp-block-jetpack-layout-grid alignfull column1-desktop-grid__span-4 column1-desktop-grid__row-1 column2-desktop-grid__span-4 column2-desktop-grid__start-5 column2-desktop-grid__row-1 column3-desktop-grid__span-4 column3-desktop-grid__start-9 column3-desktop-grid__row-1 column1-tablet-grid__span-4 column1-tablet-grid__row-1 column2-tablet-grid__span-4 column2-tablet-grid__start-5 column2-tablet-grid__row-1 column3-tablet-grid__span-8 column3-tablet-grid__row-2 column1-mobile-grid__span-4 column1-mobile-grid__row-1 column2-mobile-grid__span-4 column2-mobile-grid__row-2 column3-mobile-grid__span-4 column3-mobile-grid__row-3 wp-block-jetpack-layout-gutter__nowrap\">\n<div class=\"wp-block-jetpack-layout-grid-column wp-block-jetpack-layout-grid__padding-none\">\n<figure class=\"wp-block-image size-medium\"><a href=\"https:\/\/www.adoptionefa.org\/boutique\/couleur-de-peau-miel-tomes-1-2007\/\"><img loading=\"lazy\" decoding=\"async\" width=\"401\" height=\"529\" src=\"https:\/\/efa51.files.wordpress.com\/2020\/08\/miel1.jpg?w=227\" alt=\"\" class=\"wp-image-639\" srcset=\"https:\/\/efa51.org\/wp-content\/uploads\/2020\/08\/miel1.jpg 401w, https:\/\/efa51.org\/wp-content\/uploads\/2020\/08\/miel1-227x300.jpg 227w\" sizes=\"auto, (max-width: 401px) 100vw, 401px\" \/><\/a><\/figure>\n<\/div>\n\n\n\n<div class=\"wp-block-jetpack-layout-grid-column wp-block-jetpack-layout-grid__padding-none\">\n<figure class=\"wp-block-image size-medium\"><a href=\"https:\/\/www.adoptionefa.org\/boutique\/adoptions\/\"><img loading=\"lazy\" decoding=\"async\" width=\"401\" height=\"535\" src=\"https:\/\/efa51.files.wordpress.com\/2020\/08\/adoptions_bd.jpg?w=225\" alt=\"\" class=\"wp-image-640\" srcset=\"https:\/\/efa51.org\/wp-content\/uploads\/2020\/08\/adoptions_bd.jpg 401w, https:\/\/efa51.org\/wp-content\/uploads\/2020\/08\/adoptions_bd-225x300.jpg 225w\" sizes=\"auto, (max-width: 401px) 100vw, 401px\" \/><\/a><\/figure>\n\n\n\n<p><\/p>\n<\/div>\n\n\n\n<div class=\"wp-block-jetpack-layout-grid-column wp-block-jetpack-layout-grid__padding-none\">\n<figure class=\"wp-block-image size-medium\"><a href=\"https:\/\/www.adoptionefa.org\/boutique\/cosey-zelie-nord-sud-lombard-1997\/\"><img loading=\"lazy\" decoding=\"async\" width=\"401\" height=\"527\" src=\"https:\/\/efa51.files.wordpress.com\/2020\/08\/cosey.jpg?w=228\" alt=\"\" class=\"wp-image-641\" srcset=\"https:\/\/efa51.org\/wp-content\/uploads\/2020\/08\/cosey.jpg 401w, https:\/\/efa51.org\/wp-content\/uploads\/2020\/08\/cosey-228x300.jpg 228w\" sizes=\"auto, (max-width: 401px) 100vw, 401px\" \/><\/a><\/figure>\n\n\n\n<p><\/p>\n<\/div>\n<\/div>\n\n\n\n<div class=\"wp-block-jetpack-layout-grid alignfull column1-desktop-grid__span-4 column1-desktop-grid__row-1 column2-desktop-grid__span-4 column2-desktop-grid__start-5 column2-desktop-grid__row-1 column3-desktop-grid__span-4 column3-desktop-grid__start-9 column3-desktop-grid__row-1 column1-tablet-grid__span-4 column1-tablet-grid__row-1 column2-tablet-grid__span-4 column2-tablet-grid__start-5 column2-tablet-grid__row-1 column3-tablet-grid__span-8 column3-tablet-grid__row-2 column1-mobile-grid__span-4 column1-mobile-grid__row-1 column2-mobile-grid__span-4 column2-mobile-grid__row-2 column3-mobile-grid__span-4 column3-mobile-grid__row-3 wp-block-jetpack-layout-gutter__nowrap\">\n<div class=\"wp-block-jetpack-layout-grid-column wp-block-jetpack-layout-grid__padding-none\">\n<figure class=\"wp-block-image size-medium\"><a href=\"https:\/\/www.adoptionefa.org\/boutique\/le-train-des-orphelins-t-1-t-2-et-t-3-2012-et-2013\/\"><img loading=\"lazy\" decoding=\"async\" width=\"401\" height=\"530\" src=\"https:\/\/efa51.files.wordpress.com\/2020\/08\/train.jpg?w=227\" alt=\"\" class=\"wp-image-642\" srcset=\"https:\/\/efa51.org\/wp-content\/uploads\/2020\/08\/train.jpg 401w, https:\/\/efa51.org\/wp-content\/uploads\/2020\/08\/train-227x300.jpg 227w\" sizes=\"auto, (max-width: 401px) 100vw, 401px\" \/><\/a><\/figure>\n<\/div>\n\n\n\n<div class=\"wp-block-jetpack-layout-grid-column wp-block-jetpack-layout-grid__padding-none\">\n<figure class=\"wp-block-image size-medium\"><a href=\"https:\/\/www.adoptionefa.org\/boutique\/les-enfants-dailleurs\/\"><img loading=\"lazy\" decoding=\"async\" width=\"401\" height=\"531\" src=\"https:\/\/efa51.files.wordpress.com\/2020\/08\/ailleurs2.jpg?w=227\" alt=\"\" class=\"wp-image-643\" srcset=\"https:\/\/efa51.org\/wp-content\/uploads\/2020\/08\/ailleurs2.jpg 401w, https:\/\/efa51.org\/wp-content\/uploads\/2020\/08\/ailleurs2-227x300.jpg 227w\" sizes=\"auto, (max-width: 401px) 100vw, 401px\" \/><\/a><\/figure>\n\n\n\n<p><\/p>\n<\/div>\n\n\n\n<div class=\"wp-block-jetpack-layout-grid-column wp-block-jetpack-layout-grid__padding-none\">\n<figure class=\"wp-block-image size-medium\"><a href=\"https:\/\/www.adoptionefa.org\/boutique\/mon-livre-a-moi-lalbum-de-mon-adoption-2013\/\"><img loading=\"lazy\" decoding=\"async\" width=\"407\" height=\"511\" src=\"https:\/\/efa51.files.wordpress.com\/2020\/08\/livre.jpg?w=239\" alt=\"\" class=\"wp-image-644\" srcset=\"https:\/\/efa51.org\/wp-content\/uploads\/2020\/08\/livre.jpg 407w, https:\/\/efa51.org\/wp-content\/uploads\/2020\/08\/livre-239x300.jpg 239w\" sizes=\"auto, (max-width: 407px) 100vw, 407px\" \/><\/a><\/figure>\n\n\n\n<p><\/p>\n<\/div>\n<\/div>\n\n\n\n<div class=\"wp-block-jetpack-layout-grid alignfull column1-desktop-grid__span-4 column1-desktop-grid__row-1 column2-desktop-grid__span-4 column2-desktop-grid__start-5 column2-desktop-grid__row-1 column3-desktop-grid__span-4 column3-desktop-grid__start-9 column3-desktop-grid__row-1 column1-tablet-grid__span-4 column1-tablet-grid__row-1 column2-tablet-grid__span-4 column2-tablet-grid__start-5 column2-tablet-grid__row-1 column3-tablet-grid__span-8 column3-tablet-grid__row-2 column1-mobile-grid__span-4 column1-mobile-grid__row-1 column2-mobile-grid__span-4 column2-mobile-grid__row-2 column3-mobile-grid__span-4 column3-mobile-grid__row-3 wp-block-jetpack-layout-gutter__nowrap\">\n<div class=\"wp-block-jetpack-layout-grid-column wp-block-jetpack-layout-grid__padding-none\">\n<figure class=\"wp-block-image size-medium\"><a href=\"https:\/\/www.adoptionefa.org\/boutique\/mon-album-dadoption-2010\/\"><img loading=\"lazy\" decoding=\"async\" width=\"401\" height=\"512\" src=\"https:\/\/efa51.files.wordpress.com\/2020\/08\/mon_album_adoption_2.jpg?w=235\" alt=\"\" class=\"wp-image-645\" srcset=\"https:\/\/efa51.org\/wp-content\/uploads\/2020\/08\/mon_album_adoption_2.jpg 401w, https:\/\/efa51.org\/wp-content\/uploads\/2020\/08\/mon_album_adoption_2-235x300.jpg 235w\" sizes=\"auto, (max-width: 401px) 100vw, 401px\" \/><\/a><\/figure>\n<\/div>\n\n\n\n<div class=\"wp-block-jetpack-layout-grid-column wp-block-jetpack-layout-grid__padding-none\">\n<figure class=\"wp-block-image size-medium\"><a href=\"https:\/\/www.adoptionefa.org\/boutique\/tant-espere-tant-attendu-2000\/\"><img loading=\"lazy\" decoding=\"async\" width=\"407\" height=\"519\" src=\"https:\/\/efa51.files.wordpress.com\/2020\/08\/attendu.jpg?w=235\" alt=\"\" class=\"wp-image-646\" srcset=\"https:\/\/efa51.org\/wp-content\/uploads\/2020\/08\/attendu.jpg 407w, https:\/\/efa51.org\/wp-content\/uploads\/2020\/08\/attendu-235x300.jpg 235w\" sizes=\"auto, (max-width: 407px) 100vw, 407px\" \/><\/a><\/figure>\n\n\n\n<p><\/p>\n<\/div>\n\n\n\n<div class=\"wp-block-jetpack-layout-grid-column wp-block-jetpack-layout-grid__padding-none\">\n<figure class=\"wp-block-image size-medium\"><img decoding=\"async\" src=\"https:\/\/efa51.files.wordpress.com\/2021\/02\/bienvenue-mon-tresor.jpg?w=229\" alt=\"\" class=\"wp-image-759\" \/><\/figure>\n\n\n\n<p><\/p>\n<\/div>\n<\/div>\n\n\n\n<p class=\"has-text-align-center has-background\" style=\"background-color:#98c273;\"><em>Les essais<\/em><\/p>\n\n\n\n<div class=\"wp-block-jetpack-layout-grid alignfull column1-desktop-grid__span-4 column1-desktop-grid__row-1 column2-desktop-grid__span-4 column2-desktop-grid__start-5 column2-desktop-grid__row-1 column3-desktop-grid__span-4 column3-desktop-grid__start-9 column3-desktop-grid__row-1 column1-tablet-grid__span-4 column1-tablet-grid__row-1 column2-tablet-grid__span-4 column2-tablet-grid__start-5 column2-tablet-grid__row-1 column3-tablet-grid__span-8 column3-tablet-grid__row-2 column1-mobile-grid__span-4 column1-mobile-grid__row-1 column2-mobile-grid__span-4 column2-mobile-grid__row-2 column3-mobile-grid__span-4 column3-mobile-grid__row-3 wp-block-jetpack-layout-gutter__nowrap\">\n<div class=\"wp-block-jetpack-layout-grid-column wp-block-jetpack-layout-grid__padding-none\">\n<figure class=\"wp-block-image size-large\"><a href=\"https:\/\/www.puf.com\/content\/Les_m%C3%A8res_adoptives\"><img loading=\"lazy\" decoding=\"async\" width=\"340\" height=\"340\" src=\"http:\/\/efa51.org\/wp-content\/uploads\/2021\/12\/les-meres-adoptives.jpg?w=340\" alt=\"\" class=\"wp-image-960\" srcset=\"https:\/\/efa51.org\/wp-content\/uploads\/2021\/12\/les-meres-adoptives.jpg 340w, https:\/\/efa51.org\/wp-content\/uploads\/2021\/12\/les-meres-adoptives-300x300.jpg 300w, https:\/\/efa51.org\/wp-content\/uploads\/2021\/12\/les-meres-adoptives-150x150.jpg 150w\" sizes=\"auto, (max-width: 340px) 100vw, 340px\" \/><\/a><\/figure>\n<\/div>\n\n\n\n<div class=\"wp-block-jetpack-layout-grid-column wp-block-jetpack-layout-grid__padding-none\">\n<p><\/p>\n<\/div>\n\n\n\n<div class=\"wp-block-jetpack-layout-grid-column wp-block-jetpack-layout-grid__padding-none\">\n<p><\/p>\n<\/div>\n<\/div>\n\n\n\n<div class=\"wp-block-jetpack-layout-grid alignfull column1-desktop-grid__span-4 column1-desktop-grid__row-1 column2-desktop-grid__span-4 column2-desktop-grid__start-5 column2-desktop-grid__row-1 column3-desktop-grid__span-4 column3-desktop-grid__start-9 column3-desktop-grid__row-1 column1-tablet-grid__span-4 column1-tablet-grid__row-1 column2-tablet-grid__span-4 column2-tablet-grid__start-5 column2-tablet-grid__row-1 column3-tablet-grid__span-8 column3-tablet-grid__row-2 column1-mobile-grid__span-4 column1-mobile-grid__row-1 column2-mobile-grid__span-4 column2-mobile-grid__row-2 column3-mobile-grid__span-4 column3-mobile-grid__row-3 wp-block-jetpack-layout-gutter__nowrap\">\n<div class=\"wp-block-jetpack-layout-grid-column wp-block-jetpack-layout-grid__padding-none\">\n<figure class=\"wp-block-image size-medium\"><a href=\"https:\/\/www.adoptionefa.org\/boutique\/jean-vital-de-monleon-coord-lenfant-adopte-doin-2017\/\"><img loading=\"lazy\" decoding=\"async\" width=\"407\" height=\"513\" src=\"https:\/\/efa51.files.wordpress.com\/2020\/08\/enfant_adopte_doin_essai.jpg?w=238\" alt=\"\" class=\"wp-image-439\" srcset=\"https:\/\/efa51.org\/wp-content\/uploads\/2020\/08\/enfant_adopte_doin_essai.jpg 407w, https:\/\/efa51.org\/wp-content\/uploads\/2020\/08\/enfant_adopte_doin_essai-238x300.jpg 238w\" sizes=\"auto, (max-width: 407px) 100vw, 407px\" \/><\/a><\/figure>\n<\/div>\n\n\n\n<div class=\"wp-block-jetpack-layout-grid-column wp-block-jetpack-layout-grid__padding-none\">\n<figure class=\"wp-block-image size-medium\"><a href=\"https:\/\/www.adoptionefa.org\/boutique\/lenfant-adopte\/\"><img loading=\"lazy\" decoding=\"async\" width=\"407\" height=\"512\" src=\"https:\/\/efa51.files.wordpress.com\/2020\/08\/mignot_essai.jpg?w=238\" alt=\"\" class=\"wp-image-440\" srcset=\"https:\/\/efa51.org\/wp-content\/uploads\/2020\/08\/mignot_essai.jpg 407w, https:\/\/efa51.org\/wp-content\/uploads\/2020\/08\/mignot_essai-238x300.jpg 238w\" sizes=\"auto, (max-width: 407px) 100vw, 407px\" \/><\/a><\/figure>\n\n\n\n<p><\/p>\n<\/div>\n\n\n\n<div class=\"wp-block-jetpack-layout-grid-column wp-block-jetpack-layout-grid__padding-none\">\n<figure class=\"wp-block-image size-medium\"><a href=\"https:\/\/www.adoptionefa.org\/boutique\/psychologie-de-lattachement-et-de-la-filiation-dans-ladoption-2011\/\"><img loading=\"lazy\" decoding=\"async\" width=\"407\" height=\"549\" src=\"https:\/\/efa51.files.wordpress.com\/2020\/08\/psychologie.jpg?w=222\" alt=\"\" class=\"wp-image-441\" srcset=\"https:\/\/efa51.org\/wp-content\/uploads\/2020\/08\/psychologie.jpg 407w, https:\/\/efa51.org\/wp-content\/uploads\/2020\/08\/psychologie-222x300.jpg 222w\" sizes=\"auto, (max-width: 407px) 100vw, 407px\" \/><\/a><\/figure>\n\n\n\n<p><\/p>\n<\/div>\n<\/div>\n\n\n\n<div class=\"wp-block-jetpack-layout-grid alignfull column1-desktop-grid__span-4 column1-desktop-grid__row-1 column2-desktop-grid__span-4 column2-desktop-grid__start-5 column2-desktop-grid__row-1 column3-desktop-grid__span-4 column3-desktop-grid__start-9 column3-desktop-grid__row-1 column1-tablet-grid__span-4 column1-tablet-grid__row-1 column2-tablet-grid__span-4 column2-tablet-grid__start-5 column2-tablet-grid__row-1 column3-tablet-grid__span-8 column3-tablet-grid__row-2 column1-mobile-grid__span-4 column1-mobile-grid__row-1 column2-mobile-grid__span-4 column2-mobile-grid__row-2 column3-mobile-grid__span-4 column3-mobile-grid__row-3 wp-block-jetpack-layout-gutter__nowrap\">\n<div class=\"wp-block-jetpack-layout-grid-column wp-block-jetpack-layout-grid__padding-none\">\n<figure class=\"wp-block-image size-medium\"><a href=\"https:\/\/www.adoptionefa.org\/boutique\/souffrances-dans-ladoption-2009\/\"><img loading=\"lazy\" decoding=\"async\" width=\"407\" height=\"538\" src=\"https:\/\/efa51.files.wordpress.com\/2020\/08\/souffrances.jpg?w=227\" alt=\"\" class=\"wp-image-443\" srcset=\"https:\/\/efa51.org\/wp-content\/uploads\/2020\/08\/souffrances.jpg 407w, https:\/\/efa51.org\/wp-content\/uploads\/2020\/08\/souffrances-227x300.jpg 227w\" sizes=\"auto, (max-width: 407px) 100vw, 407px\" \/><\/a><\/figure>\n<\/div>\n\n\n\n<div class=\"wp-block-jetpack-layout-grid-column wp-block-jetpack-layout-grid__padding-none\">\n<figure class=\"wp-block-image size-medium\"><a href=\"https:\/\/www.adoptionefa.org\/boutique\/penser-ladoption-2012\/\"><img loading=\"lazy\" decoding=\"async\" width=\"407\" height=\"524\" src=\"https:\/\/efa51.files.wordpress.com\/2020\/08\/penser.jpg?w=233\" alt=\"\" class=\"wp-image-445\" srcset=\"https:\/\/efa51.org\/wp-content\/uploads\/2020\/08\/penser.jpg 407w, https:\/\/efa51.org\/wp-content\/uploads\/2020\/08\/penser-233x300.jpg 233w\" sizes=\"auto, (max-width: 407px) 100vw, 407px\" \/><\/a><\/figure>\n\n\n\n<p><\/p>\n<\/div>\n\n\n\n<div class=\"wp-block-jetpack-layout-grid-column wp-block-jetpack-layout-grid__padding-none\">\n<figure class=\"wp-block-image size-medium\"><a href=\"https:\/\/www.adoptionefa.org\/boutique\/renouer-avec-soi-lenfant-adopte-devenu-adulte-2008\/\"><img loading=\"lazy\" decoding=\"async\" width=\"407\" height=\"535\" src=\"https:\/\/efa51.files.wordpress.com\/2020\/08\/renouer.jpg?w=228\" alt=\"\" class=\"wp-image-446\" srcset=\"https:\/\/efa51.org\/wp-content\/uploads\/2020\/08\/renouer.jpg 407w, https:\/\/efa51.org\/wp-content\/uploads\/2020\/08\/renouer-228x300.jpg 228w\" sizes=\"auto, (max-width: 407px) 100vw, 407px\" \/><\/a><\/figure>\n\n\n\n<p><\/p>\n<\/div>\n<\/div>\n\n\n\n<div class=\"wp-block-jetpack-layout-grid alignfull column1-desktop-grid__span-4 column1-desktop-grid__row-1 column2-desktop-grid__span-4 column2-desktop-grid__start-5 column2-desktop-grid__row-1 column3-desktop-grid__span-4 column3-desktop-grid__start-9 column3-desktop-grid__row-1 column1-tablet-grid__span-4 column1-tablet-grid__row-1 column2-tablet-grid__span-4 column2-tablet-grid__start-5 column2-tablet-grid__row-1 column3-tablet-grid__span-8 column3-tablet-grid__row-2 column1-mobile-grid__span-4 column1-mobile-grid__row-1 column2-mobile-grid__span-4 column2-mobile-grid__row-2 column3-mobile-grid__span-4 column3-mobile-grid__row-3 wp-block-jetpack-layout-gutter__nowrap\">\n<div class=\"wp-block-jetpack-layout-grid-column wp-block-jetpack-layout-grid__padding-none\">\n<figure class=\"wp-block-image size-medium\"><a href=\"https:\/\/www.adoptionefa.org\/boutique\/moise-oedipe-superman-2003\/\"><img loading=\"lazy\" decoding=\"async\" width=\"407\" height=\"530\" src=\"https:\/\/efa51.files.wordpress.com\/2020\/08\/superman.jpg?w=230\" alt=\"\" class=\"wp-image-448\" srcset=\"https:\/\/efa51.org\/wp-content\/uploads\/2020\/08\/superman.jpg 407w, https:\/\/efa51.org\/wp-content\/uploads\/2020\/08\/superman-230x300.jpg 230w\" sizes=\"auto, (max-width: 407px) 100vw, 407px\" \/><\/a><\/figure>\n<\/div>\n\n\n\n<div class=\"wp-block-jetpack-layout-grid-column wp-block-jetpack-layout-grid__padding-none\">\n<figure class=\"wp-block-image size-medium\"><a href=\"https:\/\/www.adoptionefa.org\/boutique\/histoire-de-ladoption-2012\/\"><img loading=\"lazy\" decoding=\"async\" width=\"401\" height=\"512\" src=\"https:\/\/efa51.files.wordpress.com\/2020\/08\/histoire_de_ladoption_louyot.jpg?w=235\" alt=\"\" class=\"wp-image-449\" srcset=\"https:\/\/efa51.org\/wp-content\/uploads\/2020\/08\/histoire_de_ladoption_louyot.jpg 401w, https:\/\/efa51.org\/wp-content\/uploads\/2020\/08\/histoire_de_ladoption_louyot-235x300.jpg 235w\" sizes=\"auto, (max-width: 401px) 100vw, 401px\" \/><\/a><\/figure>\n\n\n\n<p><\/p>\n<\/div>\n\n\n\n<div class=\"wp-block-jetpack-layout-grid-column wp-block-jetpack-layout-grid__padding-none\">\n<figure class=\"wp-block-image size-medium\"><a href=\"https:\/\/www.adoptionefa.org\/boutique\/destins-de-ladoption-2010\/\"><img loading=\"lazy\" decoding=\"async\" width=\"407\" height=\"555\" src=\"https:\/\/efa51.files.wordpress.com\/2020\/08\/destins.jpg?w=220\" alt=\"\" class=\"wp-image-450\" srcset=\"https:\/\/efa51.org\/wp-content\/uploads\/2020\/08\/destins.jpg 407w, https:\/\/efa51.org\/wp-content\/uploads\/2020\/08\/destins-220x300.jpg 220w\" sizes=\"auto, (max-width: 407px) 100vw, 407px\" \/><\/a><\/figure>\n\n\n\n<p><\/p>\n<\/div>\n<\/div>\n\n\n\n<div class=\"wp-block-jetpack-layout-grid alignfull column1-desktop-grid__span-4 column1-desktop-grid__row-1 column2-desktop-grid__span-4 column2-desktop-grid__start-5 column2-desktop-grid__row-1 column3-desktop-grid__span-4 column3-desktop-grid__start-9 column3-desktop-grid__row-1 column1-tablet-grid__span-4 column1-tablet-grid__row-1 column2-tablet-grid__span-4 column2-tablet-grid__start-5 column2-tablet-grid__row-1 column3-tablet-grid__span-8 column3-tablet-grid__row-2 column1-mobile-grid__span-4 column1-mobile-grid__row-1 column2-mobile-grid__span-4 column2-mobile-grid__row-2 column3-mobile-grid__span-4 column3-mobile-grid__row-3 wp-block-jetpack-layout-gutter__nowrap\">\n<div class=\"wp-block-jetpack-layout-grid-column wp-block-jetpack-layout-grid__padding-none\">\n<figure class=\"wp-block-image size-medium\"><a href=\"https:\/\/www.adoptionefa.org\/boutique\/lenfant-dans-ladoption-2006\/\"><img loading=\"lazy\" decoding=\"async\" width=\"407\" height=\"571\" src=\"https:\/\/efa51.files.wordpress.com\/2020\/08\/enfant_adoption.jpg?w=214\" alt=\"\" class=\"wp-image-451\" srcset=\"https:\/\/efa51.org\/wp-content\/uploads\/2020\/08\/enfant_adoption.jpg 407w, https:\/\/efa51.org\/wp-content\/uploads\/2020\/08\/enfant_adoption-214x300.jpg 214w\" sizes=\"auto, (max-width: 407px) 100vw, 407px\" \/><\/a><\/figure>\n<\/div>\n\n\n\n<div class=\"wp-block-jetpack-layout-grid-column wp-block-jetpack-layout-grid__padding-none\">\n<figure class=\"wp-block-image size-medium\"><a href=\"https:\/\/www.adoptionefa.org\/boutique\/ladoption-mieux-vivre-les-trois-premieres-annees-apres-larrivee-de-lenfant-2016\/\"><img loading=\"lazy\" decoding=\"async\" width=\"407\" height=\"525\" src=\"https:\/\/efa51.files.wordpress.com\/2020\/08\/meiux-vivre.jpg?w=233\" alt=\"\" class=\"wp-image-453\" srcset=\"https:\/\/efa51.org\/wp-content\/uploads\/2020\/08\/meiux-vivre.jpg 407w, https:\/\/efa51.org\/wp-content\/uploads\/2020\/08\/meiux-vivre-233x300.jpg 233w\" sizes=\"auto, (max-width: 407px) 100vw, 407px\" \/><\/a><\/figure>\n\n\n\n<p><\/p>\n<\/div>\n\n\n\n<div class=\"wp-block-jetpack-layout-grid-column wp-block-jetpack-layout-grid__padding-none\">\n<figure class=\"wp-block-image size-medium\"><a href=\"https:\/\/www.adoptionefa.org\/boutique\/la-normalite-adoptive-les-cles-pour-accompagner-lenfant-adopte-2013\/\"><img loading=\"lazy\" decoding=\"async\" width=\"407\" height=\"537\" src=\"https:\/\/efa51.files.wordpress.com\/2020\/08\/normalite.jpg?w=227\" alt=\"\" class=\"wp-image-454\" srcset=\"https:\/\/efa51.org\/wp-content\/uploads\/2020\/08\/normalite.jpg 407w, https:\/\/efa51.org\/wp-content\/uploads\/2020\/08\/normalite-227x300.jpg 227w\" sizes=\"auto, (max-width: 407px) 100vw, 407px\" \/><\/a><\/figure>\n\n\n\n<p><\/p>\n<\/div>\n<\/div>\n\n\n\n<div class=\"wp-block-jetpack-layout-grid alignfull column1-desktop-grid__span-4 column1-desktop-grid__row-1 column2-desktop-grid__span-4 column2-desktop-grid__start-5 column2-desktop-grid__row-1 column3-desktop-grid__span-4 column3-desktop-grid__start-9 column3-desktop-grid__row-1 column1-tablet-grid__span-4 column1-tablet-grid__row-1 column2-tablet-grid__span-4 column2-tablet-grid__start-5 column2-tablet-grid__row-1 column3-tablet-grid__span-8 column3-tablet-grid__row-2 column1-mobile-grid__span-4 column1-mobile-grid__row-1 column2-mobile-grid__span-4 column2-mobile-grid__row-2 column3-mobile-grid__span-4 column3-mobile-grid__row-3 wp-block-jetpack-layout-gutter__nowrap\">\n<div class=\"wp-block-jetpack-layout-grid-column wp-block-jetpack-layout-grid__padding-none\">\n<figure class=\"wp-block-image size-medium\"><a href=\"https:\/\/www.adoptionefa.org\/boutique\/art-et-abandon-des-artistes-racontent-2015\/\"><img loading=\"lazy\" decoding=\"async\" width=\"407\" height=\"532\" src=\"https:\/\/efa51.files.wordpress.com\/2020\/08\/art.jpg?w=230\" alt=\"\" class=\"wp-image-455\" srcset=\"https:\/\/efa51.org\/wp-content\/uploads\/2020\/08\/art.jpg 407w, https:\/\/efa51.org\/wp-content\/uploads\/2020\/08\/art-230x300.jpg 230w\" sizes=\"auto, (max-width: 407px) 100vw, 407px\" \/><\/a><\/figure>\n<\/div>\n\n\n\n<div class=\"wp-block-jetpack-layout-grid-column wp-block-jetpack-layout-grid__padding-none\">\n<figure class=\"wp-block-image size-medium\"><a href=\"https:\/\/www.adoptionefa.org\/boutique\/adoption-et-parente-questions-actuelles-2008\/\"><img loading=\"lazy\" decoding=\"async\" width=\"407\" height=\"544\" src=\"https:\/\/efa51.files.wordpress.com\/2020\/08\/questions-1.jpg?w=224\" alt=\"\" class=\"wp-image-457\" srcset=\"https:\/\/efa51.org\/wp-content\/uploads\/2020\/08\/questions-1.jpg 407w, https:\/\/efa51.org\/wp-content\/uploads\/2020\/08\/questions-1-224x300.jpg 224w\" sizes=\"auto, (max-width: 407px) 100vw, 407px\" \/><\/a><\/figure>\n\n\n\n<p><\/p>\n<\/div>\n\n\n\n<div class=\"wp-block-jetpack-layout-grid-column wp-block-jetpack-layout-grid__padding-none\">\n<figure class=\"wp-block-image size-medium\"><a href=\"https:\/\/www.adoptionefa.org\/boutique\/ladoption-2007\/\"><img loading=\"lazy\" decoding=\"async\" width=\"407\" height=\"515\" src=\"https:\/\/efa51.files.wordpress.com\/2020\/08\/delaisses.jpg?w=237\" alt=\"\" class=\"wp-image-458\" srcset=\"https:\/\/efa51.org\/wp-content\/uploads\/2020\/08\/delaisses.jpg 407w, https:\/\/efa51.org\/wp-content\/uploads\/2020\/08\/delaisses-237x300.jpg 237w\" sizes=\"auto, (max-width: 407px) 100vw, 407px\" \/><\/a><\/figure>\n\n\n\n<p><\/p>\n<\/div>\n<\/div>\n\n\n\n<div class=\"wp-block-jetpack-layout-grid alignfull column1-desktop-grid__span-4 column1-desktop-grid__row-1 column2-desktop-grid__span-4 column2-desktop-grid__start-5 column2-desktop-grid__row-1 column3-desktop-grid__span-4 column3-desktop-grid__start-9 column3-desktop-grid__row-1 column1-tablet-grid__span-4 column1-tablet-grid__row-1 column2-tablet-grid__span-4 column2-tablet-grid__start-5 column2-tablet-grid__row-1 column3-tablet-grid__span-8 column3-tablet-grid__row-2 column1-mobile-grid__span-4 column1-mobile-grid__row-1 column2-mobile-grid__span-4 column2-mobile-grid__row-2 column3-mobile-grid__span-4 column3-mobile-grid__row-3 wp-block-jetpack-layout-gutter__nowrap\">\n<div class=\"wp-block-jetpack-layout-grid-column wp-block-jetpack-layout-grid__padding-none\">\n<figure class=\"wp-block-image size-medium\"><a href=\"https:\/\/www.adoptionefa.org\/boutique\/creer-des-liens-adoption-et-maternage-2010\/\"><img loading=\"lazy\" decoding=\"async\" width=\"407\" height=\"532\" src=\"https:\/\/efa51.files.wordpress.com\/2020\/08\/creer.jpg?w=230\" alt=\"\" class=\"wp-image-459\" srcset=\"https:\/\/efa51.org\/wp-content\/uploads\/2020\/08\/creer.jpg 407w, https:\/\/efa51.org\/wp-content\/uploads\/2020\/08\/creer-230x300.jpg 230w\" sizes=\"auto, (max-width: 407px) 100vw, 407px\" \/><\/a><\/figure>\n<\/div>\n\n\n\n<div class=\"wp-block-jetpack-layout-grid-column wp-block-jetpack-layout-grid__padding-none\">\n<figure class=\"wp-block-image size-medium\"><a href=\"https:\/\/www.adoptionefa.org\/boutique\/enfances-psy-n-59-ladoption-quel-accompagnement-2013\/\"><img loading=\"lazy\" decoding=\"async\" width=\"407\" height=\"512\" src=\"https:\/\/efa51.files.wordpress.com\/2020\/08\/accompagnement.jpg?w=238\" alt=\"\" class=\"wp-image-461\" srcset=\"https:\/\/efa51.org\/wp-content\/uploads\/2020\/08\/accompagnement.jpg 407w, https:\/\/efa51.org\/wp-content\/uploads\/2020\/08\/accompagnement-238x300.jpg 238w\" sizes=\"auto, (max-width: 407px) 100vw, 407px\" \/><\/a><\/figure>\n\n\n\n<p><\/p>\n<\/div>\n\n\n\n<div class=\"wp-block-jetpack-layout-grid-column wp-block-jetpack-layout-grid__padding-none\">\n<figure class=\"wp-block-image size-medium\"><a href=\"https:\/\/www.adoptionefa.org\/boutique\/parents-de-coeur-comprendre-lenfant-adopte-2006\/\"><img loading=\"lazy\" decoding=\"async\" width=\"407\" height=\"539\" src=\"https:\/\/efa51.files.wordpress.com\/2020\/08\/coeur.jpg?w=227\" alt=\"\" class=\"wp-image-462\" srcset=\"https:\/\/efa51.org\/wp-content\/uploads\/2020\/08\/coeur.jpg 407w, https:\/\/efa51.org\/wp-content\/uploads\/2020\/08\/coeur-227x300.jpg 227w\" sizes=\"auto, (max-width: 407px) 100vw, 407px\" \/><\/a><\/figure>\n\n\n\n<p><\/p>\n<\/div>\n<\/div>\n\n\n\n<div class=\"wp-block-jetpack-layout-grid alignfull column1-desktop-grid__span-4 column1-desktop-grid__row-1 column2-desktop-grid__span-4 column2-desktop-grid__start-5 column2-desktop-grid__row-1 column3-desktop-grid__span-4 column3-desktop-grid__start-9 column3-desktop-grid__row-1 column1-tablet-grid__span-4 column1-tablet-grid__row-1 column2-tablet-grid__span-4 column2-tablet-grid__start-5 column2-tablet-grid__row-1 column3-tablet-grid__span-8 column3-tablet-grid__row-2 column1-mobile-grid__span-4 column1-mobile-grid__row-1 column2-mobile-grid__span-4 column2-mobile-grid__row-2 column3-mobile-grid__span-4 column3-mobile-grid__row-3 wp-block-jetpack-layout-gutter__nowrap\">\n<div class=\"wp-block-jetpack-layout-grid-column wp-block-jetpack-layout-grid__padding-none\">\n<figure class=\"wp-block-image size-medium\"><a href=\"https:\/\/www.adoptionefa.org\/boutique\/des-enfants-venus-de-loin-histoire-de-ladoption-internationale-en-france-2010\/\"><img loading=\"lazy\" decoding=\"async\" width=\"407\" height=\"520\" src=\"https:\/\/efa51.files.wordpress.com\/2020\/08\/loin.jpg?w=235\" alt=\"\" class=\"wp-image-463\" srcset=\"https:\/\/efa51.org\/wp-content\/uploads\/2020\/08\/loin.jpg 407w, https:\/\/efa51.org\/wp-content\/uploads\/2020\/08\/loin-235x300.jpg 235w\" sizes=\"auto, (max-width: 407px) 100vw, 407px\" \/><\/a><\/figure>\n<\/div>\n\n\n\n<div class=\"wp-block-jetpack-layout-grid-column wp-block-jetpack-layout-grid__padding-none\">\n<figure class=\"wp-block-image size-medium\"><a href=\"https:\/\/www.adoptionefa.org\/boutique\/au-risque-de-ladoption-2006\/\"><img loading=\"lazy\" decoding=\"async\" width=\"407\" height=\"535\" src=\"https:\/\/efa51.files.wordpress.com\/2020\/08\/risque.jpg?w=228\" alt=\"\" class=\"wp-image-465\" srcset=\"https:\/\/efa51.org\/wp-content\/uploads\/2020\/08\/risque.jpg 407w, https:\/\/efa51.org\/wp-content\/uploads\/2020\/08\/risque-228x300.jpg 228w\" sizes=\"auto, (max-width: 407px) 100vw, 407px\" \/><\/a><\/figure>\n\n\n\n<p><\/p>\n<\/div>\n\n\n\n<div class=\"wp-block-jetpack-layout-grid-column wp-block-jetpack-layout-grid__padding-none\">\n<figure class=\"wp-block-image size-medium\"><a href=\"https:\/\/www.adoptionefa.org\/boutique\/cladoption-comment-repondre-aux-questions-des-enfants-2010\/\"><img loading=\"lazy\" decoding=\"async\" width=\"407\" height=\"518\" src=\"https:\/\/efa51.files.wordpress.com\/2020\/08\/repondre.jpg?w=236\" alt=\"\" class=\"wp-image-466\" srcset=\"https:\/\/efa51.org\/wp-content\/uploads\/2020\/08\/repondre.jpg 407w, https:\/\/efa51.org\/wp-content\/uploads\/2020\/08\/repondre-236x300.jpg 236w\" sizes=\"auto, (max-width: 407px) 100vw, 407px\" \/><\/a><\/figure>\n\n\n\n<p><\/p>\n<\/div>\n<\/div>\n\n\n\n<div class=\"wp-block-jetpack-layout-grid alignfull column1-desktop-grid__span-4 column1-desktop-grid__row-1 column2-desktop-grid__span-4 column2-desktop-grid__start-5 column2-desktop-grid__row-1 column3-desktop-grid__span-4 column3-desktop-grid__start-9 column3-desktop-grid__row-1 column1-tablet-grid__span-4 column1-tablet-grid__row-1 column2-tablet-grid__span-4 column2-tablet-grid__start-5 column2-tablet-grid__row-1 column3-tablet-grid__span-8 column3-tablet-grid__row-2 column1-mobile-grid__span-4 column1-mobile-grid__row-1 column2-mobile-grid__span-4 column2-mobile-grid__row-2 column3-mobile-grid__span-4 column3-mobile-grid__row-3 wp-block-jetpack-layout-gutter__nowrap\">\n<div class=\"wp-block-jetpack-layout-grid-column wp-block-jetpack-layout-grid__padding-none\">\n<figure class=\"wp-block-image size-medium\"><a href=\"https:\/\/www.adoptionefa.org\/boutique\/ladoption-denfants-de-cultures-etrangeres-2008\/\"><img loading=\"lazy\" decoding=\"async\" width=\"407\" height=\"537\" src=\"https:\/\/efa51.files.wordpress.com\/2020\/08\/cultures.jpg?w=227\" alt=\"\" class=\"wp-image-468\" srcset=\"https:\/\/efa51.org\/wp-content\/uploads\/2020\/08\/cultures.jpg 407w, https:\/\/efa51.org\/wp-content\/uploads\/2020\/08\/cultures-227x300.jpg 227w\" sizes=\"auto, (max-width: 407px) 100vw, 407px\" \/><\/a><\/figure>\n<\/div>\n\n\n\n<div class=\"wp-block-jetpack-layout-grid-column wp-block-jetpack-layout-grid__padding-none\">\n<figure class=\"wp-block-image size-medium\"><a href=\"https:\/\/www.adoptionefa.org\/boutique\/ladoption-bientraitante-2014\/\"><img loading=\"lazy\" decoding=\"async\" width=\"407\" height=\"521\" src=\"https:\/\/efa51.files.wordpress.com\/2020\/08\/bientraitante.jpg?w=234\" alt=\"\" class=\"wp-image-470\" srcset=\"https:\/\/efa51.org\/wp-content\/uploads\/2020\/08\/bientraitante.jpg 407w, https:\/\/efa51.org\/wp-content\/uploads\/2020\/08\/bientraitante-234x300.jpg 234w\" sizes=\"auto, (max-width: 407px) 100vw, 407px\" \/><\/a><\/figure>\n\n\n\n<p><\/p>\n<\/div>\n\n\n\n<div class=\"wp-block-jetpack-layout-grid-column wp-block-jetpack-layout-grid__padding-none\">\n<figure class=\"wp-block-image size-medium\"><a href=\"https:\/\/www.adoptionefa.org\/boutique\/les-premiers-liens-dans-ladoption-internationale-2015\/\"><img loading=\"lazy\" decoding=\"async\" width=\"407\" height=\"525\" src=\"https:\/\/efa51.files.wordpress.com\/2020\/08\/pas.jpg?w=233\" alt=\"\" class=\"wp-image-471\" srcset=\"https:\/\/efa51.org\/wp-content\/uploads\/2020\/08\/pas.jpg 407w, https:\/\/efa51.org\/wp-content\/uploads\/2020\/08\/pas-233x300.jpg 233w\" sizes=\"auto, (max-width: 407px) 100vw, 407px\" \/><\/a><\/figure>\n\n\n\n<p><\/p>\n<\/div>\n<\/div>\n\n\n\n<div class=\"wp-block-jetpack-layout-grid alignfull column1-desktop-grid__span-4 column1-desktop-grid__row-1 column2-desktop-grid__span-4 column2-desktop-grid__start-5 column2-desktop-grid__row-1 column3-desktop-grid__span-4 column3-desktop-grid__start-9 column3-desktop-grid__row-1 column1-tablet-grid__span-4 column1-tablet-grid__row-1 column2-tablet-grid__span-4 column2-tablet-grid__start-5 column2-tablet-grid__row-1 column3-tablet-grid__span-8 column3-tablet-grid__row-2 column1-mobile-grid__span-4 column1-mobile-grid__row-1 column2-mobile-grid__span-4 column2-mobile-grid__row-2 column3-mobile-grid__span-4 column3-mobile-grid__row-3 wp-block-jetpack-layout-gutter__nowrap\">\n<div class=\"wp-block-jetpack-layout-grid-column wp-block-jetpack-layout-grid__padding-none\">\n<figure class=\"wp-block-image size-medium\"><a href=\"https:\/\/www.adoptionefa.org\/boutique\/ladoption-internationale-sadapter-ou-renoncer-2008\/\"><img loading=\"lazy\" decoding=\"async\" width=\"407\" height=\"552\" src=\"https:\/\/efa51.files.wordpress.com\/2020\/08\/renoncer.jpg?w=221\" alt=\"\" class=\"wp-image-473\" srcset=\"https:\/\/efa51.org\/wp-content\/uploads\/2020\/08\/renoncer.jpg 407w, https:\/\/efa51.org\/wp-content\/uploads\/2020\/08\/renoncer-221x300.jpg 221w\" sizes=\"auto, (max-width: 407px) 100vw, 407px\" \/><\/a><\/figure>\n<\/div>\n\n\n\n<div class=\"wp-block-jetpack-layout-grid-column wp-block-jetpack-layout-grid__padding-none\">\n<figure class=\"wp-block-image size-medium\"><a href=\"https:\/\/www.adoptionefa.org\/boutique\/accompagner-la-naissance-pour-ladoption-2011\/\"><img loading=\"lazy\" decoding=\"async\" width=\"388\" height=\"541\" src=\"https:\/\/efa51.files.wordpress.com\/2020\/08\/naissance-1.jpg?w=215\" alt=\"\" class=\"wp-image-496\" srcset=\"https:\/\/efa51.org\/wp-content\/uploads\/2020\/08\/naissance-1.jpg 388w, https:\/\/efa51.org\/wp-content\/uploads\/2020\/08\/naissance-1-215x300.jpg 215w\" sizes=\"auto, (max-width: 388px) 100vw, 388px\" \/><\/a><\/figure>\n\n\n\n<p><\/p>\n<\/div>\n\n\n\n<div class=\"wp-block-jetpack-layout-grid-column wp-block-jetpack-layout-grid__padding-none\">\n<figure class=\"wp-block-image size-medium\"><a href=\"https:\/\/www.adoptionefa.org\/boutique\/nee-sous-x-lenquete-interdite-2016\/\"><img loading=\"lazy\" decoding=\"async\" width=\"407\" height=\"517\" src=\"https:\/\/efa51.files.wordpress.com\/2020\/08\/nes-sous-x.jpg?w=236\" alt=\"\" class=\"wp-image-498\" srcset=\"https:\/\/efa51.org\/wp-content\/uploads\/2020\/08\/nes-sous-x.jpg 407w, https:\/\/efa51.org\/wp-content\/uploads\/2020\/08\/nes-sous-x-236x300.jpg 236w\" sizes=\"auto, (max-width: 407px) 100vw, 407px\" \/><\/a><\/figure>\n\n\n\n<p><\/p>\n<\/div>\n<\/div>\n\n\n\n<div class=\"wp-block-jetpack-layout-grid alignfull column1-desktop-grid__span-4 column1-desktop-grid__row-1 column2-desktop-grid__span-4 column2-desktop-grid__start-5 column2-desktop-grid__row-1 column3-desktop-grid__span-4 column3-desktop-grid__start-9 column3-desktop-grid__row-1 column1-tablet-grid__span-4 column1-tablet-grid__row-1 column2-tablet-grid__span-4 column2-tablet-grid__start-5 column2-tablet-grid__row-1 column3-tablet-grid__span-8 column3-tablet-grid__row-2 column1-mobile-grid__span-4 column1-mobile-grid__row-1 column2-mobile-grid__span-4 column2-mobile-grid__row-2 column3-mobile-grid__span-4 column3-mobile-grid__row-3 wp-block-jetpack-layout-gutter__nowrap\">\n<div class=\"wp-block-jetpack-layout-grid-column wp-block-jetpack-layout-grid__padding-none\">\n<figure class=\"wp-block-image size-medium\"><a href=\"https:\/\/www.adoptionefa.org\/boutique\/le-bebe-face-a-labandon-2000\/\"><img loading=\"lazy\" decoding=\"async\" width=\"407\" height=\"528\" src=\"https:\/\/efa51.files.wordpress.com\/2020\/08\/separation-1.jpg?w=231\" alt=\"\" class=\"wp-image-475\" srcset=\"https:\/\/efa51.org\/wp-content\/uploads\/2020\/08\/separation-1.jpg 407w, https:\/\/efa51.org\/wp-content\/uploads\/2020\/08\/separation-1-231x300.jpg 231w\" sizes=\"auto, (max-width: 407px) 100vw, 407px\" \/><\/a><\/figure>\n<\/div>\n\n\n\n<div class=\"wp-block-jetpack-layout-grid-column wp-block-jetpack-layout-grid__padding-none\">\n<figure class=\"wp-block-image size-medium\"><a href=\"https:\/\/www.adoptionefa.org\/boutique\/lenfant-abandonne-guide-de-traitement-des-troubles-de-lattachement-2007\/\"><img loading=\"lazy\" decoding=\"async\" width=\"407\" height=\"522\" src=\"https:\/\/efa51.files.wordpress.com\/2020\/08\/enfants.jpg?w=234\" alt=\"\" class=\"wp-image-476\" srcset=\"https:\/\/efa51.org\/wp-content\/uploads\/2020\/08\/enfants.jpg 407w, https:\/\/efa51.org\/wp-content\/uploads\/2020\/08\/enfants-234x300.jpg 234w\" sizes=\"auto, (max-width: 407px) 100vw, 407px\" \/><\/a><\/figure>\n\n\n\n<p><\/p>\n<\/div>\n\n\n\n<div class=\"wp-block-jetpack-layout-grid-column wp-block-jetpack-layout-grid__padding-none\">\n<figure class=\"wp-block-image size-medium\"><a href=\"https:\/\/www.adoptionefa.org\/boutique\/la-desadoption-une-famille-pour-hugo-2008\/\"><img loading=\"lazy\" decoding=\"async\" width=\"407\" height=\"550\" src=\"https:\/\/efa51.files.wordpress.com\/2020\/08\/desadoption.jpg?w=222\" alt=\"\" class=\"wp-image-477\" srcset=\"https:\/\/efa51.org\/wp-content\/uploads\/2020\/08\/desadoption.jpg 407w, https:\/\/efa51.org\/wp-content\/uploads\/2020\/08\/desadoption-222x300.jpg 222w\" sizes=\"auto, (max-width: 407px) 100vw, 407px\" \/><\/a><\/figure>\n\n\n\n<p><\/p>\n<\/div>\n<\/div>\n\n\n\n<div class=\"wp-block-jetpack-layout-grid alignfull column1-desktop-grid__span-4 column1-desktop-grid__row-1 column2-desktop-grid__span-4 column2-desktop-grid__start-5 column2-desktop-grid__row-1 column3-desktop-grid__span-4 column3-desktop-grid__start-9 column3-desktop-grid__row-1 column1-tablet-grid__span-4 column1-tablet-grid__row-1 column2-tablet-grid__span-4 column2-tablet-grid__start-5 column2-tablet-grid__row-1 column3-tablet-grid__span-8 column3-tablet-grid__row-2 column1-mobile-grid__span-4 column1-mobile-grid__row-1 column2-mobile-grid__span-4 column2-mobile-grid__row-2 column3-mobile-grid__span-4 column3-mobile-grid__row-3 wp-block-jetpack-layout-gutter__nowrap\">\n<div class=\"wp-block-jetpack-layout-grid-column wp-block-jetpack-layout-grid__padding-none\">\n<figure class=\"wp-block-image size-medium\"><a href=\"https:\/\/www.adoptionefa.org\/boutique\/je-mattache-nous-nous-attachons-le-lien-entre-un-enfant-et-ses-parents-2004\/\"><img loading=\"lazy\" decoding=\"async\" width=\"407\" height=\"551\" src=\"https:\/\/efa51.files.wordpress.com\/2020\/08\/attache.jpg?w=222\" alt=\"\" class=\"wp-image-479\" srcset=\"https:\/\/efa51.org\/wp-content\/uploads\/2020\/08\/attache.jpg 407w, https:\/\/efa51.org\/wp-content\/uploads\/2020\/08\/attache-222x300.jpg 222w\" sizes=\"auto, (max-width: 407px) 100vw, 407px\" \/><\/a><\/figure>\n<\/div>\n\n\n\n<div class=\"wp-block-jetpack-layout-grid-column wp-block-jetpack-layout-grid__padding-none\">\n<figure class=\"wp-block-image size-medium\"><a href=\"https:\/\/www.adoptionefa.org\/boutique\/lenfant-adopte-comprendre-la-blessure-primitive-2007\/\"><img loading=\"lazy\" decoding=\"async\" width=\"407\" height=\"585\" src=\"https:\/\/efa51.files.wordpress.com\/2020\/08\/blessure.jpg?w=209\" alt=\"\" class=\"wp-image-480\" srcset=\"https:\/\/efa51.org\/wp-content\/uploads\/2020\/08\/blessure.jpg 407w, https:\/\/efa51.org\/wp-content\/uploads\/2020\/08\/blessure-209x300.jpg 209w\" sizes=\"auto, (max-width: 407px) 100vw, 407px\" \/><\/a><\/figure>\n\n\n\n<p><\/p>\n<\/div>\n\n\n\n<div class=\"wp-block-jetpack-layout-grid-column wp-block-jetpack-layout-grid__padding-none\">\n<figure class=\"wp-block-image size-medium\"><a href=\"https:\/\/www.adoptionefa.org\/boutique\/attachement-et-adoption-outils-pratiques-pour-les-parents-2007\/\"><img loading=\"lazy\" decoding=\"async\" width=\"407\" height=\"539\" src=\"https:\/\/efa51.files.wordpress.com\/2020\/08\/attachement2.jpg?w=227\" alt=\"\" class=\"wp-image-481\" srcset=\"https:\/\/efa51.org\/wp-content\/uploads\/2020\/08\/attachement2.jpg 407w, https:\/\/efa51.org\/wp-content\/uploads\/2020\/08\/attachement2-227x300.jpg 227w\" sizes=\"auto, (max-width: 407px) 100vw, 407px\" \/><\/a><\/figure>\n\n\n\n<p><\/p>\n<\/div>\n<\/div>\n\n\n\n<div class=\"wp-block-jetpack-layout-grid alignfull column1-desktop-grid__span-4 column1-desktop-grid__row-1 column2-desktop-grid__span-4 column2-desktop-grid__start-5 column2-desktop-grid__row-1 column3-desktop-grid__span-4 column3-desktop-grid__start-9 column3-desktop-grid__row-1 column1-tablet-grid__span-4 column1-tablet-grid__row-1 column2-tablet-grid__span-4 column2-tablet-grid__start-5 column2-tablet-grid__row-1 column3-tablet-grid__span-8 column3-tablet-grid__row-2 column1-mobile-grid__span-4 column1-mobile-grid__row-1 column2-mobile-grid__span-4 column2-mobile-grid__row-2 column3-mobile-grid__span-4 column3-mobile-grid__row-3 wp-block-jetpack-layout-gutter__nowrap\">\n<div class=\"wp-block-jetpack-layout-grid-column wp-block-jetpack-layout-grid__padding-none\">\n<figure class=\"wp-block-image size-medium\"><a href=\"https:\/\/www.adoptionefa.org\/boutique\/a-corps-et-a-cris-1993\/\"><img loading=\"lazy\" decoding=\"async\" width=\"407\" height=\"518\" src=\"https:\/\/efa51.files.wordpress.com\/2020\/08\/corps.jpg?w=236\" alt=\"\" class=\"wp-image-482\" srcset=\"https:\/\/efa51.org\/wp-content\/uploads\/2020\/08\/corps.jpg 407w, https:\/\/efa51.org\/wp-content\/uploads\/2020\/08\/corps-236x300.jpg 236w\" sizes=\"auto, (max-width: 407px) 100vw, 407px\" \/><\/a><\/figure>\n<\/div>\n\n\n\n<div class=\"wp-block-jetpack-layout-grid-column wp-block-jetpack-layout-grid__padding-none\">\n<figure class=\"wp-block-image size-medium\"><a href=\"https:\/\/www.adoptionefa.org\/boutique\/aider-leleve-en-souffrance-strategies-pratiques-pour-aider-les-enfants-qui-ont-des-difficultes-dattachement-2012\/\"><img loading=\"lazy\" decoding=\"async\" width=\"407\" height=\"523\" src=\"https:\/\/efa51.files.wordpress.com\/2020\/08\/soufrance.jpg?w=233\" alt=\"\" class=\"wp-image-484\" srcset=\"https:\/\/efa51.org\/wp-content\/uploads\/2020\/08\/soufrance.jpg 407w, https:\/\/efa51.org\/wp-content\/uploads\/2020\/08\/soufrance-233x300.jpg 233w\" sizes=\"auto, (max-width: 407px) 100vw, 407px\" \/><\/a><\/figure>\n\n\n\n<p><\/p>\n<\/div>\n\n\n\n<div class=\"wp-block-jetpack-layout-grid-column wp-block-jetpack-layout-grid__padding-none\">\n<figure class=\"wp-block-image size-medium\"><a href=\"https:\/\/www.adoptionefa.org\/boutique\/lenfant-et-la-souffrance-de-la-separation-1997\/\"><img loading=\"lazy\" decoding=\"async\" width=\"407\" height=\"557\" src=\"https:\/\/efa51.files.wordpress.com\/2020\/08\/berger.jpg?w=219\" alt=\"\" class=\"wp-image-485\" srcset=\"https:\/\/efa51.org\/wp-content\/uploads\/2020\/08\/berger.jpg 407w, https:\/\/efa51.org\/wp-content\/uploads\/2020\/08\/berger-219x300.jpg 219w\" sizes=\"auto, (max-width: 407px) 100vw, 407px\" \/><\/a><\/figure>\n\n\n\n<p><\/p>\n<\/div>\n<\/div>\n\n\n\n<div class=\"wp-block-jetpack-layout-grid alignfull column1-desktop-grid__span-4 column1-desktop-grid__row-1 column2-desktop-grid__span-4 column2-desktop-grid__start-5 column2-desktop-grid__row-1 column3-desktop-grid__span-4 column3-desktop-grid__start-9 column3-desktop-grid__row-1 column1-tablet-grid__span-4 column1-tablet-grid__row-1 column2-tablet-grid__span-4 column2-tablet-grid__start-5 column2-tablet-grid__row-1 column3-tablet-grid__span-8 column3-tablet-grid__row-2 column1-mobile-grid__span-4 column1-mobile-grid__row-1 column2-mobile-grid__span-4 column2-mobile-grid__row-2 column3-mobile-grid__span-4 column3-mobile-grid__row-3 wp-block-jetpack-layout-gutter__nowrap\">\n<div class=\"wp-block-jetpack-layout-grid-column wp-block-jetpack-layout-grid__padding-none\">\n<figure class=\"wp-block-image size-medium\"><a href=\"https:\/\/www.adoptionefa.org\/boutique\/enfant-qui-a-mal-enfant-qui-fait-mal-nourrissons-petits-enfants-conseils-pour-les-parents-adoptifs-et-les-parents-daccueil-2007\/\"><img loading=\"lazy\" decoding=\"async\" width=\"407\" height=\"515\" src=\"https:\/\/efa51.files.wordpress.com\/2020\/08\/enfants_mal.jpg?w=237\" alt=\"\" class=\"wp-image-487\" srcset=\"https:\/\/efa51.org\/wp-content\/uploads\/2020\/08\/enfants_mal.jpg 407w, https:\/\/efa51.org\/wp-content\/uploads\/2020\/08\/enfants_mal-237x300.jpg 237w\" sizes=\"auto, (max-width: 407px) 100vw, 407px\" \/><\/a><\/figure>\n<\/div>\n\n\n\n<div class=\"wp-block-jetpack-layout-grid-column wp-block-jetpack-layout-grid__padding-none\">\n<figure class=\"wp-block-image size-medium\"><a href=\"https:\/\/www.adoptionefa.org\/boutique\/enfant-qui-a-mal-enfant-qui-fait-mal-grands-enfants-adolescents-conseils-pour-les-parents-adoptifs-et-les-parents-daccueil-2007\/\"><img loading=\"lazy\" decoding=\"async\" width=\"407\" height=\"561\" src=\"https:\/\/efa51.files.wordpress.com\/2020\/08\/qui_fait_aml.jpg?w=218\" alt=\"\" class=\"wp-image-488\" srcset=\"https:\/\/efa51.org\/wp-content\/uploads\/2020\/08\/qui_fait_aml.jpg 407w, https:\/\/efa51.org\/wp-content\/uploads\/2020\/08\/qui_fait_aml-218x300.jpg 218w\" sizes=\"auto, (max-width: 407px) 100vw, 407px\" \/><\/a><\/figure>\n\n\n\n<p><\/p>\n<\/div>\n\n\n\n<div class=\"wp-block-jetpack-layout-grid-column wp-block-jetpack-layout-grid__padding-none\">\n<figure class=\"wp-block-image size-medium\"><a href=\"https:\/\/www.adoptionefa.org\/boutique\/on-ne-choisit-pas-ses-parents-comment-penser-ladoption-et-la-filiation-2003\/\"><img loading=\"lazy\" decoding=\"async\" width=\"407\" height=\"512\" src=\"https:\/\/efa51.files.wordpress.com\/2020\/08\/chois.jpg?w=238\" alt=\"\" class=\"wp-image-490\" srcset=\"https:\/\/efa51.org\/wp-content\/uploads\/2020\/08\/chois.jpg 407w, https:\/\/efa51.org\/wp-content\/uploads\/2020\/08\/chois-238x300.jpg 238w\" sizes=\"auto, (max-width: 407px) 100vw, 407px\" \/><\/a><\/figure>\n\n\n\n<p><\/p>\n<\/div>\n<\/div>\n\n\n\n<div class=\"wp-block-jetpack-layout-grid alignfull column1-desktop-grid__span-4 column1-desktop-grid__row-1 column2-desktop-grid__span-4 column2-desktop-grid__start-5 column2-desktop-grid__row-1 column3-desktop-grid__span-4 column3-desktop-grid__start-9 column3-desktop-grid__row-1 column1-tablet-grid__span-4 column1-tablet-grid__row-1 column2-tablet-grid__span-4 column2-tablet-grid__start-5 column2-tablet-grid__row-1 column3-tablet-grid__span-8 column3-tablet-grid__row-2 column1-mobile-grid__span-4 column1-mobile-grid__row-1 column2-mobile-grid__span-4 column2-mobile-grid__row-2 column3-mobile-grid__span-4 column3-mobile-grid__row-3 wp-block-jetpack-layout-gutter__nowrap\">\n<div class=\"wp-block-jetpack-layout-grid-column wp-block-jetpack-layout-grid__padding-none\">\n<figure class=\"wp-block-image size-medium\"><a href=\"https:\/\/www.adoptionefa.org\/boutique\/eloge-du-secret-2006\/\"><img loading=\"lazy\" decoding=\"async\" width=\"407\" height=\"573\" src=\"https:\/\/efa51.files.wordpress.com\/2020\/08\/secret.jpg?w=213\" alt=\"\" class=\"wp-image-491\" srcset=\"https:\/\/efa51.org\/wp-content\/uploads\/2020\/08\/secret.jpg 407w, https:\/\/efa51.org\/wp-content\/uploads\/2020\/08\/secret-213x300.jpg 213w\" sizes=\"auto, (max-width: 407px) 100vw, 407px\" \/><\/a><\/figure>\n<\/div>\n\n\n\n<div class=\"wp-block-jetpack-layout-grid-column wp-block-jetpack-layout-grid__padding-none\">\n<figure class=\"wp-block-image size-medium\"><a href=\"https:\/\/www.adoptionefa.org\/boutique\/acceder-a-ses-origines-personnelles-2007\/\"><img loading=\"lazy\" decoding=\"async\" width=\"407\" height=\"512\" src=\"https:\/\/efa51.files.wordpress.com\/2020\/08\/origines.jpg?w=238\" alt=\"\" class=\"wp-image-493\" srcset=\"https:\/\/efa51.org\/wp-content\/uploads\/2020\/08\/origines.jpg 407w, https:\/\/efa51.org\/wp-content\/uploads\/2020\/08\/origines-238x300.jpg 238w\" sizes=\"auto, (max-width: 407px) 100vw, 407px\" \/><\/a><\/figure>\n\n\n\n<p><\/p>\n<\/div>\n\n\n\n<div class=\"wp-block-jetpack-layout-grid-column wp-block-jetpack-layout-grid__padding-none\">\n<figure class=\"wp-block-image size-medium\"><a href=\"https:\/\/www.adoptionefa.org\/boutique\/les-retrouvailles-en-adoption-une-quete-de-soi-2014\/\"><img loading=\"lazy\" decoding=\"async\" width=\"407\" height=\"545\" src=\"https:\/\/efa51.files.wordpress.com\/2020\/08\/retrouvailles.jpg?w=224\" alt=\"\" class=\"wp-image-494\" srcset=\"https:\/\/efa51.org\/wp-content\/uploads\/2020\/08\/retrouvailles.jpg 407w, https:\/\/efa51.org\/wp-content\/uploads\/2020\/08\/retrouvailles-224x300.jpg 224w\" sizes=\"auto, (max-width: 407px) 100vw, 407px\" \/><\/a><\/figure>\n\n\n\n<p><\/p>\n<\/div>\n<\/div>\n\n\n\n<div class=\"wp-block-jetpack-layout-grid alignfull column1-desktop-grid__span-4 column1-desktop-grid__row-1 column2-desktop-grid__span-4 column2-desktop-grid__start-5 column2-desktop-grid__row-1 column3-desktop-grid__span-4 column3-desktop-grid__start-9 column3-desktop-grid__row-1 column1-tablet-grid__span-4 column1-tablet-grid__row-1 column2-tablet-grid__span-4 column2-tablet-grid__start-5 column2-tablet-grid__row-1 column3-tablet-grid__span-8 column3-tablet-grid__row-2 column1-mobile-grid__span-4 column1-mobile-grid__row-1 column2-mobile-grid__span-4 column2-mobile-grid__row-2 column3-mobile-grid__span-4 column3-mobile-grid__row-3 wp-block-jetpack-layout-gutter__nowrap\">\n<div class=\"wp-block-jetpack-layout-grid-column wp-block-jetpack-layout-grid__padding-none\">\n<figure class=\"wp-block-image size-medium\"><a href=\"https:\/\/www.adoptionefa.org\/boutique\/de-lune-a-lautre-1997\/\"><img loading=\"lazy\" decoding=\"async\" width=\"407\" height=\"512\" src=\"https:\/\/efa51.files.wordpress.com\/2020\/08\/une_autre.jpg?w=238\" alt=\"\" class=\"wp-image-499\" srcset=\"https:\/\/efa51.org\/wp-content\/uploads\/2020\/08\/une_autre.jpg 407w, https:\/\/efa51.org\/wp-content\/uploads\/2020\/08\/une_autre-238x300.jpg 238w\" sizes=\"auto, (max-width: 407px) 100vw, 407px\" \/><\/a><\/figure>\n<\/div>\n\n\n\n<div class=\"wp-block-jetpack-layout-grid-column wp-block-jetpack-layout-grid__padding-none\">\n<figure class=\"wp-block-image size-medium\"><a href=\"https:\/\/www.adoptionefa.org\/boutique\/de-loubli-a-la-memoire-un-autre-regard-sur-labandon-2004\/\"><img loading=\"lazy\" decoding=\"async\" width=\"407\" height=\"520\" src=\"https:\/\/efa51.files.wordpress.com\/2020\/08\/oubli.jpg?w=235\" alt=\"\" class=\"wp-image-501\" srcset=\"https:\/\/efa51.org\/wp-content\/uploads\/2020\/08\/oubli.jpg 407w, https:\/\/efa51.org\/wp-content\/uploads\/2020\/08\/oubli-235x300.jpg 235w\" sizes=\"auto, (max-width: 407px) 100vw, 407px\" \/><\/a><\/figure>\n\n\n\n<p><\/p>\n<\/div>\n\n\n\n<div class=\"wp-block-jetpack-layout-grid-column wp-block-jetpack-layout-grid__padding-none\">\n<figure class=\"wp-block-image size-medium\"><a href=\"https:\/\/www.adoptionefa.org\/boutique\/des-maternites-impansables-accompagnement-des-parentalites-blessees-2001\/\"><img loading=\"lazy\" decoding=\"async\" width=\"407\" height=\"512\" src=\"https:\/\/efa51.files.wordpress.com\/2020\/08\/impansables.jpg?w=238\" alt=\"\" class=\"wp-image-502\" srcset=\"https:\/\/efa51.org\/wp-content\/uploads\/2020\/08\/impansables.jpg 407w, https:\/\/efa51.org\/wp-content\/uploads\/2020\/08\/impansables-238x300.jpg 238w\" sizes=\"auto, (max-width: 407px) 100vw, 407px\" \/><\/a><\/figure>\n\n\n\n<p><\/p>\n<\/div>\n<\/div>\n\n\n\n<div class=\"wp-block-jetpack-layout-grid alignfull column1-desktop-grid__span-4 column1-desktop-grid__row-1 column2-desktop-grid__span-4 column2-desktop-grid__start-5 column2-desktop-grid__row-1 column3-desktop-grid__span-4 column3-desktop-grid__start-9 column3-desktop-grid__row-1 column1-tablet-grid__span-4 column1-tablet-grid__row-1 column2-tablet-grid__span-4 column2-tablet-grid__start-5 column2-tablet-grid__row-1 column3-tablet-grid__span-8 column3-tablet-grid__row-2 column1-mobile-grid__span-4 column1-mobile-grid__row-1 column2-mobile-grid__span-4 column2-mobile-grid__row-2 column3-mobile-grid__span-4 column3-mobile-grid__row-3 wp-block-jetpack-layout-gutter__nowrap\">\n<div class=\"wp-block-jetpack-layout-grid-column wp-block-jetpack-layout-grid__padding-none\">\n<figure class=\"wp-block-image size-medium\"><a href=\"https:\/\/www.adoptionefa.org\/boutique\/les-enfants-du-secret-2008\/\"><img loading=\"lazy\" decoding=\"async\" width=\"407\" height=\"512\" src=\"https:\/\/efa51.files.wordpress.com\/2020\/08\/secret_2.jpg?w=238\" alt=\"\" class=\"wp-image-505\" srcset=\"https:\/\/efa51.org\/wp-content\/uploads\/2020\/08\/secret_2.jpg 407w, https:\/\/efa51.org\/wp-content\/uploads\/2020\/08\/secret_2-238x300.jpg 238w\" sizes=\"auto, (max-width: 407px) 100vw, 407px\" \/><\/a><\/figure>\n<\/div>\n\n\n\n<div class=\"wp-block-jetpack-layout-grid-column wp-block-jetpack-layout-grid__padding-none\">\n<figure class=\"wp-block-image size-medium\"><a href=\"https:\/\/www.adoptionefa.org\/boutique\/enjeux-de-ladoption-tardive-nouveaux-fondements-de-la-clinique-2004\/\"><img loading=\"lazy\" decoding=\"async\" width=\"407\" height=\"557\" src=\"https:\/\/efa51.files.wordpress.com\/2020\/08\/enjeux-1.jpg?w=219\" alt=\"\" class=\"wp-image-509\" srcset=\"https:\/\/efa51.org\/wp-content\/uploads\/2020\/08\/enjeux-1.jpg 407w, https:\/\/efa51.org\/wp-content\/uploads\/2020\/08\/enjeux-1-219x300.jpg 219w\" sizes=\"auto, (max-width: 407px) 100vw, 407px\" \/><\/a><\/figure>\n\n\n\n<p><\/p>\n<\/div>\n\n\n\n<div class=\"wp-block-jetpack-layout-grid-column wp-block-jetpack-layout-grid__padding-none\">\n<figure class=\"wp-block-image size-medium\"><a href=\"https:\/\/www.adoptionefa.org\/boutique\/enfants-delaisses-adoptions-tardives-en-france-et-en-europe-2001\/\"><img loading=\"lazy\" decoding=\"async\" width=\"407\" height=\"598\" src=\"https:\/\/efa51.files.wordpress.com\/2020\/08\/tardives.jpg?w=204\" alt=\"\" class=\"wp-image-510\" srcset=\"https:\/\/efa51.org\/wp-content\/uploads\/2020\/08\/tardives.jpg 407w, https:\/\/efa51.org\/wp-content\/uploads\/2020\/08\/tardives-204x300.jpg 204w\" sizes=\"auto, (max-width: 407px) 100vw, 407px\" \/><\/a><\/figure>\n\n\n\n<p><\/p>\n<\/div>\n<\/div>\n\n\n\n<div class=\"wp-block-jetpack-layout-grid alignfull column1-desktop-grid__span-4 column1-desktop-grid__row-1 column2-desktop-grid__span-4 column2-desktop-grid__start-5 column2-desktop-grid__row-1 column3-desktop-grid__span-4 column3-desktop-grid__start-9 column3-desktop-grid__row-1 column1-tablet-grid__span-4 column1-tablet-grid__row-1 column2-tablet-grid__span-4 column2-tablet-grid__start-5 column2-tablet-grid__row-1 column3-tablet-grid__span-8 column3-tablet-grid__row-2 column1-mobile-grid__span-4 column1-mobile-grid__row-1 column2-mobile-grid__span-4 column2-mobile-grid__row-2 column3-mobile-grid__span-4 column3-mobile-grid__row-3 wp-block-jetpack-layout-gutter__nowrap\">\n<div class=\"wp-block-jetpack-layout-grid-column wp-block-jetpack-layout-grid__padding-none\">\n<figure class=\"wp-block-image size-medium\"><a href=\"https:\/\/www.adoptionefa.org\/boutique\/labandon-des-enfants-trisomiques-21-de-lannonce-a-laccueil-1996\/\"><img loading=\"lazy\" decoding=\"async\" width=\"407\" height=\"556\" src=\"https:\/\/efa51.files.wordpress.com\/2020\/08\/21.jpg?w=220\" alt=\"\" class=\"wp-image-512\" srcset=\"https:\/\/efa51.org\/wp-content\/uploads\/2020\/08\/21.jpg 407w, https:\/\/efa51.org\/wp-content\/uploads\/2020\/08\/21-220x300.jpg 220w\" sizes=\"auto, (max-width: 407px) 100vw, 407px\" \/><\/a><\/figure>\n<\/div>\n\n\n\n<div class=\"wp-block-jetpack-layout-grid-column wp-block-jetpack-layout-grid__padding-none\">\n<figure class=\"wp-block-image size-medium\"><a href=\"https:\/\/www.adoptionefa.org\/boutique\/collectif-troubles-causes-par-lalcoolisation-foetale-guide-pour-les-parents-et-les-aidants-2016\/\"><img loading=\"lazy\" decoding=\"async\" width=\"401\" height=\"512\" src=\"https:\/\/efa51.files.wordpress.com\/2020\/08\/tcaf_guide.jpg?w=235\" alt=\"\" class=\"wp-image-513\" srcset=\"https:\/\/efa51.org\/wp-content\/uploads\/2020\/08\/tcaf_guide.jpg 401w, https:\/\/efa51.org\/wp-content\/uploads\/2020\/08\/tcaf_guide-235x300.jpg 235w\" sizes=\"auto, (max-width: 401px) 100vw, 401px\" \/><\/a><\/figure>\n\n\n\n<p><\/p>\n<\/div>\n\n\n\n<div class=\"wp-block-jetpack-layout-grid-column wp-block-jetpack-layout-grid__padding-none\">\n<figure class=\"wp-block-image size-medium\"><a href=\"https:\/\/www.adoptionefa.org\/boutique\/lenfant-adopte-dans-le-monde-en-quinze-chapitres-et-demi\/\"><img loading=\"lazy\" decoding=\"async\" width=\"401\" height=\"512\" src=\"https:\/\/efa51.files.wordpress.com\/2020\/08\/noimg.jpg?w=235\" alt=\"\" class=\"wp-image-515\" srcset=\"https:\/\/efa51.org\/wp-content\/uploads\/2020\/08\/noimg.jpg 401w, https:\/\/efa51.org\/wp-content\/uploads\/2020\/08\/noimg-235x300.jpg 235w\" sizes=\"auto, (max-width: 401px) 100vw, 401px\" \/><\/a><figcaption><strong>L\u2019enfant adopt\u00e9 dans le monde<\/strong>, CHICOINE Jean-Fran\u00e7ois, GERMAIN Patricia, LEMIEUX Johanne, L\u2019enfant adopt\u00e9 dans le monde, Editions L\u2019H\u00f4pital Sainte-Justine, 2003<\/figcaption><\/figure>\n\n\n\n<p><\/p>\n<\/div>\n<\/div>\n\n\n\n<div class=\"wp-block-jetpack-layout-grid alignfull column1-desktop-grid__span-4 column1-desktop-grid__row-1 column2-desktop-grid__span-4 column2-desktop-grid__start-5 column2-desktop-grid__row-1 column3-desktop-grid__span-4 column3-desktop-grid__start-9 column3-desktop-grid__row-1 column1-tablet-grid__span-4 column1-tablet-grid__row-1 column2-tablet-grid__span-4 column2-tablet-grid__start-5 column2-tablet-grid__row-1 column3-tablet-grid__span-8 column3-tablet-grid__row-2 column1-mobile-grid__span-4 column1-mobile-grid__row-1 column2-mobile-grid__span-4 column2-mobile-grid__row-2 column3-mobile-grid__span-4 column3-mobile-grid__row-3 wp-block-jetpack-layout-gutter__nowrap\">\n<div class=\"wp-block-jetpack-layout-grid-column wp-block-jetpack-layout-grid__padding-none\">\n<figure class=\"wp-block-image size-medium\"><a href=\"https:\/\/www.adoptionefa.org\/boutique\/droit-de-la-famille-2016-2017\/\"><img loading=\"lazy\" decoding=\"async\" width=\"407\" height=\"598\" src=\"https:\/\/efa51.files.wordpress.com\/2020\/08\/droit.jpg?w=204\" alt=\"\" class=\"wp-image-516\" srcset=\"https:\/\/efa51.org\/wp-content\/uploads\/2020\/08\/droit.jpg 407w, https:\/\/efa51.org\/wp-content\/uploads\/2020\/08\/droit-204x300.jpg 204w\" sizes=\"auto, (max-width: 407px) 100vw, 407px\" \/><\/a><\/figure>\n<\/div>\n\n\n\n<div class=\"wp-block-jetpack-layout-grid-column wp-block-jetpack-layout-grid__padding-none\">\n<figure class=\"wp-block-image size-medium\"><a href=\"https:\/\/www.adoptionefa.org\/boutique\/ladoption-guide-pratique-2014\/\"><img loading=\"lazy\" decoding=\"async\" width=\"407\" height=\"514\" src=\"https:\/\/efa51.files.wordpress.com\/2020\/08\/guide2.jpg?w=238\" alt=\"\" class=\"wp-image-518\" srcset=\"https:\/\/efa51.org\/wp-content\/uploads\/2020\/08\/guide2.jpg 407w, https:\/\/efa51.org\/wp-content\/uploads\/2020\/08\/guide2-238x300.jpg 238w\" sizes=\"auto, (max-width: 407px) 100vw, 407px\" \/><\/a><\/figure>\n\n\n\n<p><\/p>\n<\/div>\n\n\n\n<div class=\"wp-block-jetpack-layout-grid-column wp-block-jetpack-layout-grid__padding-none\">\n<figure class=\"wp-block-image size-medium\"><a href=\"https:\/\/www.adoptionefa.org\/boutique\/ladoption-en-150-questions-reponses-2013\/\"><img loading=\"lazy\" decoding=\"async\" width=\"407\" height=\"511\" src=\"https:\/\/efa51.files.wordpress.com\/2020\/08\/questions.jpg?w=239\" alt=\"\" class=\"wp-image-519\" srcset=\"https:\/\/efa51.org\/wp-content\/uploads\/2020\/08\/questions.jpg 407w, https:\/\/efa51.org\/wp-content\/uploads\/2020\/08\/questions-239x300.jpg 239w\" sizes=\"auto, (max-width: 407px) 100vw, 407px\" \/><\/a><figcaption><strong>L\u2019enfant adopt\u00e9 dans le monde<\/strong>, CHICOINE Jean-Fran\u00e7ois, GERMAIN Patricia, LEMIEUX Johanne, L\u2019enfant adopt\u00e9 dans le monde, Editions L\u2019H\u00f4pital Sainte-Justine, 2003<\/figcaption><\/figure>\n\n\n\n<p><\/p>\n<\/div>\n<\/div>\n\n\n\n<div class=\"wp-block-jetpack-layout-grid alignfull column1-desktop-grid__span-4 column1-desktop-grid__row-1 column2-desktop-grid__span-4 column2-desktop-grid__start-5 column2-desktop-grid__row-1 column3-desktop-grid__span-4 column3-desktop-grid__start-9 column3-desktop-grid__row-1 column1-tablet-grid__span-4 column1-tablet-grid__row-1 column2-tablet-grid__span-4 column2-tablet-grid__start-5 column2-tablet-grid__row-1 column3-tablet-grid__span-8 column3-tablet-grid__row-2 column1-mobile-grid__span-4 column1-mobile-grid__row-1 column2-mobile-grid__span-4 column2-mobile-grid__row-2 column3-mobile-grid__span-4 column3-mobile-grid__row-3 wp-block-jetpack-layout-gutter__nowrap\">\n<div class=\"wp-block-jetpack-layout-grid-column wp-block-jetpack-layout-grid__padding-none\">\n<figure class=\"wp-block-image size-medium\"><a href=\"https:\/\/www.adoptionefa.org\/boutique\/ladoption-du-projet-a-lenfant-2013\/\"><img loading=\"lazy\" decoding=\"async\" width=\"407\" height=\"535\" src=\"https:\/\/efa51.files.wordpress.com\/2020\/08\/enfant.jpg?w=228\" alt=\"\" class=\"wp-image-521\" srcset=\"https:\/\/efa51.org\/wp-content\/uploads\/2020\/08\/enfant.jpg 407w, https:\/\/efa51.org\/wp-content\/uploads\/2020\/08\/enfant-228x300.jpg 228w\" sizes=\"auto, (max-width: 407px) 100vw, 407px\" \/><\/a><\/figure>\n<\/div>\n\n\n\n<div class=\"wp-block-jetpack-layout-grid-column wp-block-jetpack-layout-grid__padding-none\">\n<figure class=\"wp-block-image size-medium\"><a href=\"https:\/\/www.adoptionefa.org\/boutique\/le-guide-de-ladoption-edition-2007-2008\/\"><img loading=\"lazy\" decoding=\"async\" width=\"407\" height=\"512\" src=\"https:\/\/efa51.files.wordpress.com\/2020\/08\/choulot.jpg?w=238\" alt=\"\" class=\"wp-image-522\" srcset=\"https:\/\/efa51.org\/wp-content\/uploads\/2020\/08\/choulot.jpg 407w, https:\/\/efa51.org\/wp-content\/uploads\/2020\/08\/choulot-238x300.jpg 238w\" sizes=\"auto, (max-width: 407px) 100vw, 407px\" \/><\/a><\/figure>\n\n\n\n<p><\/p>\n<\/div>\n\n\n\n<div class=\"wp-block-jetpack-layout-grid-column wp-block-jetpack-layout-grid__padding-none\">\n<figure class=\"wp-block-image size-medium\"><a href=\"https:\/\/www.adoptionefa.org\/boutique\/lenfant-adopte-dans-le-monde-2003\/\"><img loading=\"lazy\" decoding=\"async\" width=\"407\" height=\"520\" src=\"https:\/\/efa51.files.wordpress.com\/2020\/08\/monde.jpg?w=235\" alt=\"\" class=\"wp-image-523\" srcset=\"https:\/\/efa51.org\/wp-content\/uploads\/2020\/08\/monde.jpg 407w, https:\/\/efa51.org\/wp-content\/uploads\/2020\/08\/monde-235x300.jpg 235w\" sizes=\"auto, (max-width: 407px) 100vw, 407px\" \/><\/a><figcaption><strong>L\u2019enfant adopt\u00e9 dans le monde<\/strong>, CHICOINE Jean-Fran\u00e7ois, GERMAIN Patricia, LEMIEUX Johanne, L\u2019enfant adopt\u00e9 dans le monde, Editions L\u2019H\u00f4pital Sainte-Justine, 2003<\/figcaption><\/figure>\n\n\n\n<p><\/p>\n<\/div>\n<\/div>\n\n\n\n<div class=\"wp-block-jetpack-layout-grid alignfull column1-desktop-grid__span-4 column1-desktop-grid__row-1 column2-desktop-grid__span-4 column2-desktop-grid__start-5 column2-desktop-grid__row-1 column3-desktop-grid__span-4 column3-desktop-grid__start-9 column3-desktop-grid__row-1 column1-tablet-grid__span-4 column1-tablet-grid__row-1 column2-tablet-grid__span-4 column2-tablet-grid__start-5 column2-tablet-grid__row-1 column3-tablet-grid__span-8 column3-tablet-grid__row-2 column1-mobile-grid__span-4 column1-mobile-grid__row-1 column2-mobile-grid__span-4 column2-mobile-grid__row-2 column3-mobile-grid__span-4 column3-mobile-grid__row-3 wp-block-jetpack-layout-gutter__nowrap\">\n<div class=\"wp-block-jetpack-layout-grid-column wp-block-jetpack-layout-grid__padding-none\">\n<figure class=\"wp-block-image size-medium\"><a href=\"https:\/\/www.adoptionefa.org\/boutique\/le-guide-marabout-de-ladoption\/\"><img loading=\"lazy\" decoding=\"async\" width=\"401\" height=\"512\" src=\"https:\/\/efa51.files.wordpress.com\/2020\/08\/couv_marabout.jpg?w=235\" alt=\"\" class=\"wp-image-525\" srcset=\"https:\/\/efa51.org\/wp-content\/uploads\/2020\/08\/couv_marabout.jpg 401w, https:\/\/efa51.org\/wp-content\/uploads\/2020\/08\/couv_marabout-235x300.jpg 235w\" sizes=\"auto, (max-width: 401px) 100vw, 401px\" \/><\/a><\/figure>\n<\/div>\n\n\n\n<div class=\"wp-block-jetpack-layout-grid-column wp-block-jetpack-layout-grid__padding-none\">\n<p><\/p>\n<\/div>\n\n\n\n<div class=\"wp-block-jetpack-layout-grid-column wp-block-jetpack-layout-grid__padding-none\">\n<p><\/p>\n<\/div>\n<\/div>\n\n\n\n<p><\/p>\n","protected":false},"excerpt":{"rendered":"<p>Les livres \u00e9dit\u00e9s par la f\u00e9d\u00e9ration Enfance et Familles d&rsquo;Adoption Les livres t\u00e9moignages documentaires ou romanc\u00e9s Les bandes dessin\u00e9es Les essais<\/p>\n","protected":false},"author":1,"featured_media":0,"parent":0,"menu_order":0,"comment_status":"closed","ping_status":"closed","template":"","meta":{"footnotes":""},"class_list":["post-264","page","type-page","status-publish","hentry"],"_links":{"self":[{"href":"https:\/\/efa51.org\/index.php\/wp-json\/wp\/v2\/pages\/264","targetHints":{"allow":["GET"]}}],"collection":[{"href":"https:\/\/efa51.org\/index.php\/wp-json\/wp\/v2\/pages"}],"about":[{"href":"https:\/\/efa51.org\/index.php\/wp-json\/wp\/v2\/types\/page"}],"author":[{"embeddable":true,"href":"https:\/\/efa51.org\/index.php\/wp-json\/wp\/v2\/users\/1"}],"replies":[{"embeddable":true,"href":"https:\/\/efa51.org\/index.php\/wp-json\/wp\/v2\/comments?post=264"}],"version-history":[{"count":0,"href":"https:\/\/efa51.org\/index.php\/wp-json\/wp\/v2\/pages\/264\/revisions"}],"wp:attachment":[{"href":"https:\/\/efa51.org\/index.php\/wp-json\/wp\/v2\/media?parent=264"}],"curies":[{"name":"wp","href":"https:\/\/api.w.org\/{rel}","templated":true}]}}